
{"id":19,"date":"2023-10-02T01:52:15","date_gmt":"2023-10-02T01:52:15","guid":{"rendered":"https:\/\/themeholy.com\/wordpress\/poolax\/?page_id=19"},"modified":"2024-02-02T05:37:58","modified_gmt":"2024-02-02T05:37:58","slug":"home-03","status":"publish","type":"page","link":"https:\/\/tuscasasdemadera.com\/","title":{"rendered":"Casas de Madera- Casas Prefabricadas de madera"},"content":{"rendered":"\t\t<div data-elementor-type=\"wp-page\" data-elementor-id=\"19\" class=\"elementor elementor-19\">\n\t\t\t\t\t\t\t<div class=\"elementor-element elementor-element-68b1587 e-con-full e-flex e-con e-parent\" data-id=\"68b1587\" data-element_type=\"container\" data-settings=\"{&quot;content_width&quot;:&quot;full&quot;}\" data-core-v316-plus=\"true\">\n\t\t\t\t<div class=\"elementor-element elementor-element-2d3a4f6 elementor-widget elementor-widget-poolaxbanner\" data-id=\"2d3a4f6\" data-element_type=\"widget\" data-widget_type=\"poolaxbanner.default\">\n\t\t\t\t<div class=\"elementor-widget-container\">\n\t\t\t<div class=\"th-hero-wrapper hero-1\"><div class=\"hero-slider-1 th-carousel\" id=\"heroSlide1\" data-slide-show=\"1\" data-md-slide-show=\"1\" data-fade=\"true\"><div class=\"th-hero-slide\"><div class=\"th-hero-bg\" data-bg-src=\"https:\/\/instalacionsolarfotovoltaica.es\/wp-content\/uploads\/2024\/01\/adra-large-1.jpg\"><img decoding=\"async\" src=\"https:\/\/themeholy.com\/wordpress\/poolax\/wp-content\/uploads\/2023\/10\/hero_overlay_1_1.png\" alt=\"hero_overlay_1_1\"  \/><\/div><div class=\"container\"><div class=\"hero-style1\"><span class=\"hero-subtitle\" data-ani=\"slideindown\" data-ani-delay=\"0.7s\">Fabricante de Casas de Madera<\/span><h1 class=\"hero-title\" data-ani=\"slideindown\" data-ani-delay=\"0.4s\">Vendemos en todo el territorio Nacional<\/h1><p class=\"hero-text\" data-ani=\"slideinup\" data-ani-delay=\"0.1s\">Fabricamos a medida al mejor precio del mercado, Solicite presupuesto sin compromiso<\/p><div class=\"btn-group\" data-ani=\"slideinup\" data-ani-delay=\"0.5s\"><a href=\"#\" class=\"th-btn th_btn style4\">Ver Cat\u00e1logo<\/a><a href=\"#\" class=\"th-btn th_btn2 th-border\">Ven a Vernos<\/a><\/div><\/div><\/div><\/div><div class=\"th-hero-slide\"><div class=\"th-hero-bg\" data-bg-src=\"https:\/\/tuscasasdemadera.com\/wp-content\/uploads\/2024\/01\/castellon-large-1.jpg\"><img decoding=\"async\" src=\"https:\/\/themeholy.com\/wordpress\/poolax\/wp-content\/uploads\/2023\/10\/hero_overlay_1_1.png\" alt=\"hero_overlay_1_1\"  \/><\/div><div class=\"container\"><div class=\"hero-style1\"><span class=\"hero-subtitle\" data-ani=\"slideindown\" data-ani-delay=\"0.7s\">Fabricante de Casas de Madera<\/span><h1 class=\"hero-title\" data-ani=\"slideindown\" data-ani-delay=\"0.4s\">Fabricamos a medida al mejor precio del mercado<\/h1><p class=\"hero-text\" data-ani=\"slideinup\" data-ani-delay=\"0.1s\">Fabricamos a medida al mejor precio del mercado, Solicite presupuesto sin compromiso<\/p><div class=\"btn-group\" data-ani=\"slideinup\" data-ani-delay=\"0.5s\"><a href=\"#\" class=\"th-btn th_btn style4\">Ver Cat\u00e1logo<\/a><a href=\"#\" class=\"th-btn th_btn2 th-border\">Ven a Vernos<\/a><\/div><\/div><\/div><\/div><div class=\"th-hero-slide\"><div class=\"th-hero-bg\" data-bg-src=\"https:\/\/tuscasasdemadera.com\/wp-content\/uploads\/2024\/01\/chalet_moderno_madera_grupo_c.jpg\"><img decoding=\"async\" src=\"https:\/\/themeholy.com\/wordpress\/poolax\/wp-content\/uploads\/2023\/10\/hero_overlay_1_1.png\" alt=\"hero_overlay_1_1\"  \/><\/div><div class=\"container\"><div class=\"hero-style1\"><span class=\"hero-subtitle\" data-ani=\"slideindown\" data-ani-delay=\"0.7s\">Fabricante de Casas de Madera<\/span><h1 class=\"hero-title\" data-ani=\"slideindown\" data-ani-delay=\"0.4s\">Solicite informaci\u00f3n en el tel\u00e9fono 679890585<\/h1><p class=\"hero-text\" data-ani=\"slideinup\" data-ani-delay=\"0.1s\">Fabricamos a medida al mejor precio del mercado, Solicite presupuesto sin compromiso<\/p><div class=\"btn-group\" data-ani=\"slideinup\" data-ani-delay=\"0.5s\"><a href=\"#\" class=\"th-btn th_btn style4\">Ver Cat\u00e1logo<\/a><a href=\"#\" class=\"th-btn th_btn2 th-border\">Ven a Vernos<\/a><\/div><\/div><\/div><\/div><div class=\"th-hero-slide\"><div class=\"th-hero-bg\" data-bg-src=\"https:\/\/tuscasasdemadera.com\/wp-content\/uploads\/2024\/01\/grupoc_d16806.jpg\"><img decoding=\"async\" src=\"https:\/\/themeholy.com\/wordpress\/poolax\/wp-content\/uploads\/2023\/10\/hero_overlay_1_1.png\" alt=\"hero_overlay_1_1\"  \/><\/div><div class=\"container\"><div class=\"hero-style1\"><span class=\"hero-subtitle\" data-ani=\"slideindown\" data-ani-delay=\"0.7s\">Fabricante de Casas de Madera<\/span><h1 class=\"hero-title\" data-ani=\"slideindown\" data-ani-delay=\"0.4s\">Viviendas prefabricadas modernas y tradicionales<\/h1><p class=\"hero-text\" data-ani=\"slideinup\" data-ani-delay=\"0.1s\">Fabricamos a medida al mejor precio del mercado, Solicite presupuesto sin compromiso<\/p><div class=\"btn-group\" data-ani=\"slideinup\" data-ani-delay=\"0.5s\"><a href=\"#\" class=\"th-btn th_btn style4\">Ver Cat\u00e1logo<\/a><a href=\"#\" class=\"th-btn th_btn2 th-border\">Ven a Vernos<\/a><\/div><\/div><\/div><\/div><div class=\"th-hero-slide\"><div class=\"th-hero-bg\" data-bg-src=\"https:\/\/tuscasasdemadera.com\/wp-content\/uploads\/2024\/01\/Tropical115_010.jpg\"><img decoding=\"async\" src=\"https:\/\/themeholy.com\/wordpress\/poolax\/wp-content\/uploads\/2023\/10\/hero_overlay_1_1.png\" alt=\"hero_overlay_1_1\"  \/><\/div><div class=\"container\"><div class=\"hero-style1\"><span class=\"hero-subtitle\" data-ani=\"slideindown\" data-ani-delay=\"0.7s\">Fabricante de Casas de Madera<\/span><h1 class=\"hero-title\" data-ani=\"slideindown\" data-ani-delay=\"0.4s\">Viviendas de Steel Framing<\/h1><p class=\"hero-text\" data-ani=\"slideinup\" data-ani-delay=\"0.1s\">Fabricamos a medida al mejor precio del mercado, Solicite presupuesto sin compromiso<\/p><div class=\"btn-group\" data-ani=\"slideinup\" data-ani-delay=\"0.5s\"><a href=\"#\" class=\"th-btn th_btn style4\">Ver Cat\u00e1logo<\/a><a href=\"#\" class=\"th-btn th_btn2 th-border\">Ven a Vernos<\/a><\/div><\/div><\/div><\/div><div class=\"th-hero-slide\"><div class=\"th-hero-bg\" data-bg-src=\"https:\/\/instalacionsolarfotovoltaica.es\/wp-content\/uploads\/2024\/01\/aranjuez-large-2-1.jpg\"><img decoding=\"async\" src=\"https:\/\/themeholy.com\/wordpress\/poolax\/wp-content\/uploads\/2023\/10\/hero_overlay_1_1.png\" alt=\"hero_overlay_1_1\"  \/><\/div><div class=\"container\"><div class=\"hero-style1\"><span class=\"hero-subtitle\" data-ani=\"slideindown\" data-ani-delay=\"0.7s\">Fabricante de Casas de Madera<\/span><h1 class=\"hero-title\" data-ani=\"slideindown\" data-ani-delay=\"0.4s\">Nos encargamos de todo<\/h1><p class=\"hero-text\" data-ani=\"slideinup\" data-ani-delay=\"0.1s\">Fabricamos a medida al mejor precio del mercado, Solicite presupuesto sin compromiso<\/p><div class=\"btn-group\" data-ani=\"slideinup\" data-ani-delay=\"0.5s\"><a href=\"#\" class=\"th-btn th_btn style4\">Ver Cat\u00e1logo<\/a><a href=\"#\" class=\"th-btn th_btn2 th-border\">Ven a Vernos<\/a><\/div><\/div><\/div><\/div><div class=\"th-hero-slide\"><div class=\"th-hero-bg\" data-bg-src=\"https:\/\/tuscasasdemadera.com\/wp-content\/uploads\/2024\/01\/5_4.jpg\"><img decoding=\"async\" src=\"https:\/\/themeholy.com\/wordpress\/poolax\/wp-content\/uploads\/2023\/10\/hero_overlay_1_1.png\" alt=\"hero_overlay_1_1\"  \/><\/div><div class=\"container\"><div class=\"hero-style1\"><span class=\"hero-subtitle\" data-ani=\"slideindown\" data-ani-delay=\"0.7s\">Fabricante de Casas de Madera<\/span><h1 class=\"hero-title\" data-ani=\"slideindown\" data-ani-delay=\"0.4s\">Presupuestos personalizados<\/h1><p class=\"hero-text\" data-ani=\"slideinup\" data-ani-delay=\"0.1s\">Fabricamos a medida al mejor precio del mercado, Solicite presupuesto sin compromiso<\/p><div class=\"btn-group\" data-ani=\"slideinup\" data-ani-delay=\"0.5s\"><a href=\"#\" class=\"th-btn th_btn style4\">Ver Cat\u00e1logo<\/a><a href=\"#\" class=\"th-btn th_btn2 th-border\">Ven a Vernos<\/a><\/div><\/div><\/div><\/div><div class=\"th-hero-slide\"><div class=\"th-hero-bg\" data-bg-src=\"https:\/\/tuscasasdemadera.com\/wp-content\/uploads\/2024\/01\/almanzora-large-1.jpg\"><img decoding=\"async\" src=\"https:\/\/themeholy.com\/wordpress\/poolax\/wp-content\/uploads\/2023\/10\/hero_overlay_1_1.png\" alt=\"hero_overlay_1_1\"  \/><\/div><div class=\"container\"><div class=\"hero-style1\"><span class=\"hero-subtitle\" data-ani=\"slideindown\" data-ani-delay=\"0.7s\">Fabricante de Casas de Madera<\/span><h1 class=\"hero-title\" data-ani=\"slideindown\" data-ani-delay=\"0.4s\">Venta de Casas de Madera en Kits<\/h1><p class=\"hero-text\" data-ani=\"slideinup\" data-ani-delay=\"0.1s\">Fabricamos a medida al mejor precio del mercado, Solicite presupuesto sin compromiso<\/p><div class=\"btn-group\" data-ani=\"slideinup\" data-ani-delay=\"0.5s\"><a href=\"#\" class=\"th-btn th_btn style4\">Ver Cat\u00e1logo<\/a><a href=\"#\" class=\"th-btn th_btn2 th-border\">Ven a Vernos<\/a><\/div><\/div><\/div><\/div><div class=\"th-hero-slide\"><div class=\"th-hero-bg\" data-bg-src=\"https:\/\/tuscasasdemadera.com\/wp-content\/uploads\/2024\/01\/bidasoa-large-2.jpg\"><img decoding=\"async\" src=\"https:\/\/themeholy.com\/wordpress\/poolax\/wp-content\/uploads\/2023\/10\/hero_overlay_1_1.png\" alt=\"hero_overlay_1_1\"  \/><\/div><div class=\"container\"><div class=\"hero-style1\"><span class=\"hero-subtitle\" data-ani=\"slideindown\" data-ani-delay=\"0.7s\">Fabricante de Casas de Madera<\/span><h1 class=\"hero-title\" data-ani=\"slideindown\" data-ani-delay=\"0.4s\">Llama ahora al tel\u00e9fono 679890585<\/h1><p class=\"hero-text\" data-ani=\"slideinup\" data-ani-delay=\"0.1s\">Fabricamos a medida al mejor precio del mercado, Solicite presupuesto sin compromiso<\/p><div class=\"btn-group\" data-ani=\"slideinup\" data-ani-delay=\"0.5s\"><a href=\"#\" class=\"th-btn th_btn style4\">Ver Cat\u00e1logo<\/a><a href=\"#\" class=\"th-btn th_btn2 th-border\">Ven a Vernos<\/a><\/div><\/div><\/div><\/div><\/div><div class=\"icon-box\"><button data-slick-prev=\"#heroSlide1\" class=\"slick-arrow default\"><i class=\"fa-regular fa-arrow-right\"><\/i><\/button><button data-slick-next=\"#heroSlide1\" class=\"slick-arrow default\"><i class=\"fa-regular fa-arrow-left\"><\/i><\/button><\/div><\/div>\t\t<\/div>\n\t\t\t\t<\/div>\n\t\t\t\t<\/div>\n\t\t<div class=\"elementor-element elementor-element-b57d973 e-flex e-con-boxed e-con e-parent\" data-id=\"b57d973\" data-element_type=\"container\" data-settings=\"{&quot;content_width&quot;:&quot;boxed&quot;}\" data-core-v316-plus=\"true\">\n\t\t\t\t\t<div class=\"e-con-inner\">\n\t\t\t\t<div class=\"elementor-element elementor-element-ae0f866 elementor-widget elementor-widget-text-editor\" data-id=\"ae0f866\" data-element_type=\"widget\" data-widget_type=\"text-editor.default\">\n\t\t\t\t<div class=\"elementor-widget-container\">\n\t\t\t<style>\/*! elementor - v3.18.0 - 20-12-2023 *\/\n.elementor-widget-text-editor.elementor-drop-cap-view-stacked .elementor-drop-cap{background-color:#69727d;color:#fff}.elementor-widget-text-editor.elementor-drop-cap-view-framed .elementor-drop-cap{color:#69727d;border:3px solid;background-color:transparent}.elementor-widget-text-editor:not(.elementor-drop-cap-view-default) .elementor-drop-cap{margin-top:8px}.elementor-widget-text-editor:not(.elementor-drop-cap-view-default) .elementor-drop-cap-letter{width:1em;height:1em}.elementor-widget-text-editor .elementor-drop-cap{float:left;text-align:center;line-height:1;font-size:50px}.elementor-widget-text-editor .elementor-drop-cap-letter{display:inline-block}<\/style>\t\t\t\t<div class=\"elementor-element elementor-element-3f2e5c7 e-flex e-con-boxed e-con e-parent\" data-id=\"3f2e5c7\" data-element_type=\"container\" data-settings=\"{&quot;content_width&quot;:&quot;boxed&quot;}\" data-core-v316-plus=\"true\"><div class=\"e-con-inner\"><div class=\"elementor-element elementor-element-8094569 e-con-full e-flex e-con e-child\" data-id=\"8094569\" data-element_type=\"container\" data-settings=\"{&quot;content_width&quot;:&quot;full&quot;}\"><div class=\"elementor-element elementor-element-8d1501c elementor-widget elementor-widget-text-editor\" data-id=\"8d1501c\" data-element_type=\"widget\" data-widget_type=\"text-editor.default\"><div class=\"elementor-widget-container\"><h1>Modelo D-46<\/h1><p>Casa de Madera o de Canexel de 46,50 m2, compuesta de sal\u00f3n-comedor con cocina americana de 17,79 m2 de superficie, un dormitorio un ba\u00f1o completo y un gran porche.\u00a0<\/p><h4>Desde 19.995 \u20ac<\/h4><h4>Consulte precio llave en mano<\/h4><\/div><\/div><\/div><div class=\"elementor-element elementor-element-cfea04e e-con-full e-flex e-con e-child\" data-id=\"cfea04e\" data-element_type=\"container\" data-settings=\"{&quot;content_width&quot;:&quot;full&quot;}\"><div class=\"elementor-element elementor-element-d1fa6eb elementor-widget elementor-widget-image\" data-id=\"d1fa6eb\" data-element_type=\"widget\" data-widget_type=\"image.default\"><div class=\"elementor-widget-container\"><img fetchpriority=\"high\" decoding=\"async\" class=\"attachment-large size-large wp-image-3210\" src=\"https:\/\/tuscasasdemadera.com\/wp-content\/uploads\/2024\/01\/d-46.jpg\" sizes=\"(max-width: 400px) 100vw, 400px\" srcset=\"https:\/\/tuscasasdemadera.com\/wp-content\/uploads\/2024\/01\/d-46.jpg 400w, https:\/\/tuscasasdemadera.com\/wp-content\/uploads\/2024\/01\/d-46-300x167.jpg 300w\" alt=\"\" width=\"400\" height=\"223\" \/><\/div><\/div><\/div><\/div><\/div><div class=\"elementor-element elementor-element-36c8338 e-flex e-con-boxed e-con e-parent\" data-id=\"36c8338\" data-element_type=\"container\" data-settings=\"{&quot;content_width&quot;:&quot;boxed&quot;}\" data-core-v316-plus=\"true\"><div class=\"e-con-inner\"><div class=\"elementor-element elementor-element-083b2c5 e-con-full e-flex e-con e-child\" data-id=\"083b2c5\" data-element_type=\"container\" data-settings=\"{&quot;content_width&quot;:&quot;full&quot;}\"><div class=\"elementor-element elementor-element-42a08f4 elementor-widget elementor-widget-image\" data-id=\"42a08f4\" data-element_type=\"widget\" data-widget_type=\"image.default\"><div class=\"elementor-widget-container\"><img decoding=\"async\" class=\"attachment-large size-large wp-image-3214\" src=\"https:\/\/tuscasasdemadera.com\/wp-content\/uploads\/2024\/01\/modelo-d-45.jpg\" sizes=\"(max-width: 400px) 100vw, 400px\" srcset=\"https:\/\/tuscasasdemadera.com\/wp-content\/uploads\/2024\/01\/modelo-d-45.jpg 400w, https:\/\/tuscasasdemadera.com\/wp-content\/uploads\/2024\/01\/modelo-d-45-300x167.jpg 300w\" alt=\"\" width=\"400\" height=\"223\" \/><\/div><\/div><\/div><div class=\"elementor-element elementor-element-e77437b e-con-full e-flex e-con e-child\" data-id=\"e77437b\" data-element_type=\"container\" data-settings=\"{&quot;content_width&quot;:&quot;full&quot;}\"><div class=\"elementor-element elementor-element-c9cda77 elementor-widget elementor-widget-text-editor\" data-id=\"c9cda77\" data-element_type=\"widget\" data-widget_type=\"text-editor.default\"><div class=\"elementor-widget-container\"><h1>Modelo D-45B<\/h1><p>Casa de Madera o de Canexel de 45,00 m2, compuesta de sal\u00f3n-comedor de 22,74 m2 de superficie, cocina independiente, un dormitorios y un ba\u00f1o completo.\u00a0<\/p><h4>Desde 19.995 \u20ac<\/h4><h4>Consulte precio llave en mano.<\/h4><\/div><\/div><\/div><\/div><\/div><div class=\"elementor-element elementor-element-f59e07f e-flex e-con-boxed e-con e-parent\" data-id=\"f59e07f\" data-element_type=\"container\" data-settings=\"{&quot;content_width&quot;:&quot;boxed&quot;}\" data-core-v316-plus=\"true\"><div class=\"e-con-inner\"><div class=\"elementor-element elementor-element-6ce2a40 e-con-full e-flex e-con e-child\" data-id=\"6ce2a40\" data-element_type=\"container\" data-settings=\"{&quot;content_width&quot;:&quot;full&quot;}\"><div class=\"elementor-element elementor-element-207e735 elementor-widget elementor-widget-text-editor\" data-id=\"207e735\" data-element_type=\"widget\" data-widget_type=\"text-editor.default\"><div class=\"elementor-widget-container\"><h1>Modelo D-48A<\/h1><p>Casa de Madera o de Canexel de 47,63 m2, compuesta de sal\u00f3n comedor de 16,11 m2 con cocina de 4,53 m2 de superficie, un dormitorio, un ba\u00f1o completo un porche de 10,60 m2. Solic\u00edtenos sin compromiso los planos de este o cualquier otro de nuestros modelos y se lo enviaremos de inmediato.<\/p><h4>Desde 20.995 \u20ac<\/h4><h4>Consulte precio llave en mano<\/h4><\/div><\/div><\/div><div class=\"elementor-element elementor-element-368cf35 e-con-full e-flex e-con e-child\" data-id=\"368cf35\" data-element_type=\"container\" data-settings=\"{&quot;content_width&quot;:&quot;full&quot;}\"><div class=\"elementor-element elementor-element-ad2c242 elementor-widget elementor-widget-image\" data-id=\"ad2c242\" data-element_type=\"widget\" data-widget_type=\"image.default\"><div class=\"elementor-widget-container\"><img decoding=\"async\" class=\"attachment-large size-large wp-image-3218\" src=\"https:\/\/tuscasasdemadera.com\/wp-content\/uploads\/2024\/01\/d48a.jpg\" sizes=\"(max-width: 400px) 100vw, 400px\" srcset=\"https:\/\/tuscasasdemadera.com\/wp-content\/uploads\/2024\/01\/d48a.jpg 400w, https:\/\/tuscasasdemadera.com\/wp-content\/uploads\/2024\/01\/d48a-300x167.jpg 300w\" alt=\"\" width=\"400\" height=\"223\" \/><\/div><\/div><\/div><\/div><\/div><div class=\"elementor-element elementor-element-56c5acb e-flex e-con-boxed e-con e-parent\" data-id=\"56c5acb\" data-element_type=\"container\" data-settings=\"{&quot;content_width&quot;:&quot;boxed&quot;}\" data-core-v316-plus=\"true\"><div class=\"e-con-inner\"><div class=\"elementor-element elementor-element-e518ef6 e-con-full e-flex e-con e-child\" data-id=\"e518ef6\" data-element_type=\"container\" data-settings=\"{&quot;content_width&quot;:&quot;full&quot;}\"><div class=\"elementor-element elementor-element-8786c85 elementor-widget elementor-widget-image\" data-id=\"8786c85\" data-element_type=\"widget\" data-widget_type=\"image.default\"><div class=\"elementor-widget-container\"><img loading=\"lazy\" decoding=\"async\" class=\"attachment-large size-large wp-image-3225\" src=\"https:\/\/tuscasasdemadera.com\/wp-content\/uploads\/2024\/01\/d-45a.jpg\" sizes=\"(max-width: 400px) 100vw, 400px\" srcset=\"https:\/\/tuscasasdemadera.com\/wp-content\/uploads\/2024\/01\/d-45a.jpg 400w, https:\/\/tuscasasdemadera.com\/wp-content\/uploads\/2024\/01\/d-45a-300x209.jpg 300w\" alt=\"\" width=\"400\" height=\"279\" \/><\/div><\/div><\/div><div class=\"elementor-element elementor-element-7f79979 e-con-full e-flex e-con e-child\" data-id=\"7f79979\" data-element_type=\"container\" data-settings=\"{&quot;content_width&quot;:&quot;full&quot;}\"><div class=\"elementor-element elementor-element-edadeed elementor-widget elementor-widget-text-editor\" data-id=\"edadeed\" data-element_type=\"widget\" data-widget_type=\"text-editor.default\"><div class=\"elementor-widget-container\"><h1>Modelo 45A<\/h1><p>Casa de\u00a0<span id=\"adtext_2\" class=\"adtext\">madera<\/span>\u00a0de 44,76 m2, compuesta de sal\u00f3n-comedor con cocina americana de 19,77 m2 de superficie, dos dormitorios y ba\u00f1o completo. Solic\u00edtenos sin compromiso los planos de este o cualquier otro de nuestros modelos y se lo enviaremos de inmediato.<\/p><h4>Precio 20.995 \u20ac<\/h4><h4>Consulte precio llave en mano<\/h4><\/div><\/div><\/div><\/div><\/div><div class=\"elementor-element elementor-element-28a1456 e-flex e-con-boxed e-con e-parent\" data-id=\"28a1456\" data-element_type=\"container\" data-settings=\"{&quot;content_width&quot;:&quot;boxed&quot;}\" data-core-v316-plus=\"true\"><div class=\"e-con-inner\"><div class=\"elementor-element elementor-element-60888e7 e-con-full e-flex e-con e-child\" data-id=\"60888e7\" data-element_type=\"container\" data-settings=\"{&quot;content_width&quot;:&quot;full&quot;}\"><div class=\"elementor-element elementor-element-2622922 elementor-widget elementor-widget-text-editor\" data-id=\"2622922\" data-element_type=\"widget\" data-widget_type=\"text-editor.default\"><div class=\"elementor-widget-container\"><h1>Modelo D48B<\/h1><p>Casa de Madera o de Canexel de 48,00 m2, compuesta de sal\u00f3n-comedor con cocina americana de 22,53 m2 de superficie, dos dormitorios y ba\u00f1o completo. Tambi\u00e9n disponible con porche. Solic\u00edtenos sin compromiso los planos de este o cualquier otro de nuestros modelos y se lo enviaremos de inmediato.<\/p><h4>Desde 22.495 \u20ac<\/h4><h4>Consulte Precio llave en mano<\/h4><\/div><\/div><\/div><div class=\"elementor-element elementor-element-6c1aae4 e-con-full e-flex e-con e-child\" data-id=\"6c1aae4\" data-element_type=\"container\" data-settings=\"{&quot;content_width&quot;:&quot;full&quot;}\"><div class=\"elementor-element elementor-element-552a70d elementor-widget elementor-widget-image\" data-id=\"552a70d\" data-element_type=\"widget\" data-widget_type=\"image.default\"><div class=\"elementor-widget-container\"><img loading=\"lazy\" decoding=\"async\" class=\"attachment-large size-large wp-image-3233\" src=\"https:\/\/tuscasasdemadera.com\/wp-content\/uploads\/2024\/01\/D-48b.jpg\" sizes=\"(max-width: 400px) 100vw, 400px\" srcset=\"https:\/\/tuscasasdemadera.com\/wp-content\/uploads\/2024\/01\/D-48b.jpg 400w, https:\/\/tuscasasdemadera.com\/wp-content\/uploads\/2024\/01\/D-48b-300x209.jpg 300w\" alt=\"\" width=\"400\" height=\"279\" \/><\/div><\/div><\/div><\/div><\/div><div class=\"elementor-element elementor-element-d486d0b e-flex e-con-boxed e-con e-parent\" data-id=\"d486d0b\" data-element_type=\"container\" data-settings=\"{&quot;content_width&quot;:&quot;boxed&quot;}\" data-core-v316-plus=\"true\"><div class=\"e-con-inner\"><div class=\"elementor-element elementor-element-181afef e-con-full e-flex e-con e-child\" data-id=\"181afef\" data-element_type=\"container\" data-settings=\"{&quot;content_width&quot;:&quot;full&quot;}\"><div class=\"elementor-element elementor-element-9a9b157 elementor-widget elementor-widget-image\" data-id=\"9a9b157\" data-element_type=\"widget\" data-widget_type=\"image.default\"><div class=\"elementor-widget-container\"><img loading=\"lazy\" decoding=\"async\" class=\"attachment-large size-large wp-image-3400\" src=\"https:\/\/tuscasasdemadera.com\/wp-content\/uploads\/2024\/02\/modelo-49b.jpg\" sizes=\"(max-width: 751px) 100vw, 751px\" srcset=\"https:\/\/tuscasasdemadera.com\/wp-content\/uploads\/2024\/02\/modelo-49b.jpg 1000w, https:\/\/tuscasasdemadera.com\/wp-content\/uploads\/2024\/02\/modelo-49b-300x209.jpg 300w, https:\/\/tuscasasdemadera.com\/wp-content\/uploads\/2024\/02\/modelo-49b-768x536.jpg 768w, https:\/\/tuscasasdemadera.com\/wp-content\/uploads\/2024\/02\/modelo-49b-600x419.jpg 600w\" alt=\"\" width=\"751\" height=\"524\" \/><\/div><\/div><\/div><div class=\"elementor-element elementor-element-d4373e3 e-con-full e-flex e-con e-child\" data-id=\"d4373e3\" data-element_type=\"container\" data-settings=\"{&quot;content_width&quot;:&quot;full&quot;}\"><div class=\"elementor-element elementor-element-ac7d9d8 elementor-widget elementor-widget-text-editor\" data-id=\"ac7d9d8\" data-element_type=\"widget\" data-widget_type=\"text-editor.default\"><div class=\"elementor-widget-container\"><h1>Modelo D-49B<\/h1><p>Casa de Madera o de Canexel de 48,75 m2, compuesta\u00a0<\/p><p>de sal\u00f3n-comedor de 16,90 m2 con cocina independiente de 4,96 m2\u00a0<\/p><p>de superficie, dos dormitorios y ba\u00f1o completo. Tambi\u00e9n disponible<\/p><p>\u00a0con porche. Solic\u00edtenos sin compromiso los planos de este o\u00a0<\/p><p>cualquier otro de nuestros modelos y se lo enviaremos de inmediato.<\/p><h4>Desde 22.995 \u20ac<\/h4><h4>Consulte precio llave en mano<\/h4><\/div><\/div><\/div><\/div><\/div><div class=\"elementor-element elementor-element-5b52b4b e-flex e-con-boxed e-con e-parent\" data-id=\"5b52b4b\" data-element_type=\"container\" data-settings=\"{&quot;content_width&quot;:&quot;boxed&quot;}\" data-core-v316-plus=\"true\"><div class=\"e-con-inner\"><div class=\"elementor-element elementor-element-cfa258b e-con-full e-flex e-con e-child\" data-id=\"cfa258b\" data-element_type=\"container\" data-settings=\"{&quot;content_width&quot;:&quot;full&quot;}\"><div class=\"elementor-element elementor-element-403ab0c elementor-widget elementor-widget-text-editor\" data-id=\"403ab0c\" data-element_type=\"widget\" data-widget_type=\"text-editor.default\"><div class=\"elementor-widget-container\"><h1>Modelo D-47<\/h1><div>Casa de Madera o de Canexel de 46,50 m2, compuesta de<\/div><div>\u00a0sal\u00f3n-comedor con cocina americana de 20,55 m2 de superficie,<\/div><div>\u00a0dos dormitorios y ba\u00f1o completo. Disponible tambi\u00e9n con porche.<\/div><div>\u00a0Solic\u00edtenos sin compromiso los planos de este o cualquier<\/div><div>\u00a0otro de nuestros modelos y se lo enviaremos de inmediato.<\/div><h4>Desde 22.995 \u20ac<\/h4><h4>Consulte precio llave en mano<\/h4><\/div><\/div><\/div><div class=\"elementor-element elementor-element-82f1e42 e-con-full e-flex e-con e-child\" data-id=\"82f1e42\" data-element_type=\"container\" data-settings=\"{&quot;content_width&quot;:&quot;full&quot;}\"><div class=\"elementor-element elementor-element-7928ec5 elementor-widget elementor-widget-image\" data-id=\"7928ec5\" data-element_type=\"widget\" data-widget_type=\"image.default\"><div class=\"elementor-widget-container\"><img loading=\"lazy\" decoding=\"async\" class=\"attachment-large size-large wp-image-3273\" src=\"https:\/\/tuscasasdemadera.com\/wp-content\/uploads\/2024\/01\/Casa_madera_Modelo_47_01_Grupo_C_3.jpg\" sizes=\"(max-width: 751px) 100vw, 751px\" srcset=\"https:\/\/tuscasasdemadera.com\/wp-content\/uploads\/2024\/01\/Casa_madera_Modelo_47_01_Grupo_C_3.jpg 914w, https:\/\/tuscasasdemadera.com\/wp-content\/uploads\/2024\/01\/Casa_madera_Modelo_47_01_Grupo_C_3-300x140.jpg 300w, https:\/\/tuscasasdemadera.com\/wp-content\/uploads\/2024\/01\/Casa_madera_Modelo_47_01_Grupo_C_3-768x358.jpg 768w, https:\/\/tuscasasdemadera.com\/wp-content\/uploads\/2024\/01\/Casa_madera_Modelo_47_01_Grupo_C_3-600x280.jpg 600w\" alt=\"\" width=\"751\" height=\"350\" \/><\/div><\/div><\/div><\/div><\/div><div class=\"elementor-element elementor-element-d3ba9bd e-flex e-con-boxed e-con e-parent\" data-id=\"d3ba9bd\" data-element_type=\"container\" data-settings=\"{&quot;content_width&quot;:&quot;boxed&quot;}\" data-core-v316-plus=\"true\"><div class=\"e-con-inner\"><div class=\"elementor-element elementor-element-e304a58 e-con-full e-flex e-con e-child\" data-id=\"e304a58\" data-element_type=\"container\" data-settings=\"{&quot;content_width&quot;:&quot;full&quot;}\"><div class=\"elementor-element elementor-element-347e2cc elementor-widget elementor-widget-image\" data-id=\"347e2cc\" data-element_type=\"widget\" data-widget_type=\"image.default\"><div class=\"elementor-widget-container\"><img loading=\"lazy\" decoding=\"async\" class=\"attachment-large size-large wp-image-3277\" src=\"https:\/\/tuscasasdemadera.com\/wp-content\/uploads\/2024\/01\/Casa_madera_Modelo_52B__fachada_madera_01__Grupo_C.jpg\" sizes=\"(max-width: 751px) 100vw, 751px\" srcset=\"https:\/\/tuscasasdemadera.com\/wp-content\/uploads\/2024\/01\/Casa_madera_Modelo_52B__fachada_madera_01__Grupo_C.jpg 914w, https:\/\/tuscasasdemadera.com\/wp-content\/uploads\/2024\/01\/Casa_madera_Modelo_52B__fachada_madera_01__Grupo_C-300x209.jpg 300w, https:\/\/tuscasasdemadera.com\/wp-content\/uploads\/2024\/01\/Casa_madera_Modelo_52B__fachada_madera_01__Grupo_C-768x535.jpg 768w, https:\/\/tuscasasdemadera.com\/wp-content\/uploads\/2024\/01\/Casa_madera_Modelo_52B__fachada_madera_01__Grupo_C-600x418.jpg 600w\" alt=\"\" width=\"751\" height=\"523\" \/><\/div><\/div><\/div><div class=\"elementor-element elementor-element-1273764 e-con-full e-flex e-con e-child\" data-id=\"1273764\" data-element_type=\"container\" data-settings=\"{&quot;content_width&quot;:&quot;full&quot;}\"><div class=\"elementor-element elementor-element-f45581b elementor-widget elementor-widget-text-editor\" data-id=\"f45581b\" data-element_type=\"widget\" data-widget_type=\"text-editor.default\"><div class=\"elementor-widget-container\"><h1>Modelo D-52B.<\/h1><div>Casa de Madera o de Canexel de 51,40 m2, compuesta de\u00a0<\/div><div>sal\u00f3n-comedor de 22,75 m2 con cocina independiente de<\/div><div>\u00a04,53 m2 de superficie, un dormitorio, ba\u00f1o completo y porche.\u00a0<\/div><div>Solic\u00edtenos sin compromiso los planos de este o cualquier<\/div><div>\u00a0otro de nuestros modelos y se lo enviaremos de inmediato.<\/div><h4>Desde 23.995 \u20ac<\/h4><h4>Consulte precio llave en mano<\/h4><\/div><\/div><\/div><\/div><\/div><div class=\"elementor-element elementor-element-a7cbb4d e-flex e-con-boxed e-con e-parent\" data-id=\"a7cbb4d\" data-element_type=\"container\" data-settings=\"{&quot;content_width&quot;:&quot;boxed&quot;}\" data-core-v316-plus=\"true\"><div class=\"e-con-inner\"><div class=\"elementor-element elementor-element-77633a8 e-con-full e-flex e-con e-child\" data-id=\"77633a8\" data-element_type=\"container\" data-settings=\"{&quot;content_width&quot;:&quot;full&quot;}\"><div class=\"elementor-element elementor-element-88b1321 elementor-widget elementor-widget-text-editor\" data-id=\"88b1321\" data-element_type=\"widget\" data-widget_type=\"text-editor.default\"><div class=\"elementor-widget-container\"><h1>Modelo D-52A<\/h1><div>Casa de Madera o de Canexel de 51,84 m2,\u00a0<\/div><div>compuesta de<\/div><div>\u00a0sal\u00f3n-comedor de 17,18 m2 con cocina independiente\u00a0<\/div><div>de\u00a0<\/div><div>4,17 m2 de superficie, dos dormitorios, ba\u00f1o<\/div><div>\u00a0completo y porche.<\/div><div>\u00a0Solic\u00edtenos sin compromiso los planos de este<\/div><div>\u00a0o cualquier<\/div><div>\u00a0otro de nuestros modelos y se lo enviaremos de\u00a0<\/div><div>inmediato.<\/div><div>\u00a0<\/div><h4>Desde 24.395 \u20ac<\/h4><h4>Consulte precio llave en mano<\/h4><div>\u00a0<\/div><\/div><\/div><\/div><div class=\"elementor-element elementor-element-f187be4 e-con-full e-flex e-con e-child\" data-id=\"f187be4\" data-element_type=\"container\" data-settings=\"{&quot;content_width&quot;:&quot;full&quot;}\"><div class=\"elementor-element elementor-element-422a289 elementor-widget elementor-widget-image\" data-id=\"422a289\" data-element_type=\"widget\" data-widget_type=\"image.default\"><div class=\"elementor-widget-container\"><img loading=\"lazy\" decoding=\"async\" class=\"attachment-large size-large wp-image-3281\" src=\"https:\/\/tuscasasdemadera.com\/wp-content\/uploads\/2024\/01\/Casa_madera_Modelo_52B__fachada_monocapa_01__Grupo_C-1024x715.jpg\" sizes=\"(max-width: 751px) 100vw, 751px\" srcset=\"https:\/\/tuscasasdemadera.com\/wp-content\/uploads\/2024\/01\/Casa_madera_Modelo_52B__fachada_monocapa_01__Grupo_C-1024x715.jpg 1024w, https:\/\/tuscasasdemadera.com\/wp-content\/uploads\/2024\/01\/Casa_madera_Modelo_52B__fachada_monocapa_01__Grupo_C-300x209.jpg 300w, https:\/\/tuscasasdemadera.com\/wp-content\/uploads\/2024\/01\/Casa_madera_Modelo_52B__fachada_monocapa_01__Grupo_C-768x536.jpg 768w, https:\/\/tuscasasdemadera.com\/wp-content\/uploads\/2024\/01\/Casa_madera_Modelo_52B__fachada_monocapa_01__Grupo_C-1536x1072.jpg 1536w, https:\/\/tuscasasdemadera.com\/wp-content\/uploads\/2024\/01\/Casa_madera_Modelo_52B__fachada_monocapa_01__Grupo_C-2048x1429.jpg 2048w, https:\/\/tuscasasdemadera.com\/wp-content\/uploads\/2024\/01\/Casa_madera_Modelo_52B__fachada_monocapa_01__Grupo_C-1320x921.jpg 1320w, https:\/\/tuscasasdemadera.com\/wp-content\/uploads\/2024\/01\/Casa_madera_Modelo_52B__fachada_monocapa_01__Grupo_C-600x419.jpg 600w\" alt=\"\" width=\"751\" height=\"524\" \/><\/div><\/div><\/div><\/div><\/div><div class=\"elementor-element elementor-element-ca0c6ff e-flex e-con-boxed e-con e-parent\" data-id=\"ca0c6ff\" data-element_type=\"container\" data-settings=\"{&quot;content_width&quot;:&quot;boxed&quot;}\" data-core-v316-plus=\"true\"><div class=\"e-con-inner\"><div class=\"elementor-element elementor-element-59d3c6a e-con-full e-flex e-con e-child\" data-id=\"59d3c6a\" data-element_type=\"container\" data-settings=\"{&quot;content_width&quot;:&quot;full&quot;}\"><div class=\"elementor-element elementor-element-5cd6f5f elementor-widget elementor-widget-image\" data-id=\"5cd6f5f\" data-element_type=\"widget\" data-widget_type=\"image.default\"><div class=\"elementor-widget-container\"><img loading=\"lazy\" decoding=\"async\" class=\"attachment-large size-large wp-image-3285\" src=\"https:\/\/tuscasasdemadera.com\/wp-content\/uploads\/2024\/01\/062A_Madera.jpg\" sizes=\"(max-width: 751px) 100vw, 751px\" srcset=\"https:\/\/tuscasasdemadera.com\/wp-content\/uploads\/2024\/01\/062A_Madera.jpg 914w, https:\/\/tuscasasdemadera.com\/wp-content\/uploads\/2024\/01\/062A_Madera-300x209.jpg 300w, https:\/\/tuscasasdemadera.com\/wp-content\/uploads\/2024\/01\/062A_Madera-768x535.jpg 768w, https:\/\/tuscasasdemadera.com\/wp-content\/uploads\/2024\/01\/062A_Madera-600x418.jpg 600w\" alt=\"\" width=\"751\" height=\"523\" \/><\/div><\/div><\/div><div class=\"elementor-element elementor-element-6b236df e-con-full e-flex e-con e-child\" data-id=\"6b236df\" data-element_type=\"container\" data-settings=\"{&quot;content_width&quot;:&quot;full&quot;}\"><div class=\"elementor-element elementor-element-7d2a17c elementor-widget elementor-widget-text-editor\" data-id=\"7d2a17c\" data-element_type=\"widget\" data-widget_type=\"text-editor.default\"><div class=\"elementor-widget-container\"><h1>Modelo D-62A<\/h1><div>Chalet de construcci\u00f3n de madera de 61,84 m2,\u00a0<\/div><div>compuesta de<\/div><div>\u00a0sal\u00f3n-comedor con cocina americana de 22,53 m2<\/div><div>\u00a0de superficie,\u00a0<\/div><div>dos dormitorios, ba\u00f1o completo y porche.<\/div><div>\u00a0Solic\u00edtenos sin\u00a0<\/div><div>compromiso los planos de este o cualquier<\/div><div>\u00a0otro de nuestros\u00a0<\/div><div>modelos y se lo enviaremos de inmediato.<\/div><div>\u00a0<\/div><h4>Desde 25.995 \u20ac<\/h4><h4>Consulte precio llave en mano<\/h4><\/div><\/div><\/div><\/div><\/div><div class=\"elementor-element elementor-element-b0d278d e-flex e-con-boxed e-con e-parent\" data-id=\"b0d278d\" data-element_type=\"container\" data-settings=\"{&quot;content_width&quot;:&quot;boxed&quot;}\" data-core-v316-plus=\"true\"><div class=\"e-con-inner\"><div class=\"elementor-element elementor-element-abdc123 e-con-full e-flex e-con e-child\" data-id=\"abdc123\" data-element_type=\"container\" data-settings=\"{&quot;content_width&quot;:&quot;full&quot;}\"><div class=\"elementor-element elementor-element-be0c8d9 elementor-widget elementor-widget-text-editor\" data-id=\"be0c8d9\" data-element_type=\"widget\" data-widget_type=\"text-editor.default\"><div class=\"elementor-widget-container\"><h1>Modelo D-57<\/h1><div>Chalet de construcci\u00f3n de madera de 61,84 m2,\u00a0<\/div><div>compuesta de<\/div><div>\u00a0sal\u00f3n-comedor con cocina americana de 22,53 m2<\/div><div>\u00a0de superficie,\u00a0<\/div><div>dos dormitorios, ba\u00f1o completo y porche<\/div><div>. Solic\u00edtenos sin<\/div><div>\u00a0compromiso los planos de este o cualquier\u00a0<\/div><div>otro de nuestros<\/div><div>\u00a0modelos y se lo enviaremos de inmediato.<\/div><div>\u00a0<\/div><h4>Desde 25.995 \u20ac<\/h4><h4>Consulte precio llave en mano<\/h4><\/div><\/div><\/div><div class=\"elementor-element elementor-element-8bb6172 e-con-full e-flex e-con e-child\" data-id=\"8bb6172\" data-element_type=\"container\" data-settings=\"{&quot;content_width&quot;:&quot;full&quot;}\"><div class=\"elementor-element elementor-element-c811f53 elementor-widget elementor-widget-image\" data-id=\"c811f53\" data-element_type=\"widget\" data-widget_type=\"image.default\"><div class=\"elementor-widget-container\"><img loading=\"lazy\" decoding=\"async\" class=\"attachment-large size-large wp-image-3289\" src=\"https:\/\/tuscasasdemadera.com\/wp-content\/uploads\/2024\/01\/f57_copia_1.jpg\" sizes=\"(max-width: 751px) 100vw, 751px\" srcset=\"https:\/\/tuscasasdemadera.com\/wp-content\/uploads\/2024\/01\/f57_copia_1.jpg 1000w, https:\/\/tuscasasdemadera.com\/wp-content\/uploads\/2024\/01\/f57_copia_1-300x167.jpg 300w, https:\/\/tuscasasdemadera.com\/wp-content\/uploads\/2024\/01\/f57_copia_1-768x429.jpg 768w, https:\/\/tuscasasdemadera.com\/wp-content\/uploads\/2024\/01\/f57_copia_1-600x335.jpg 600w\" alt=\"\" width=\"751\" height=\"419\" \/><\/div><\/div><\/div><\/div><\/div><div class=\"elementor-element elementor-element-7cf80f7 e-flex e-con-boxed e-con e-parent\" data-id=\"7cf80f7\" data-element_type=\"container\" data-settings=\"{&quot;content_width&quot;:&quot;boxed&quot;}\" data-core-v316-plus=\"true\"><div class=\"e-con-inner\"><div class=\"elementor-element elementor-element-d169a9e e-con-full e-flex e-con e-child\" data-id=\"d169a9e\" data-element_type=\"container\" data-settings=\"{&quot;content_width&quot;:&quot;full&quot;}\"><div class=\"elementor-element elementor-element-fcac931 elementor-widget elementor-widget-image\" data-id=\"fcac931\" data-element_type=\"widget\" data-widget_type=\"image.default\"><div class=\"elementor-widget-container\"><img loading=\"lazy\" decoding=\"async\" class=\"attachment-large size-large wp-image-3293\" src=\"https:\/\/tuscasasdemadera.com\/wp-content\/uploads\/2024\/01\/061_Madera.jpg\" sizes=\"(max-width: 751px) 100vw, 751px\" srcset=\"https:\/\/tuscasasdemadera.com\/wp-content\/uploads\/2024\/01\/061_Madera.jpg 914w, https:\/\/tuscasasdemadera.com\/wp-content\/uploads\/2024\/01\/061_Madera-300x209.jpg 300w, https:\/\/tuscasasdemadera.com\/wp-content\/uploads\/2024\/01\/061_Madera-768x535.jpg 768w, https:\/\/tuscasasdemadera.com\/wp-content\/uploads\/2024\/01\/061_Madera-600x418.jpg 600w\" alt=\"\" width=\"751\" height=\"523\" \/><\/div><\/div><\/div><div class=\"elementor-element elementor-element-e54c929 e-con-full e-flex e-con e-child\" data-id=\"e54c929\" data-element_type=\"container\" data-settings=\"{&quot;content_width&quot;:&quot;full&quot;}\"><div class=\"elementor-element elementor-element-52262e0 elementor-widget elementor-widget-text-editor\" data-id=\"52262e0\" data-element_type=\"widget\" data-widget_type=\"text-editor.default\"><div class=\"elementor-widget-container\"><h1>Modelo D-61<\/h1><div>Casa de Madera o de Canexelde 60,45 m2, compuesta de<\/div><div>\u00a0sal\u00f3n-comedor con cocina americana de 20,55 m2 con,<\/div><div>\u00a0dos dormitorios, ba\u00f1o completo y porche. Solic\u00edtenos sin<\/div><div>\u00a0compromiso los planos de este o cualquier otro de nuestros\u00a0<\/div><div>modelos y se lo enviaremos de inmediato.<\/div><div>\u00a0<\/div><h4>Desde 26.495 \u20ac<\/h4><h4>Consulte precio llave en mano<\/h4><\/div><\/div><\/div><\/div><\/div><div class=\"elementor-element elementor-element-f76b5ef e-flex e-con-boxed e-con e-parent\" data-id=\"f76b5ef\" data-element_type=\"container\" data-settings=\"{&quot;content_width&quot;:&quot;boxed&quot;}\" data-core-v316-plus=\"true\"><div class=\"e-con-inner\"><div class=\"elementor-element elementor-element-0cac917 e-con-full e-flex e-con e-child\" data-id=\"0cac917\" data-element_type=\"container\" data-settings=\"{&quot;content_width&quot;:&quot;full&quot;}\"><div class=\"elementor-element elementor-element-3ac32ab elementor-widget elementor-widget-text-editor\" data-id=\"3ac32ab\" data-element_type=\"widget\" data-widget_type=\"text-editor.default\"><div class=\"elementor-widget-container\"><h1>Modelo D-60B<\/h1><div>Casa de Madera o de Canexel de 60,00 m2, compuesta de<\/div><div>\u00a0sal\u00f3n-comedor con cocina americana de 18,93 m2, tres<\/div><div>\u00a0dormitorios, ba\u00f1o completo y porche. Solic\u00edtenos sin<\/div><div>\u00a0compromiso los planos de este o cualquier otro de<\/div><div>\u00a0nuestros modelos y se lo enviaremos de inmediato.<\/div><div>\u00a0<\/div><h4>Desde 26.995 \u20ac<\/h4><h4>Consulte precio llave en mano<\/h4><\/div><\/div><\/div><div class=\"elementor-element elementor-element-8e29e8e e-con-full e-flex e-con e-child\" data-id=\"8e29e8e\" data-element_type=\"container\" data-settings=\"{&quot;content_width&quot;:&quot;full&quot;}\"><div class=\"elementor-element elementor-element-439c604 elementor-widget elementor-widget-image\" data-id=\"439c604\" data-element_type=\"widget\" data-widget_type=\"image.default\"><div class=\"elementor-widget-container\"><img loading=\"lazy\" decoding=\"async\" class=\"attachment-large size-large wp-image-3294\" src=\"https:\/\/tuscasasdemadera.com\/wp-content\/uploads\/2024\/01\/60B_Madera.jpg\" sizes=\"(max-width: 751px) 100vw, 751px\" srcset=\"https:\/\/tuscasasdemadera.com\/wp-content\/uploads\/2024\/01\/60B_Madera.jpg 914w, https:\/\/tuscasasdemadera.com\/wp-content\/uploads\/2024\/01\/60B_Madera-300x209.jpg 300w, https:\/\/tuscasasdemadera.com\/wp-content\/uploads\/2024\/01\/60B_Madera-768x535.jpg 768w, https:\/\/tuscasasdemadera.com\/wp-content\/uploads\/2024\/01\/60B_Madera-600x418.jpg 600w\" alt=\"\" width=\"751\" height=\"523\" \/><\/div><\/div><\/div><\/div><\/div><div class=\"elementor-element elementor-element-0ee6349 e-flex e-con-boxed e-con e-parent\" data-id=\"0ee6349\" data-element_type=\"container\" data-settings=\"{&quot;content_width&quot;:&quot;boxed&quot;}\" data-core-v316-plus=\"true\"><div class=\"e-con-inner\"><div class=\"elementor-element elementor-element-4030a24 e-con-full e-flex e-con e-child\" data-id=\"4030a24\" data-element_type=\"container\" data-settings=\"{&quot;content_width&quot;:&quot;full&quot;}\"><div class=\"elementor-element elementor-element-22f2073 elementor-widget elementor-widget-image\" data-id=\"22f2073\" data-element_type=\"widget\" data-widget_type=\"image.default\"><div class=\"elementor-widget-container\"><img loading=\"lazy\" decoding=\"async\" class=\"attachment-large size-large wp-image-3298\" src=\"https:\/\/tuscasasdemadera.com\/wp-content\/uploads\/2024\/01\/60A_Madera.jpg\" sizes=\"(max-width: 751px) 100vw, 751px\" srcset=\"https:\/\/tuscasasdemadera.com\/wp-content\/uploads\/2024\/01\/60A_Madera.jpg 914w, https:\/\/tuscasasdemadera.com\/wp-content\/uploads\/2024\/01\/60A_Madera-300x209.jpg 300w, https:\/\/tuscasasdemadera.com\/wp-content\/uploads\/2024\/01\/60A_Madera-768x535.jpg 768w, https:\/\/tuscasasdemadera.com\/wp-content\/uploads\/2024\/01\/60A_Madera-600x418.jpg 600w\" alt=\"\" width=\"751\" height=\"523\" \/><\/div><\/div><\/div><div class=\"elementor-element elementor-element-f0df797 e-con-full e-flex e-con e-child\" data-id=\"f0df797\" data-element_type=\"container\" data-settings=\"{&quot;content_width&quot;:&quot;full&quot;}\"><div class=\"elementor-element elementor-element-59a6b65 elementor-widget elementor-widget-text-editor\" data-id=\"59a6b65\" data-element_type=\"widget\" data-widget_type=\"text-editor.default\"><div class=\"elementor-widget-container\"><h1>Modelo D-60A<\/h1><div>Casa de Madera o de Canexel de 60,00 m2, compuesta de<\/div><div>\u00a0sal\u00f3n-comedor de 20,43 m2 con cocina independiente de<\/div><div>\u00a04,56 m2 de superficie, dos dormitorios, ba\u00f1o completo y\u00a0<\/div><div>porche. Solic\u00edtenos sin compromiso los planos de este o<\/div><div>\u00a0cualquier otro de nuestros modelos y se lo<\/div><div>\u00a0enviaremos de inmediato.<\/div><div>\u00a0<\/div><h4>Desde 26.995 \u20ac<\/h4><h4>Consulte precio final llave en mano<\/h4><\/div><\/div><\/div><\/div><\/div><div class=\"elementor-element elementor-element-8751471 e-flex e-con-boxed e-con e-parent\" data-id=\"8751471\" data-element_type=\"container\" data-settings=\"{&quot;content_width&quot;:&quot;boxed&quot;}\" data-core-v316-plus=\"true\"><div class=\"e-con-inner\"><div class=\"elementor-element elementor-element-1a64a36 e-con-full e-flex e-con e-child\" data-id=\"1a64a36\" data-element_type=\"container\" data-settings=\"{&quot;content_width&quot;:&quot;full&quot;}\"><div class=\"elementor-element elementor-element-559b44a elementor-widget elementor-widget-text-editor\" data-id=\"559b44a\" data-element_type=\"widget\" data-widget_type=\"text-editor.default\"><div class=\"elementor-widget-container\"><h1>Modelo D-60<\/h1><div>Casa de Madera o de Canexel de 63,08 m2, compuesta de\u00a0<\/div><div>sal\u00f3n-comedor de 16,35 m2 con cocina independiente de\u00a0<\/div><div>4,17 m2 de superficie, dos dormitorios, ba\u00f1o completo y<\/div><div>\u00a0porche. Solic\u00edtenos sin compromiso los planos de este o<\/div><div>\u00a0cualquier otro de nuestros modelos y se lo\u00a0<\/div><div>enviaremos de inmediato.<\/div><div>\u00a0<\/div><h4>Desde 27.995 \u20ac<\/h4><h4>Consulte precio final llave en mano<\/h4><p>.<\/p><\/div><\/div><\/div><div class=\"elementor-element elementor-element-cae090a e-con-full e-flex e-con e-child\" data-id=\"cae090a\" data-element_type=\"container\" data-settings=\"{&quot;content_width&quot;:&quot;full&quot;}\"><div class=\"elementor-element elementor-element-86bdf4c elementor-widget elementor-widget-image\" data-id=\"86bdf4c\" data-element_type=\"widget\" data-widget_type=\"image.default\"><div class=\"elementor-widget-container\"><img loading=\"lazy\" decoding=\"async\" class=\"attachment-large size-large wp-image-3483\" src=\"https:\/\/tuscasasdemadera.com\/wp-content\/uploads\/2024\/02\/60B_Madera.jpg\" sizes=\"(max-width: 751px) 100vw, 751px\" srcset=\"https:\/\/tuscasasdemadera.com\/wp-content\/uploads\/2024\/02\/60B_Madera.jpg 914w, https:\/\/tuscasasdemadera.com\/wp-content\/uploads\/2024\/02\/60B_Madera-300x209.jpg 300w, https:\/\/tuscasasdemadera.com\/wp-content\/uploads\/2024\/02\/60B_Madera-768x535.jpg 768w, https:\/\/tuscasasdemadera.com\/wp-content\/uploads\/2024\/02\/60B_Madera-600x418.jpg 600w\" alt=\"\" width=\"751\" height=\"523\" \/><\/div><\/div><\/div><\/div><\/div><div class=\"elementor-element elementor-element-e461cd3 e-flex e-con-boxed e-con e-parent\" data-id=\"e461cd3\" data-element_type=\"container\" data-settings=\"{&quot;content_width&quot;:&quot;boxed&quot;}\" data-core-v316-plus=\"true\"><div class=\"e-con-inner\"><div class=\"elementor-element elementor-element-6ccc10d e-con-full e-flex e-con e-child\" data-id=\"6ccc10d\" data-element_type=\"container\" data-settings=\"{&quot;content_width&quot;:&quot;full&quot;}\"><div class=\"elementor-element elementor-element-b732d99 elementor-widget elementor-widget-image\" data-id=\"b732d99\" data-element_type=\"widget\" data-widget_type=\"image.default\"><div class=\"elementor-widget-container\"><img loading=\"lazy\" decoding=\"async\" class=\"attachment-large size-large wp-image-3404\" src=\"https:\/\/tuscasasdemadera.com\/wp-content\/uploads\/2024\/02\/062A_Madera.jpg\" sizes=\"(max-width: 751px) 100vw, 751px\" srcset=\"https:\/\/tuscasasdemadera.com\/wp-content\/uploads\/2024\/02\/062A_Madera.jpg 914w, https:\/\/tuscasasdemadera.com\/wp-content\/uploads\/2024\/02\/062A_Madera-300x209.jpg 300w, https:\/\/tuscasasdemadera.com\/wp-content\/uploads\/2024\/02\/062A_Madera-768x535.jpg 768w, https:\/\/tuscasasdemadera.com\/wp-content\/uploads\/2024\/02\/062A_Madera-600x418.jpg 600w\" alt=\"\" width=\"751\" height=\"523\" \/><\/div><\/div><\/div><div class=\"elementor-element elementor-element-6f7431c e-con-full e-flex e-con e-child\" data-id=\"6f7431c\" data-element_type=\"container\" data-settings=\"{&quot;content_width&quot;:&quot;full&quot;}\"><div class=\"elementor-element elementor-element-f8948e3 elementor-widget elementor-widget-text-editor\" data-id=\"f8948e3\" data-element_type=\"widget\" data-widget_type=\"text-editor.default\"><div class=\"elementor-widget-container\"><h1>Modelo D-62A<\/h1><div>Casa de Madera o de Canexel de 62,25 m2, compuesta de<\/div><div>\u00a0sal\u00f3n-comedor de 16,90 m2 con cocina independiente\u00a0<\/div><div>de 4,17 m2 de superficie, dos dormitorios, ba\u00f1o completo\u00a0<\/div><div>y porche. Solic\u00edtenos sin compromiso los planos de este\u00a0<\/div><div>o cualquier otro de nuestros modelos y se lo<\/div><div>\u00a0enviaremos de inmediato.<\/div><div>\u00a0<\/div><h4>Desde 27.995 \u20ac<\/h4><h4>Consulte precio final llave en mano<\/h4><\/div><\/div><\/div><\/div><\/div><div class=\"elementor-element elementor-element-58f5471 e-flex e-con-boxed e-con e-parent\" data-id=\"58f5471\" data-element_type=\"container\" data-settings=\"{&quot;content_width&quot;:&quot;boxed&quot;}\" data-core-v316-plus=\"true\"><div class=\"e-con-inner\"><div class=\"elementor-element elementor-element-f58bff3 e-con-full e-flex e-con e-child\" data-id=\"f58bff3\" data-element_type=\"container\" data-settings=\"{&quot;content_width&quot;:&quot;full&quot;}\"><div class=\"elementor-element elementor-element-6155a6d elementor-widget elementor-widget-text-editor\" data-id=\"6155a6d\" data-element_type=\"widget\" data-widget_type=\"text-editor.default\"><div class=\"elementor-widget-container\"><h1>Modelo D-62B<\/h1><div>Chalet de construcci\u00f3n de madera de 81,20 m2, compuesta de<\/div><div>\u00a0sal\u00f3n-comedor de 17,58 m2 con cocina de 6,93 m2 de superficie,\u00a0<\/div><div>tres dormitorios, ba\u00f1o completo y porche. Solic\u00edtenos sin<\/div><div>\u00a0compromiso los planos de este o cualquier otro de nuestros<\/div><div>\u00a0modelos y se lo enviaremos de inmediato.<\/div><div>\u00a0<\/div><h4>Desde 28.995 \u20ac<\/h4><h4>Consulte precio final llave en mano<\/h4><\/div><\/div><\/div><div class=\"elementor-element elementor-element-e946568 e-con-full e-flex e-con e-child\" data-id=\"e946568\" data-element_type=\"container\" data-settings=\"{&quot;content_width&quot;:&quot;full&quot;}\"><div class=\"elementor-element elementor-element-c0ee1c8 elementor-widget elementor-widget-image\" data-id=\"c0ee1c8\" data-element_type=\"widget\" data-widget_type=\"image.default\"><div class=\"elementor-widget-container\"><img loading=\"lazy\" decoding=\"async\" class=\"attachment-large size-large wp-image-3408\" src=\"https:\/\/tuscasasdemadera.com\/wp-content\/uploads\/2024\/02\/062_B_Madera.jpg\" sizes=\"(max-width: 751px) 100vw, 751px\" srcset=\"https:\/\/tuscasasdemadera.com\/wp-content\/uploads\/2024\/02\/062_B_Madera.jpg 914w, https:\/\/tuscasasdemadera.com\/wp-content\/uploads\/2024\/02\/062_B_Madera-300x209.jpg 300w, https:\/\/tuscasasdemadera.com\/wp-content\/uploads\/2024\/02\/062_B_Madera-768x535.jpg 768w, https:\/\/tuscasasdemadera.com\/wp-content\/uploads\/2024\/02\/062_B_Madera-600x418.jpg 600w\" alt=\"\" width=\"751\" height=\"523\" \/><\/div><\/div><\/div><\/div><\/div><div class=\"elementor-element elementor-element-9217209 e-flex e-con-boxed e-con e-parent\" data-id=\"9217209\" data-element_type=\"container\" data-settings=\"{&quot;content_width&quot;:&quot;boxed&quot;}\" data-core-v316-plus=\"true\"><div class=\"e-con-inner\"><div class=\"elementor-element elementor-element-6c2bb67 e-con-full e-flex e-con e-child\" data-id=\"6c2bb67\" data-element_type=\"container\" data-settings=\"{&quot;content_width&quot;:&quot;full&quot;}\"><div class=\"elementor-element elementor-element-731ecd0 elementor-widget elementor-widget-image\" data-id=\"731ecd0\" data-element_type=\"widget\" data-widget_type=\"image.default\"><div class=\"elementor-widget-container\"><img loading=\"lazy\" decoding=\"async\" class=\"attachment-large size-large wp-image-3309\" src=\"https:\/\/tuscasasdemadera.com\/wp-content\/uploads\/2024\/01\/6.jpg\" sizes=\"(max-width: 751px) 100vw, 751px\" srcset=\"https:\/\/tuscasasdemadera.com\/wp-content\/uploads\/2024\/01\/6.jpg 914w, https:\/\/tuscasasdemadera.com\/wp-content\/uploads\/2024\/01\/6-300x184.jpg 300w, https:\/\/tuscasasdemadera.com\/wp-content\/uploads\/2024\/01\/6-768x472.jpg 768w, https:\/\/tuscasasdemadera.com\/wp-content\/uploads\/2024\/01\/6-600x369.jpg 600w\" alt=\"\" width=\"751\" height=\"462\" \/><\/div><\/div><\/div><div class=\"elementor-element elementor-element-7eb0eb0 e-con-full e-flex e-con e-child\" data-id=\"7eb0eb0\" data-element_type=\"container\" data-settings=\"{&quot;content_width&quot;:&quot;full&quot;}\"><div class=\"elementor-element elementor-element-76a7920 elementor-widget elementor-widget-text-editor\" data-id=\"76a7920\" data-element_type=\"widget\" data-widget_type=\"text-editor.default\"><div class=\"elementor-widget-container\"><h1>Modelo D-67<\/h1><div>Casa de Madera o de Canexel de 66,50 m2, compuesta de\u00a0<\/div><div>sal\u00f3n-comedor de 17,77 m2 con cocina independiente de<\/div><div>\u00a05,00 m2 de superficie, tres dormitorios, ba\u00f1o completo y<\/div><div>\u00a0porche. Solic\u00edtenos sin compromiso los planos de este o\u00a0<\/div><div>cualquier otro de nuestros modelos y se lo<\/div><div>\u00a0enviaremos de inmediato.<\/div><div>\u00a0<\/div><h4>Desde 29.995 \u20ac<\/h4><h4>Consulte precio final llave en mano<\/h4><\/div><\/div><\/div><\/div><\/div><div class=\"elementor-element elementor-element-076bc73 e-flex e-con-boxed e-con e-parent\" data-id=\"076bc73\" data-element_type=\"container\" data-settings=\"{&quot;content_width&quot;:&quot;boxed&quot;}\" data-core-v316-plus=\"true\"><div class=\"e-con-inner\"><div class=\"elementor-element elementor-element-cfa4f35 e-con-full e-flex e-con e-child\" data-id=\"cfa4f35\" data-element_type=\"container\" data-settings=\"{&quot;content_width&quot;:&quot;full&quot;}\"><div class=\"elementor-element elementor-element-327e0ed elementor-widget elementor-widget-text-editor\" data-id=\"327e0ed\" data-element_type=\"widget\" data-widget_type=\"text-editor.default\"><div class=\"elementor-widget-container\"><h1>Modelo D-73<\/h1><div>Casa de Madera o de Canexel de 72,71 m2, compuesta<\/div><div>\u00a0de sal\u00f3n-comedor de 17,58 m2 con cocina de 6,93 m2 de<\/div><div>\u00a0superficie, tres dormitorios, ba\u00f1o completo y porche.<\/div><div>\u00a0Solic\u00edtenos sin compromiso los planos de este\u00a0<\/div><div>o cualquier otro de nuestros modelos y se lo\u00a0<\/div><div>enviaremos de inmediato.<\/div><div>\u00a0<\/div><h4>Desde 30.995 \u20ac<\/h4><h4>Consulte precio final llave en mano<\/h4><\/div><\/div><\/div><div class=\"elementor-element elementor-element-01ac3d9 e-con-full e-flex e-con e-child\" data-id=\"01ac3d9\" data-element_type=\"container\" data-settings=\"{&quot;content_width&quot;:&quot;full&quot;}\"><div class=\"elementor-element elementor-element-f05be3a elementor-widget elementor-widget-image\" data-id=\"f05be3a\" data-element_type=\"widget\" data-widget_type=\"image.default\"><div class=\"elementor-widget-container\"><img loading=\"lazy\" decoding=\"async\" class=\"attachment-large size-large wp-image-3412\" src=\"https:\/\/tuscasasdemadera.com\/wp-content\/uploads\/2024\/02\/ALZADO1_73.jpg\" sizes=\"(max-width: 751px) 100vw, 751px\" srcset=\"https:\/\/tuscasasdemadera.com\/wp-content\/uploads\/2024\/02\/ALZADO1_73.jpg 1000w, https:\/\/tuscasasdemadera.com\/wp-content\/uploads\/2024\/02\/ALZADO1_73-300x218.jpg 300w, https:\/\/tuscasasdemadera.com\/wp-content\/uploads\/2024\/02\/ALZADO1_73-768x557.jpg 768w, https:\/\/tuscasasdemadera.com\/wp-content\/uploads\/2024\/02\/ALZADO1_73-600x435.jpg 600w\" alt=\"\" width=\"751\" height=\"544\" \/><\/div><\/div><\/div><\/div><\/div><div class=\"elementor-element elementor-element-842b707 e-flex e-con-boxed e-con e-parent\" data-id=\"842b707\" data-element_type=\"container\" data-settings=\"{&quot;content_width&quot;:&quot;boxed&quot;}\" data-core-v316-plus=\"true\"><div class=\"e-con-inner\"><div class=\"elementor-element elementor-element-4f04047 e-con-full e-flex e-con e-child\" data-id=\"4f04047\" data-element_type=\"container\" data-settings=\"{&quot;content_width&quot;:&quot;full&quot;}\"><div class=\"elementor-element elementor-element-10fc1b8 elementor-widget elementor-widget-image\" data-id=\"10fc1b8\" data-element_type=\"widget\" data-widget_type=\"image.default\"><div class=\"elementor-widget-container\"><img loading=\"lazy\" decoding=\"async\" class=\"attachment-large size-large wp-image-3413\" src=\"https:\/\/tuscasasdemadera.com\/wp-content\/uploads\/2024\/02\/grupoc_d_85_01.jpg\" sizes=\"(max-width: 751px) 100vw, 751px\" srcset=\"https:\/\/tuscasasdemadera.com\/wp-content\/uploads\/2024\/02\/grupoc_d_85_01.jpg 914w, https:\/\/tuscasasdemadera.com\/wp-content\/uploads\/2024\/02\/grupoc_d_85_01-300x104.jpg 300w, https:\/\/tuscasasdemadera.com\/wp-content\/uploads\/2024\/02\/grupoc_d_85_01-768x266.jpg 768w, https:\/\/tuscasasdemadera.com\/wp-content\/uploads\/2024\/02\/grupoc_d_85_01-600x207.jpg 600w\" alt=\"\" width=\"751\" height=\"260\" \/><\/div><\/div><\/div><div class=\"elementor-element elementor-element-8190549 e-con-full e-flex e-con e-child\" data-id=\"8190549\" data-element_type=\"container\" data-settings=\"{&quot;content_width&quot;:&quot;full&quot;}\"><div class=\"elementor-element elementor-element-0a5a7e0 elementor-widget elementor-widget-text-editor\" data-id=\"0a5a7e0\" data-element_type=\"widget\" data-widget_type=\"text-editor.default\"><div class=\"elementor-widget-container\"><h1>Modelo D-85<\/h1><div>Casa de Madera de 85,00 m2, compuesta de porche\u00a0<\/div><div>de entrada, hall, gran sal\u00f3n con cocina americana\u00a0<\/div><div>de casi 40 m2, tres dormitorios y un ba\u00f1o.<\/div><div>\u00a0Solic\u00edtenos sin compromiso los planos de este o<\/div><div>\u00a0cualquier otro de nuestros modelos y se lo<\/div><div>\u00a0enviaremos de inmediato.<\/div><div>\u00a0<\/div><h4>Desde 39.995 \u20ac<\/h4><h4>Consulte precio final llave en mano<\/h4><\/div><\/div><\/div><\/div><\/div><div class=\"elementor-element elementor-element-fa0d7ad e-flex e-con-boxed e-con e-parent\" data-id=\"fa0d7ad\" data-element_type=\"container\" data-settings=\"{&quot;content_width&quot;:&quot;boxed&quot;}\" data-core-v316-plus=\"true\"><div class=\"e-con-inner\"><div class=\"elementor-element elementor-element-1fa2cc7 e-con-full e-flex e-con e-child\" data-id=\"1fa2cc7\" data-element_type=\"container\" data-settings=\"{&quot;content_width&quot;:&quot;full&quot;}\"><div class=\"elementor-element elementor-element-16e3109 elementor-widget elementor-widget-text-editor\" data-id=\"16e3109\" data-element_type=\"widget\" data-widget_type=\"text-editor.default\"><div class=\"elementor-widget-container\"><h1>Modelo D-94<\/h1><div>Casa de Madera o de Canexel de 94,00 m2, compuesta de<\/div><div>\u00a0sal\u00f3n-comedor de 21,42 m2 con cocina independiente de\u00a0<\/div><div>7,27 m2 de superficie, tres dormitorios, ba\u00f1o completo y<\/div><div>\u00a0dos porches. Solic\u00edtenos sin compromiso los planos de<\/div><div>\u00a0este o cualquier otro de nuestros modelos y\u00a0<\/div><div>se lo enviaremos de inmediato.<\/div><div>\u00a0<\/div><h4>Desde 40.995 \u20ac<\/h4><h4>Consulte precio final llave en mano<\/h4><\/div><\/div><\/div><div class=\"elementor-element elementor-element-17664fe e-con-full e-flex e-con e-child\" data-id=\"17664fe\" data-element_type=\"container\" data-settings=\"{&quot;content_width&quot;:&quot;full&quot;}\"><div class=\"elementor-element elementor-element-60426a9 elementor-widget elementor-widget-image\" data-id=\"60426a9\" data-element_type=\"widget\" data-widget_type=\"image.default\"><div class=\"elementor-widget-container\"><img loading=\"lazy\" decoding=\"async\" class=\"attachment-large size-large wp-image-3414\" src=\"https:\/\/tuscasasdemadera.com\/wp-content\/uploads\/2024\/02\/ALZADO_4_94.jpg\" sizes=\"(max-width: 751px) 100vw, 751px\" srcset=\"https:\/\/tuscasasdemadera.com\/wp-content\/uploads\/2024\/02\/ALZADO_4_94.jpg 914w, https:\/\/tuscasasdemadera.com\/wp-content\/uploads\/2024\/02\/ALZADO_4_94-300x184.jpg 300w, https:\/\/tuscasasdemadera.com\/wp-content\/uploads\/2024\/02\/ALZADO_4_94-768x471.jpg 768w, https:\/\/tuscasasdemadera.com\/wp-content\/uploads\/2024\/02\/ALZADO_4_94-600x368.jpg 600w\" alt=\"\" width=\"751\" height=\"460\" \/><\/div><\/div><\/div><\/div><\/div><div class=\"elementor-element elementor-element-7fa54ee e-flex e-con-boxed e-con e-parent\" data-id=\"7fa54ee\" data-element_type=\"container\" data-settings=\"{&quot;content_width&quot;:&quot;boxed&quot;}\" data-core-v316-plus=\"true\"><div class=\"e-con-inner\"><div class=\"elementor-element elementor-element-ddf1036 e-con-full e-flex e-con e-child\" data-id=\"ddf1036\" data-element_type=\"container\" data-settings=\"{&quot;content_width&quot;:&quot;full&quot;}\"><div class=\"elementor-element elementor-element-7ea7d57 elementor-widget elementor-widget-image\" data-id=\"7ea7d57\" data-element_type=\"widget\" data-widget_type=\"image.default\"><div class=\"elementor-widget-container\"><img loading=\"lazy\" decoding=\"async\" class=\"attachment-large size-large wp-image-3415\" src=\"https:\/\/tuscasasdemadera.com\/wp-content\/uploads\/2024\/02\/ALZADO_86.jpg\" sizes=\"(max-width: 751px) 100vw, 751px\" srcset=\"https:\/\/tuscasasdemadera.com\/wp-content\/uploads\/2024\/02\/ALZADO_86.jpg 914w, https:\/\/tuscasasdemadera.com\/wp-content\/uploads\/2024\/02\/ALZADO_86-300x225.jpg 300w, https:\/\/tuscasasdemadera.com\/wp-content\/uploads\/2024\/02\/ALZADO_86-768x576.jpg 768w, https:\/\/tuscasasdemadera.com\/wp-content\/uploads\/2024\/02\/ALZADO_86-600x450.jpg 600w\" alt=\"\" width=\"751\" height=\"563\" \/><\/div><\/div><\/div><div class=\"elementor-element elementor-element-64efe58 e-con-full e-flex e-con e-child\" data-id=\"64efe58\" data-element_type=\"container\" data-settings=\"{&quot;content_width&quot;:&quot;full&quot;}\"><div class=\"elementor-element elementor-element-99e5809 elementor-widget elementor-widget-text-editor\" data-id=\"99e5809\" data-element_type=\"widget\" data-widget_type=\"text-editor.default\"><div class=\"elementor-widget-container\"><h1>Modelo D-86A<\/h1><div>Casa de Madera o de Canexel de 85,56 m2, compuesta de<\/div><div>\u00a0sal\u00f3n-comedor de 27,12 m2 con cocina independiente de\u00a0<\/div><div>7,04 m2 de superficie, tres dormitorios, ba\u00f1o completo y\u00a0<\/div><div>dos porches. Solic\u00edtenos sin compromiso los planos de<\/div><div>\u00a0este o cualquier otro de nuestros modelos y<\/div><div>\u00a0se lo enviaremos de inmediato.<\/div><div>\u00a0<\/div><h4>Desde 40.995 \u20ac<\/h4><h4>Consulte precio final llave en mano<\/h4><\/div><\/div><\/div><\/div><\/div><div class=\"elementor-element elementor-element-8a40f1f e-flex e-con-boxed e-con e-parent\" data-id=\"8a40f1f\" data-element_type=\"container\" data-settings=\"{&quot;content_width&quot;:&quot;boxed&quot;}\" data-core-v316-plus=\"true\"><div class=\"e-con-inner\"><div class=\"elementor-element elementor-element-fc7ef52 e-con-full e-flex e-con e-child\" data-id=\"fc7ef52\" data-element_type=\"container\" data-settings=\"{&quot;content_width&quot;:&quot;full&quot;}\"><div class=\"elementor-element elementor-element-9600815 elementor-widget elementor-widget-text-editor\" data-id=\"9600815\" data-element_type=\"widget\" data-widget_type=\"text-editor.default\"><div class=\"elementor-widget-container\"><h1>Modelo D-95A<\/h1><div>Casa de Madera o de Canexel de 95 m2, compuesta de<\/div><div>\u00a0porche de entrada, hall de entrada, gran sal\u00f3n-comedor,<\/div><div>\u00a0cocina independiente, dos dormitorios, dos ba\u00f1os y una\u00a0<\/div><div>terraza. Solic\u00edtenos sin compromiso los planos de este o<\/div><div>\u00a0cualquier otro de nuestros modelos y se lo<\/div><div>\u00a0enviaremos de inmediato.<\/div><div>\u00a0<\/div><h4>Desde 41.495 \u20ac<\/h4><h4>Consulte precio final llave en mano<\/h4><\/div><\/div><\/div><div class=\"elementor-element elementor-element-3f898e9 e-con-full e-flex e-con e-child\" data-id=\"3f898e9\" data-element_type=\"container\" data-settings=\"{&quot;content_width&quot;:&quot;full&quot;}\"><div class=\"elementor-element elementor-element-e17619f elementor-widget elementor-widget-image\" data-id=\"e17619f\" data-element_type=\"widget\" data-widget_type=\"image.default\"><div class=\"elementor-widget-container\"><img loading=\"lazy\" decoding=\"async\" class=\"attachment-large size-large wp-image-3416\" src=\"https:\/\/tuscasasdemadera.com\/wp-content\/uploads\/2024\/02\/grupoc_d_95_01.jpg\" sizes=\"(max-width: 751px) 100vw, 751px\" srcset=\"https:\/\/tuscasasdemadera.com\/wp-content\/uploads\/2024\/02\/grupoc_d_95_01.jpg 914w, https:\/\/tuscasasdemadera.com\/wp-content\/uploads\/2024\/02\/grupoc_d_95_01-300x104.jpg 300w, https:\/\/tuscasasdemadera.com\/wp-content\/uploads\/2024\/02\/grupoc_d_95_01-768x266.jpg 768w, https:\/\/tuscasasdemadera.com\/wp-content\/uploads\/2024\/02\/grupoc_d_95_01-600x207.jpg 600w\" alt=\"\" width=\"751\" height=\"260\" \/><\/div><\/div><\/div><\/div><\/div><div class=\"elementor-element elementor-element-d006776 e-flex e-con-boxed e-con e-parent\" data-id=\"d006776\" data-element_type=\"container\" data-settings=\"{&quot;content_width&quot;:&quot;boxed&quot;}\" data-core-v316-plus=\"true\"><div class=\"e-con-inner\"><div class=\"elementor-element elementor-element-160ece9 e-con-full e-flex e-con e-child\" data-id=\"160ece9\" data-element_type=\"container\" data-settings=\"{&quot;content_width&quot;:&quot;full&quot;}\"><div class=\"elementor-element elementor-element-31b55b0 elementor-widget elementor-widget-image\" data-id=\"31b55b0\" data-element_type=\"widget\" data-widget_type=\"image.default\"><div class=\"elementor-widget-container\"><img loading=\"lazy\" decoding=\"async\" class=\"attachment-large size-large wp-image-3417\" src=\"https:\/\/tuscasasdemadera.com\/wp-content\/uploads\/2024\/02\/ALZADO_100.jpg\" sizes=\"(max-width: 751px) 100vw, 751px\" srcset=\"https:\/\/tuscasasdemadera.com\/wp-content\/uploads\/2024\/02\/ALZADO_100.jpg 914w, https:\/\/tuscasasdemadera.com\/wp-content\/uploads\/2024\/02\/ALZADO_100-300x212.jpg 300w, https:\/\/tuscasasdemadera.com\/wp-content\/uploads\/2024\/02\/ALZADO_100-768x543.jpg 768w, https:\/\/tuscasasdemadera.com\/wp-content\/uploads\/2024\/02\/ALZADO_100-600x424.jpg 600w\" alt=\"\" width=\"751\" height=\"531\" \/><\/div><\/div><\/div><div class=\"elementor-element elementor-element-431353a e-con-full e-flex e-con e-child\" data-id=\"431353a\" data-element_type=\"container\" data-settings=\"{&quot;content_width&quot;:&quot;full&quot;}\"><div class=\"elementor-element elementor-element-526ec42 elementor-widget elementor-widget-text-editor\" data-id=\"526ec42\" data-element_type=\"widget\" data-widget_type=\"text-editor.default\"><div class=\"elementor-widget-container\"><h1>Modelo D-100<\/h1><div>Casa de Madera o de Canexel de 99,96 m2, compuesta\u00a0<\/div><div>de sal\u00f3n-comedor de 35,64 m2 con cocina independiente\u00a0<\/div><div>de 6,95 m2 de superficie, tres dormitorios, ba\u00f1o completo\u00a0<\/div><div>y dos porches. Solic\u00edtenos sin compromiso los planos de\u00a0<\/div><div>este o cualquier otro de nuestros modelos y<\/div><div>\u00a0se lo enviaremos de inmediato.<\/div><div>\u00a0<\/div><h4>Desde 41.495 \u20ac<\/h4><h4>Consulte precio final llave en mano<\/h4><\/div><\/div><\/div><\/div><\/div><div class=\"elementor-element elementor-element-1d40f05 e-flex e-con-boxed e-con e-parent\" data-id=\"1d40f05\" data-element_type=\"container\" data-settings=\"{&quot;content_width&quot;:&quot;boxed&quot;}\" data-core-v316-plus=\"true\"><div class=\"e-con-inner\"><div class=\"elementor-element elementor-element-afd5eb4 e-con-full e-flex e-con e-child\" data-id=\"afd5eb4\" data-element_type=\"container\" data-settings=\"{&quot;content_width&quot;:&quot;full&quot;}\"><div class=\"elementor-element elementor-element-8737352 elementor-widget elementor-widget-text-editor\" data-id=\"8737352\" data-element_type=\"widget\" data-widget_type=\"text-editor.default\"><div class=\"elementor-widget-container\"><h1>Modelo D-91<\/h1><div>Casa de Madera o de Canexel de 90,86 m2 en dos plantas,<\/div><div>\u00a0compuesta de sal\u00f3n-comedor de 26,00 m2 con cocina\u00a0<\/div><div>independiente de 5,50 m2 de superficie, aseo y porche\u00a0<\/div><div>en planta baja y tres dormitorios, ba\u00f1o completo y\u00a0<\/div><div>terraza en la planta superior. Solic\u00edtenos sin compromiso\u00a0<\/div><div>los planos de este o cualquier otro de nuestros modelos<\/div><div>\u00a0y se lo enviaremos de inmediato.<\/div><div>\u00a0<\/div><h4>Desde 47.294,50 \u20ac<\/h4><h4>Consulte precio final llave en mano<\/h4><p>.<\/p><\/div><\/div><\/div><div class=\"elementor-element elementor-element-bcd45a1 e-con-full e-flex e-con e-child\" data-id=\"bcd45a1\" data-element_type=\"container\" data-settings=\"{&quot;content_width&quot;:&quot;full&quot;}\"><div class=\"elementor-element elementor-element-ab2e90b elementor-widget elementor-widget-image\" data-id=\"ab2e90b\" data-element_type=\"widget\" data-widget_type=\"image.default\"><div class=\"elementor-widget-container\"><img loading=\"lazy\" decoding=\"async\" class=\"attachment-large size-large wp-image-3418\" src=\"https:\/\/tuscasasdemadera.com\/wp-content\/uploads\/2024\/02\/C91_1.jpg\" sizes=\"(max-width: 751px) 100vw, 751px\" srcset=\"https:\/\/tuscasasdemadera.com\/wp-content\/uploads\/2024\/02\/C91_1.jpg 914w, https:\/\/tuscasasdemadera.com\/wp-content\/uploads\/2024\/02\/C91_1-300x225.jpg 300w, https:\/\/tuscasasdemadera.com\/wp-content\/uploads\/2024\/02\/C91_1-768x576.jpg 768w, https:\/\/tuscasasdemadera.com\/wp-content\/uploads\/2024\/02\/C91_1-600x450.jpg 600w\" alt=\"\" width=\"751\" height=\"563\" \/><\/div><\/div><\/div><\/div><\/div><div class=\"elementor-element elementor-element-59aa393 e-flex e-con-boxed e-con e-parent\" data-id=\"59aa393\" data-element_type=\"container\" data-settings=\"{&quot;content_width&quot;:&quot;boxed&quot;}\" data-core-v316-plus=\"true\"><div class=\"e-con-inner\"><div class=\"elementor-element elementor-element-dd02714 e-con-full e-flex e-con e-child\" data-id=\"dd02714\" data-element_type=\"container\" data-settings=\"{&quot;content_width&quot;:&quot;full&quot;}\"><div class=\"elementor-element elementor-element-8f77e7d elementor-widget elementor-widget-image\" data-id=\"8f77e7d\" data-element_type=\"widget\" data-widget_type=\"image.default\"><div class=\"elementor-widget-container\"><img loading=\"lazy\" decoding=\"async\" class=\"attachment-large size-large wp-image-3419\" src=\"https:\/\/tuscasasdemadera.com\/wp-content\/uploads\/2024\/02\/grupoc_d12803.jpg\" sizes=\"(max-width: 751px) 100vw, 751px\" srcset=\"https:\/\/tuscasasdemadera.com\/wp-content\/uploads\/2024\/02\/grupoc_d12803.jpg 1000w, https:\/\/tuscasasdemadera.com\/wp-content\/uploads\/2024\/02\/grupoc_d12803-300x104.jpg 300w, https:\/\/tuscasasdemadera.com\/wp-content\/uploads\/2024\/02\/grupoc_d12803-768x266.jpg 768w, https:\/\/tuscasasdemadera.com\/wp-content\/uploads\/2024\/02\/grupoc_d12803-600x208.jpg 600w\" alt=\"\" width=\"751\" height=\"260\" \/><\/div><\/div><\/div><div class=\"elementor-element elementor-element-5fda69b e-con-full e-flex e-con e-child\" data-id=\"5fda69b\" data-element_type=\"container\" data-settings=\"{&quot;content_width&quot;:&quot;full&quot;}\"><div class=\"elementor-element elementor-element-4164af0 elementor-widget elementor-widget-text-editor\" data-id=\"4164af0\" data-element_type=\"widget\" data-widget_type=\"text-editor.default\"><div class=\"elementor-widget-container\"><h1>Modelo D-128<\/h1><div>Casa de Madera de 127,50 m2 en dos plantas, compuesta<\/div><div>\u00a0de tres porches, gran sal\u00f3n-comedor, cocina independiente,\u00a0<\/div><div>un aseo, dos ba\u00f1os, tres dormitorios y una terraza.<\/div><div>\u00a0Existe una variante del mismo modelo con un ba\u00f1o\u00a0<\/div><div>m\u00e1s incluido en el dormitorio principal tal como se<\/div><div>\u00a0puede observar en las plantas (en este caso la vivienda<\/div><div>\u00a0contar\u00e1 con 3,52 m2 m\u00e1s). Solic\u00edtenos sin compromiso\u00a0<\/div><div>los planos de este o cualquier otro de nuestros modelos<\/div><div>\u00a0y se lo enviaremos de inmediato.<\/div><div>\u00a0<\/div><h4>Desde 50.995 \u20ac<\/h4><h4>Consulte precio final llave en mano<\/h4><\/div><\/div><\/div><\/div><\/div><div class=\"elementor-element elementor-element-37bcf2c e-flex e-con-boxed e-con e-parent\" data-id=\"37bcf2c\" data-element_type=\"container\" data-settings=\"{&quot;content_width&quot;:&quot;boxed&quot;}\" data-core-v316-plus=\"true\"><div class=\"e-con-inner\"><div class=\"elementor-element elementor-element-9d158c8 e-con-full e-flex e-con e-child\" data-id=\"9d158c8\" data-element_type=\"container\" data-settings=\"{&quot;content_width&quot;:&quot;full&quot;}\"><div class=\"elementor-element elementor-element-475101b elementor-widget elementor-widget-text-editor\" data-id=\"475101b\" data-element_type=\"widget\" data-widget_type=\"text-editor.default\"><div class=\"elementor-widget-container\"><h1>Modelo D-120<\/h1><div>Casa de Madera o de Canexel de 120,26 m2 de dos plantas,<\/div><div>\u00a0compuesta de sal\u00f3n-comedor de 31,10 m2 con cocina\u00a0<\/div><div>independiente de 8,70 m2 de superficie, despensa, dos<\/div><div>\u00a0dormitorios, ba\u00f1o completo y porche en planta baja y<\/div><div>\u00a0dormitorio principal con ba\u00f1o incorporado en planta alta<\/div><div>. Solic\u00edtenos sin compromiso los planos de este o\u00a0<\/div><div>cualquier otro de nuestros modelos y se lo<\/div><div>\u00a0enviaremos de inmediato.<\/div><div>\u00a0<\/div><h4>Desde 57.774 \u20ac<\/h4><h4>Consulte precio final llave en mano<\/h4><\/div><\/div><\/div><div class=\"elementor-element elementor-element-732fb9b e-con-full e-flex e-con e-child\" data-id=\"732fb9b\" data-element_type=\"container\" data-settings=\"{&quot;content_width&quot;:&quot;full&quot;}\"><div class=\"elementor-element elementor-element-8080d6d elementor-widget elementor-widget-image\" data-id=\"8080d6d\" data-element_type=\"widget\" data-widget_type=\"image.default\"><div class=\"elementor-widget-container\"><img loading=\"lazy\" decoding=\"async\" class=\"attachment-large size-large wp-image-3420\" src=\"https:\/\/tuscasasdemadera.com\/wp-content\/uploads\/2024\/02\/120.jpg\" sizes=\"(max-width: 450px) 100vw, 450px\" srcset=\"https:\/\/tuscasasdemadera.com\/wp-content\/uploads\/2024\/02\/120.jpg 450w, https:\/\/tuscasasdemadera.com\/wp-content\/uploads\/2024\/02\/120-300x225.jpg 300w\" alt=\"\" width=\"450\" height=\"337\" \/><\/div><\/div><\/div><\/div><\/div><div class=\"elementor-element elementor-element-879e039 e-flex e-con-boxed e-con e-parent\" data-id=\"879e039\" data-element_type=\"container\" data-settings=\"{&quot;content_width&quot;:&quot;boxed&quot;}\" data-core-v316-plus=\"true\"><div class=\"e-con-inner\"><div class=\"elementor-element elementor-element-dae01bd e-con-full e-flex e-con e-child\" data-id=\"dae01bd\" data-element_type=\"container\" data-settings=\"{&quot;content_width&quot;:&quot;full&quot;}\"><div class=\"elementor-element elementor-element-08f6a0c elementor-widget elementor-widget-image\" data-id=\"08f6a0c\" data-element_type=\"widget\" data-widget_type=\"image.default\"><div class=\"elementor-widget-container\"><img loading=\"lazy\" decoding=\"async\" class=\"attachment-large size-large wp-image-3424\" src=\"https:\/\/tuscasasdemadera.com\/wp-content\/uploads\/2024\/02\/MODELOS_DE_CASAS_DE_MADERA_3_Model_1__1.jpg\" sizes=\"(max-width: 751px) 100vw, 751px\" srcset=\"https:\/\/tuscasasdemadera.com\/wp-content\/uploads\/2024\/02\/MODELOS_DE_CASAS_DE_MADERA_3_Model_1__1.jpg 914w, https:\/\/tuscasasdemadera.com\/wp-content\/uploads\/2024\/02\/MODELOS_DE_CASAS_DE_MADERA_3_Model_1__1-300x166.jpg 300w, https:\/\/tuscasasdemadera.com\/wp-content\/uploads\/2024\/02\/MODELOS_DE_CASAS_DE_MADERA_3_Model_1__1-768x426.jpg 768w, https:\/\/tuscasasdemadera.com\/wp-content\/uploads\/2024\/02\/MODELOS_DE_CASAS_DE_MADERA_3_Model_1__1-600x333.jpg 600w\" alt=\"\" width=\"751\" height=\"417\" \/><\/div><\/div><\/div><div class=\"elementor-element elementor-element-61d9a87 e-con-full e-flex e-con e-child\" data-id=\"61d9a87\" data-element_type=\"container\" data-settings=\"{&quot;content_width&quot;:&quot;full&quot;}\"><div class=\"elementor-element elementor-element-7ef8c41 elementor-widget elementor-widget-text-editor\" data-id=\"7ef8c41\" data-element_type=\"widget\" data-widget_type=\"text-editor.default\"><div class=\"elementor-widget-container\"><h1>Modelo D-132B<\/h1><div>Casa de Madera o de Canexel de 132,42 m2, compuesta<\/div><div>\u00a0de sal\u00f3n-comedor de 33,37 m2 de superficie, con cocina de<\/div><div>\u00a012,60 m2, aseo, dos ba\u00f1os completos, cuartos dormitorios<\/div><div>\u00a0y garaje. Solic\u00edtenos sin compromiso los planos de est<\/div><div>e o cualquier otro de nuestros modelos y se<\/div><div>\u00a0lo enviaremos de inmediato.<\/div><div>\u00a0<\/div><h4>Desde 54.995 \u20ac<\/h4><h4>Consulte precio final llave en mano<\/h4><\/div><\/div><\/div><\/div><\/div><div class=\"elementor-element elementor-element-02d02b0 e-flex e-con-boxed e-con e-parent\" data-id=\"02d02b0\" data-element_type=\"container\" data-settings=\"{&quot;content_width&quot;:&quot;boxed&quot;}\" data-core-v316-plus=\"true\"><div class=\"e-con-inner\"><div class=\"elementor-element elementor-element-8c3f305 e-con-full e-flex e-con e-child\" data-id=\"8c3f305\" data-element_type=\"container\" data-settings=\"{&quot;content_width&quot;:&quot;full&quot;}\"><div class=\"elementor-element elementor-element-ba177a4 elementor-widget elementor-widget-text-editor\" data-id=\"ba177a4\" data-element_type=\"widget\" data-widget_type=\"text-editor.default\"><div class=\"elementor-widget-container\"><h1>Modelo D-135A<\/h1><div>Casa de Madera de 135 m2 en dos plantas, compuesta<\/div><div>\u00a0de porche, sal\u00f3n\/comedor a doble altura, cocina, aseo,<\/div><div>\u00a0ba\u00f1o, tres dormitorios y terraza. Solic\u00edtenos sin compromiso<\/div><div>\u00a0los planos de este o cualquier otro de nuestros modelos<\/div><div>\u00a0y se lo enviaremos de inmediato.<\/div><div>\u00a0<\/div><h4>Desde 55.495 \u20ac<\/h4><h4>Consulte precio final llave en mano<\/h4><\/div><\/div><\/div><div class=\"elementor-element elementor-element-ec6e7ac e-con-full e-flex e-con e-child\" data-id=\"ec6e7ac\" data-element_type=\"container\" data-settings=\"{&quot;content_width&quot;:&quot;full&quot;}\"><div class=\"elementor-element elementor-element-8b4fcf3 elementor-widget elementor-widget-image\" data-id=\"8b4fcf3\" data-element_type=\"widget\" data-widget_type=\"image.default\"><div class=\"elementor-widget-container\"><img loading=\"lazy\" decoding=\"async\" class=\"attachment-large size-large wp-image-3425\" src=\"https:\/\/tuscasasdemadera.com\/wp-content\/uploads\/2024\/02\/grupoc_d_135_01.jpg\" sizes=\"(max-width: 751px) 100vw, 751px\" srcset=\"https:\/\/tuscasasdemadera.com\/wp-content\/uploads\/2024\/02\/grupoc_d_135_01.jpg 1000w, https:\/\/tuscasasdemadera.com\/wp-content\/uploads\/2024\/02\/grupoc_d_135_01-300x104.jpg 300w, https:\/\/tuscasasdemadera.com\/wp-content\/uploads\/2024\/02\/grupoc_d_135_01-768x266.jpg 768w, https:\/\/tuscasasdemadera.com\/wp-content\/uploads\/2024\/02\/grupoc_d_135_01-600x208.jpg 600w\" alt=\"\" width=\"751\" height=\"260\" \/><\/div><\/div><\/div><\/div><\/div><div class=\"elementor-element elementor-element-49e4617 e-flex e-con-boxed e-con e-parent\" data-id=\"49e4617\" data-element_type=\"container\" data-settings=\"{&quot;content_width&quot;:&quot;boxed&quot;}\" data-core-v316-plus=\"true\"><div class=\"e-con-inner\"><div class=\"elementor-element elementor-element-bdcc9ab e-con-full e-flex e-con e-child\" data-id=\"bdcc9ab\" data-element_type=\"container\" data-settings=\"{&quot;content_width&quot;:&quot;full&quot;}\"><div class=\"elementor-element elementor-element-b853bf8 elementor-widget elementor-widget-image\" data-id=\"b853bf8\" data-element_type=\"widget\" data-widget_type=\"image.default\"><div class=\"elementor-widget-container\"><img loading=\"lazy\" decoding=\"async\" class=\"attachment-large size-large wp-image-3426\" src=\"https:\/\/tuscasasdemadera.com\/wp-content\/uploads\/2024\/02\/ALZADO_123.jpg\" sizes=\"(max-width: 751px) 100vw, 751px\" srcset=\"https:\/\/tuscasasdemadera.com\/wp-content\/uploads\/2024\/02\/ALZADO_123.jpg 914w, https:\/\/tuscasasdemadera.com\/wp-content\/uploads\/2024\/02\/ALZADO_123-300x208.jpg 300w, https:\/\/tuscasasdemadera.com\/wp-content\/uploads\/2024\/02\/ALZADO_123-768x532.jpg 768w, https:\/\/tuscasasdemadera.com\/wp-content\/uploads\/2024\/02\/ALZADO_123-600x416.jpg 600w\" alt=\"\" width=\"751\" height=\"520\" \/><\/div><\/div><\/div><div class=\"elementor-element elementor-element-0dedd7f e-con-full e-flex e-con e-child\" data-id=\"0dedd7f\" data-element_type=\"container\" data-settings=\"{&quot;content_width&quot;:&quot;full&quot;}\"><div class=\"elementor-element elementor-element-69ac2f1 elementor-widget elementor-widget-text-editor\" data-id=\"69ac2f1\" data-element_type=\"widget\" data-widget_type=\"text-editor.default\"><div class=\"elementor-widget-container\"><h1>Modelo D-124<\/h1><div>Casa de Madera o de Canexel de 123,50 m2 de dos plantas<\/div><div>, compuesta de sal\u00f3n-comedor de 32,19 m2 con cocina<\/div><div>\u00a0independiente de 9,60 m2 de superficie, hall, aseo y<\/div><div>\u00a0porche en planta baja y tres dormitorios y dos ba\u00f1os completos\u00a0<\/div><div>en planta primera. Solic\u00edtenos sin compromiso los planos<\/div><div>\u00a0de este o cualquier otro de nuestros modelos<\/div><div>\u00a0y se lo enviaremos de inmediato.<\/div><div>\u00a0<\/div><h4>Desde 55.995 \u20ac<\/h4><h4>Consulte precio final llave en mano<\/h4><\/div><\/div><\/div><\/div><\/div><div class=\"elementor-element elementor-element-884d8d7 e-flex e-con-boxed e-con e-parent\" data-id=\"884d8d7\" data-element_type=\"container\" data-settings=\"{&quot;content_width&quot;:&quot;boxed&quot;}\" data-core-v316-plus=\"true\"><div class=\"e-con-inner\"><div class=\"elementor-element elementor-element-079a123 e-con-full e-flex e-con e-child\" data-id=\"079a123\" data-element_type=\"container\" data-settings=\"{&quot;content_width&quot;:&quot;full&quot;}\"><div class=\"elementor-element elementor-element-b112e69 elementor-widget elementor-widget-text-editor\" data-id=\"b112e69\" data-element_type=\"widget\" data-widget_type=\"text-editor.default\"><div class=\"elementor-widget-container\"><h1>Modelo D-129<\/h1><div>Casa de Madera 129,00 m2 en dos plantas, compuesta de<\/div><div>\u00a0gran sal\u00f3n-comedor a doble altura, cocina, un aseo, un ba\u00f1o<\/div><div>, dos dormitorios y un despacho. Solic\u00edtenos sin compromiso<\/div><div>\u00a0los planos de este o cualquier otro de nuestros modelos\u00a0<\/div><div>y se lo enviaremos de inmediato.<\/div><div>\u00a0<\/div><h4>Desde 58.495 \u20ac<\/h4><h4>Consulte precio final llave en mano<\/h4><\/div><\/div><\/div><div class=\"elementor-element elementor-element-4996cf8 e-con-full e-flex e-con e-child\" data-id=\"4996cf8\" data-element_type=\"container\" data-settings=\"{&quot;content_width&quot;:&quot;full&quot;}\"><div class=\"elementor-element elementor-element-e79b005 elementor-widget elementor-widget-image\" data-id=\"e79b005\" data-element_type=\"widget\" data-widget_type=\"image.default\"><div class=\"elementor-widget-container\"><img loading=\"lazy\" decoding=\"async\" class=\"attachment-large size-large wp-image-3429\" src=\"https:\/\/tuscasasdemadera.com\/wp-content\/uploads\/2024\/02\/grupoc_d-129_01.jpg\" sizes=\"(max-width: 722px) 100vw, 722px\" srcset=\"https:\/\/tuscasasdemadera.com\/wp-content\/uploads\/2024\/02\/grupoc_d-129_01.jpg 722w, https:\/\/tuscasasdemadera.com\/wp-content\/uploads\/2024\/02\/grupoc_d-129_01-300x135.jpg 300w, https:\/\/tuscasasdemadera.com\/wp-content\/uploads\/2024\/02\/grupoc_d-129_01-600x270.jpg 600w\" alt=\"\" width=\"722\" height=\"325\" \/><\/div><\/div><\/div><\/div><\/div><div class=\"elementor-element elementor-element-8d831b6 e-flex e-con-boxed e-con e-parent\" data-id=\"8d831b6\" data-element_type=\"container\" data-settings=\"{&quot;content_width&quot;:&quot;boxed&quot;}\" data-core-v316-plus=\"true\"><div class=\"e-con-inner\"><div class=\"elementor-element elementor-element-699308f e-con-full e-flex e-con e-child\" data-id=\"699308f\" data-element_type=\"container\" data-settings=\"{&quot;content_width&quot;:&quot;full&quot;}\"><div class=\"elementor-element elementor-element-4ae8dec elementor-widget elementor-widget-image\" data-id=\"4ae8dec\" data-element_type=\"widget\" data-widget_type=\"image.default\"><div class=\"elementor-widget-container\"><img loading=\"lazy\" decoding=\"async\" class=\"attachment-large size-large wp-image-3435\" src=\"https:\/\/tuscasasdemadera.com\/wp-content\/uploads\/2024\/02\/grupoc_d_13902.jpg\" sizes=\"(max-width: 751px) 100vw, 751px\" srcset=\"https:\/\/tuscasasdemadera.com\/wp-content\/uploads\/2024\/02\/grupoc_d_13902.jpg 1000w, https:\/\/tuscasasdemadera.com\/wp-content\/uploads\/2024\/02\/grupoc_d_13902-300x104.jpg 300w, https:\/\/tuscasasdemadera.com\/wp-content\/uploads\/2024\/02\/grupoc_d_13902-768x266.jpg 768w, https:\/\/tuscasasdemadera.com\/wp-content\/uploads\/2024\/02\/grupoc_d_13902-600x208.jpg 600w\" alt=\"\" width=\"751\" height=\"260\" \/><\/div><\/div><\/div><div class=\"elementor-element elementor-element-5b89557 e-con-full e-flex e-con e-child\" data-id=\"5b89557\" data-element_type=\"container\" data-settings=\"{&quot;content_width&quot;:&quot;full&quot;}\"><div class=\"elementor-element elementor-element-ca7b821 elementor-widget elementor-widget-text-editor\" data-id=\"ca7b821\" data-element_type=\"widget\" data-widget_type=\"text-editor.default\"><div class=\"elementor-widget-container\"><h1>Modelo D-139<\/h1><div>Casa de Madera 129,00 m2 en dos plantas, compuesta de<\/div><div>\u00a0gran sal\u00f3n-comedor a doble altura, cocina, un aseo, un ba\u00f1o,<\/div><div>\u00a0dos dormitorios y un despacho. Solic\u00edtenos sin compromiso<\/div><div>\u00a0los planos de este o cualquier otro de nuestros<\/div><div>\u00a0modelos y se lo enviaremos de inmediato.<\/div><div>\u00a0<\/div><h4>Desde 61.495 \u20ac<\/h4><h4>Consulte precio final llave en mano<\/h4><\/div><\/div><\/div><\/div><\/div><div class=\"elementor-element elementor-element-45372f2 e-flex e-con-boxed e-con e-parent\" data-id=\"45372f2\" data-element_type=\"container\" data-settings=\"{&quot;content_width&quot;:&quot;boxed&quot;}\" data-core-v316-plus=\"true\"><div class=\"e-con-inner\"><div class=\"elementor-element elementor-element-e1f93ba e-con-full e-flex e-con e-child\" data-id=\"e1f93ba\" data-element_type=\"container\" data-settings=\"{&quot;content_width&quot;:&quot;full&quot;}\"><div class=\"elementor-element elementor-element-bf2f55f elementor-widget elementor-widget-text-editor\" data-id=\"bf2f55f\" data-element_type=\"widget\" data-widget_type=\"text-editor.default\"><div class=\"elementor-widget-container\"><h1>Modelo D-163<\/h1><div>Casa de Madera o de Canexel de\u00a0<span id=\"adtext_2\" class=\"adtext\">madera<\/span>\u00a0de 163,20 m2<\/div><div>\u00a0en dos plantas, compuesta de sal\u00f3n-comedor 35,25 m2\u00a0<\/div><div>de superficie, cocina independiente de 13,41 m2, hall, aseo<\/div><div>, guardarropa y dos porches en planta baja y tres dormitorios<\/div><div>, ba\u00f1o completo y terraza en planta alta. Solic\u00edtenos\u00a0<\/div><div>sin compromiso los planos de este o cualquier otro\u00a0<\/div><div>de nuestros modelos y se lo enviaremos de inmediato.<\/div><div>\u00a0<\/div><h4>Desde 62.995 \u20ac<\/h4><h4>Consulte precio final llave en mano<\/h4><\/div><\/div><\/div><div class=\"elementor-element elementor-element-115db16 e-con-full e-flex e-con e-child\" data-id=\"115db16\" data-element_type=\"container\" data-settings=\"{&quot;content_width&quot;:&quot;full&quot;}\"><div class=\"elementor-element elementor-element-654213d elementor-widget elementor-widget-image\" data-id=\"654213d\" data-element_type=\"widget\" data-widget_type=\"image.default\"><div class=\"elementor-widget-container\"><img loading=\"lazy\" decoding=\"async\" class=\"attachment-large size-large wp-image-3484\" src=\"https:\/\/tuscasasdemadera.com\/wp-content\/uploads\/2024\/02\/163.jpg\" sizes=\"(max-width: 751px) 100vw, 751px\" srcset=\"https:\/\/tuscasasdemadera.com\/wp-content\/uploads\/2024\/02\/163.jpg 1000w, https:\/\/tuscasasdemadera.com\/wp-content\/uploads\/2024\/02\/163-300x169.jpg 300w, https:\/\/tuscasasdemadera.com\/wp-content\/uploads\/2024\/02\/163-768x432.jpg 768w, https:\/\/tuscasasdemadera.com\/wp-content\/uploads\/2024\/02\/163-600x338.jpg 600w\" alt=\"\" width=\"751\" height=\"423\" \/><\/div><\/div><\/div><\/div><\/div><div class=\"elementor-element elementor-element-498d7ca e-flex e-con-boxed e-con e-parent\" data-id=\"498d7ca\" data-element_type=\"container\" data-settings=\"{&quot;content_width&quot;:&quot;boxed&quot;}\" data-core-v316-plus=\"true\"><div class=\"e-con-inner\"><div class=\"elementor-element elementor-element-ff640ad e-con-full e-flex e-con e-child\" data-id=\"ff640ad\" data-element_type=\"container\" data-settings=\"{&quot;content_width&quot;:&quot;full&quot;}\"><div class=\"elementor-element elementor-element-9ae6d3e elementor-widget elementor-widget-image\" data-id=\"9ae6d3e\" data-element_type=\"widget\" data-widget_type=\"image.default\"><div class=\"elementor-widget-container\"><img loading=\"lazy\" decoding=\"async\" class=\"attachment-large size-large wp-image-3440\" src=\"https:\/\/tuscasasdemadera.com\/wp-content\/uploads\/2024\/02\/grupoc_d_189_01-1.jpg\" sizes=\"(max-width: 751px) 100vw, 751px\" srcset=\"https:\/\/tuscasasdemadera.com\/wp-content\/uploads\/2024\/02\/grupoc_d_189_01-1.jpg 914w, https:\/\/tuscasasdemadera.com\/wp-content\/uploads\/2024\/02\/grupoc_d_189_01-1-300x104.jpg 300w, https:\/\/tuscasasdemadera.com\/wp-content\/uploads\/2024\/02\/grupoc_d_189_01-1-768x266.jpg 768w, https:\/\/tuscasasdemadera.com\/wp-content\/uploads\/2024\/02\/grupoc_d_189_01-1-600x207.jpg 600w\" alt=\"\" width=\"751\" height=\"260\" \/><\/div><\/div><\/div><div class=\"elementor-element elementor-element-f604f48 e-con-full e-flex e-con e-child\" data-id=\"f604f48\" data-element_type=\"container\" data-settings=\"{&quot;content_width&quot;:&quot;full&quot;}\"><div class=\"elementor-element elementor-element-d3ca683 elementor-widget elementor-widget-text-editor\" data-id=\"d3ca683\" data-element_type=\"widget\" data-widget_type=\"text-editor.default\"><div class=\"elementor-widget-container\"><h1>Modelo D-153<\/h1><div>Casa de Madera o de Canexel de 153 m2, compuesta<\/div><div>\u00a0de hall de entrada, gran sal\u00f3n-comedor con chimenea,\u00a0<\/div><div>cocina independiente, trastero, cuatro dormitorios,<\/div><div>\u00a0dos ba\u00f1os (uno de ellos en el dormitorio principal),<\/div><div>\u00a0un aseo, una terraza y un cenador con barbacoa.\u00a0<\/div><div>Solic\u00edtenos sin compromiso los planos de este o<\/div><div>\u00a0cualquier otro de nuestros modelos y se lo<\/div><div>\u00a0enviaremos de inmediato.<\/div><div>\u00a0<\/div><h4>Desde 64.495 \u20ac<\/h4><h4>Consulte precio final llave en mano<\/h4><\/div><\/div><\/div><\/div><\/div><div class=\"elementor-element elementor-element-3d0b05d e-flex e-con-boxed e-con e-parent\" data-id=\"3d0b05d\" data-element_type=\"container\" data-settings=\"{&quot;content_width&quot;:&quot;boxed&quot;}\" data-core-v316-plus=\"true\"><div class=\"e-con-inner\"><div class=\"elementor-element elementor-element-a564ae7 e-con-full e-flex e-con e-child\" data-id=\"a564ae7\" data-element_type=\"container\" data-settings=\"{&quot;content_width&quot;:&quot;full&quot;}\"><div class=\"elementor-element elementor-element-36db5ca elementor-widget elementor-widget-text-editor\" data-id=\"36db5ca\" data-element_type=\"widget\" data-widget_type=\"text-editor.default\"><div class=\"elementor-widget-container\"><h1>Modelo D-150A<\/h1><div>Casa de Madera de 150 m2 en dos plantas, compuesta<\/div><div>\u00a0de sal\u00f3n a doble altura, cocina independiente, aseo, tre<\/div><div>s dormitorios y dos ba\u00f1os. Solic\u00edtenos sin compromiso<\/div><div>\u00a0los planos de este o cualquier otro de nuestros modelos<\/div><div>\u00a0y se lo enviaremos de inmediato.<\/div><div>\u00a0<\/div><h4>Desde 65.995 \u20ac<\/h4><h4>Consulte precio final llave en mano<\/h4><\/div><\/div><\/div><div class=\"elementor-element elementor-element-3a0f674 e-con-full e-flex e-con e-child\" data-id=\"3a0f674\" data-element_type=\"container\" data-settings=\"{&quot;content_width&quot;:&quot;full&quot;}\"><div class=\"elementor-element elementor-element-537cdd5 elementor-widget elementor-widget-image\" data-id=\"537cdd5\" data-element_type=\"widget\" data-widget_type=\"image.default\"><div class=\"elementor-widget-container\"><img loading=\"lazy\" decoding=\"async\" class=\"attachment-large size-large wp-image-3443\" src=\"https:\/\/tuscasasdemadera.com\/wp-content\/uploads\/2024\/02\/grupoc_d_150_02.jpg\" sizes=\"(max-width: 751px) 100vw, 751px\" srcset=\"https:\/\/tuscasasdemadera.com\/wp-content\/uploads\/2024\/02\/grupoc_d_150_02.jpg 1000w, https:\/\/tuscasasdemadera.com\/wp-content\/uploads\/2024\/02\/grupoc_d_150_02-300x104.jpg 300w, https:\/\/tuscasasdemadera.com\/wp-content\/uploads\/2024\/02\/grupoc_d_150_02-768x266.jpg 768w, https:\/\/tuscasasdemadera.com\/wp-content\/uploads\/2024\/02\/grupoc_d_150_02-600x208.jpg 600w\" alt=\"\" width=\"751\" height=\"260\" \/><\/div><\/div><\/div><\/div><\/div><div class=\"elementor-element elementor-element-e9beb06 e-flex e-con-boxed e-con e-parent\" data-id=\"e9beb06\" data-element_type=\"container\" data-settings=\"{&quot;content_width&quot;:&quot;boxed&quot;}\" data-core-v316-plus=\"true\"><div class=\"e-con-inner\"><div class=\"elementor-element elementor-element-a5542f4 e-con-full e-flex e-con e-child\" data-id=\"a5542f4\" data-element_type=\"container\" data-settings=\"{&quot;content_width&quot;:&quot;full&quot;}\"><div class=\"elementor-element elementor-element-917595e elementor-widget elementor-widget-image\" data-id=\"917595e\" data-element_type=\"widget\" data-widget_type=\"image.default\"><div class=\"elementor-widget-container\"><img loading=\"lazy\" decoding=\"async\" class=\"attachment-large size-large wp-image-3486\" src=\"https:\/\/tuscasasdemadera.com\/wp-content\/uploads\/2024\/02\/178a-1.jpg\" sizes=\"(max-width: 751px) 100vw, 751px\" srcset=\"https:\/\/tuscasasdemadera.com\/wp-content\/uploads\/2024\/02\/178a-1.jpg 800w, https:\/\/tuscasasdemadera.com\/wp-content\/uploads\/2024\/02\/178a-1-300x227.jpg 300w, https:\/\/tuscasasdemadera.com\/wp-content\/uploads\/2024\/02\/178a-1-768x581.jpg 768w, https:\/\/tuscasasdemadera.com\/wp-content\/uploads\/2024\/02\/178a-1-600x454.jpg 600w\" alt=\"\" width=\"751\" height=\"568\" \/><\/div><\/div><\/div><div class=\"elementor-element elementor-element-42a0261 e-con-full e-flex e-con e-child\" data-id=\"42a0261\" data-element_type=\"container\" data-settings=\"{&quot;content_width&quot;:&quot;full&quot;}\"><div class=\"elementor-element elementor-element-adf574d elementor-widget elementor-widget-text-editor\" data-id=\"adf574d\" data-element_type=\"widget\" data-widget_type=\"text-editor.default\"><div class=\"elementor-widget-container\"><h1>Modelo D-178A<\/h1><div>Casa de Madera o de Canexel de 177,55 m2 en dos<\/div><div>\u00a0plantas, compuesta de sal\u00f3n-comedor 36,24 m2 de superficie<\/div><div>, cocina independiente de 11,74 m2, hall, aseo y dos\u00a0<span id=\"adtext_2\" class=\"adtext\">porches<\/span><\/div><div>\u00a0en planta baja y tres dormitorios, ba\u00f1o completo y dos terrazas<\/div><div>\u00a0en planta alta. Solic\u00edtenos sin compromiso los planos\u00a0<\/div><div>de este o cualquier otro de nuestros modelos<\/div><div>\u00a0y se lo enviaremos de inmediato.<\/div><div>\u00a0<\/div><h4>Desde 69.995 \u20ac<\/h4><h4>Consulte precio final llave en mano<\/h4><\/div><\/div><\/div><\/div><\/div><div class=\"elementor-element elementor-element-56c8729 e-flex e-con-boxed e-con e-parent\" data-id=\"56c8729\" data-element_type=\"container\" data-settings=\"{&quot;content_width&quot;:&quot;boxed&quot;}\" data-core-v316-plus=\"true\"><div class=\"e-con-inner\"><div class=\"elementor-element elementor-element-906063c e-con-full e-flex e-con e-child\" data-id=\"906063c\" data-element_type=\"container\" data-settings=\"{&quot;content_width&quot;:&quot;full&quot;}\"><div class=\"elementor-element elementor-element-ff11be1 elementor-widget elementor-widget-text-editor\" data-id=\"ff11be1\" data-element_type=\"widget\" data-widget_type=\"text-editor.default\"><div class=\"elementor-widget-container\"><h1>Modelo D-178B<\/h1><div>Casa de Madera o de Canexel de 177,55 m2 en dos<\/div><div>\u00a0plantas, compuesta de sal\u00f3n-comedor 53,79 m2 de<\/div><div>\u00a0superficie, cocina independiente de 11,74 m2, hall, aseo\u00a0<\/div><div>y dos\u00a0<span id=\"adtext_2\" class=\"adtext\">porches<\/span>\u00a0en planta baja y tres dormitorios, ba\u00f1o completo<\/div><div>\u00a0y dos terrazas en planta alta. Solic\u00edtenos sin<\/div><div>\u00a0compromiso los planos de este o cualquier otro<\/div><div>\u00a0de nuestros modelos y se lo enviaremos de inmediato.<\/div><div>\u00a0<\/div><h4>Desde 71.995\u20ac<\/h4><h4>Consulte precio final llave en mano<\/h4><\/div><\/div><\/div><div class=\"elementor-element elementor-element-b8f5d8f e-con-full e-flex e-con e-child\" data-id=\"b8f5d8f\" data-element_type=\"container\" data-settings=\"{&quot;content_width&quot;:&quot;full&quot;}\"><div class=\"elementor-element elementor-element-0d8ad3a elementor-widget elementor-widget-image\" data-id=\"0d8ad3a\" data-element_type=\"widget\" data-widget_type=\"image.default\"><div class=\"elementor-widget-container\"><img loading=\"lazy\" decoding=\"async\" class=\"attachment-large size-large wp-image-3487\" src=\"https:\/\/tuscasasdemadera.com\/wp-content\/uploads\/2024\/02\/img9_1.jpg\" sizes=\"(max-width: 751px) 100vw, 751px\" srcset=\"https:\/\/tuscasasdemadera.com\/wp-content\/uploads\/2024\/02\/img9_1.jpg 800w, https:\/\/tuscasasdemadera.com\/wp-content\/uploads\/2024\/02\/img9_1-300x227.jpg 300w, https:\/\/tuscasasdemadera.com\/wp-content\/uploads\/2024\/02\/img9_1-768x581.jpg 768w, https:\/\/tuscasasdemadera.com\/wp-content\/uploads\/2024\/02\/img9_1-600x454.jpg 600w\" alt=\"\" width=\"751\" height=\"568\" \/><\/div><\/div><\/div><\/div><\/div><div class=\"elementor-element elementor-element-89784a3 e-flex e-con-boxed e-con e-parent\" data-id=\"89784a3\" data-element_type=\"container\" data-settings=\"{&quot;content_width&quot;:&quot;boxed&quot;}\" data-core-v316-plus=\"true\"><div class=\"e-con-inner\"><div class=\"elementor-element elementor-element-c40884b e-con-full e-flex e-con e-child\" data-id=\"c40884b\" data-element_type=\"container\" data-settings=\"{&quot;content_width&quot;:&quot;full&quot;}\"><div class=\"elementor-element elementor-element-cd145b9 elementor-widget elementor-widget-image\" data-id=\"cd145b9\" data-element_type=\"widget\" data-widget_type=\"image.default\"><div class=\"elementor-widget-container\"><img loading=\"lazy\" decoding=\"async\" class=\"attachment-large size-large wp-image-3488\" src=\"https:\/\/tuscasasdemadera.com\/wp-content\/uploads\/2024\/02\/76012_B600.jpg\" sizes=\"(max-width: 600px) 100vw, 600px\" srcset=\"https:\/\/tuscasasdemadera.com\/wp-content\/uploads\/2024\/02\/76012_B600.jpg 600w, https:\/\/tuscasasdemadera.com\/wp-content\/uploads\/2024\/02\/76012_B600-300x224.jpg 300w\" alt=\"\" width=\"600\" height=\"448\" \/><\/div><\/div><\/div><div class=\"elementor-element elementor-element-10ea66b e-con-full e-flex e-con e-child\" data-id=\"10ea66b\" data-element_type=\"container\" data-settings=\"{&quot;content_width&quot;:&quot;full&quot;}\"><div class=\"elementor-element elementor-element-98e1a85 elementor-widget elementor-widget-text-editor\" data-id=\"98e1a85\" data-element_type=\"widget\" data-widget_type=\"text-editor.default\"><div class=\"elementor-widget-container\"><h1>Modelo D-193<\/h1><div>Casa de Madera o de 192,60 m2 en dos plantas,\u00a0<\/div><div>compuesta de sal\u00f3n-comedor 34,52 m2 de superficie,<\/div><div>\u00a0cocina independiente de 13,93 m2, hall, aseo y<\/div><div>\u00a0porche en planta baja y tres dormitorios, ba\u00f1o completo<\/div><div>\u00a0y dos terrazas en planta alta. Solic\u00edtenos sin compromiso<\/div><div>\u00a0los planos de este o cualquier otro de nuestros<\/div><div>\u00a0modelos y se lo enviaremos de inmediato.<\/div><h4>\u00a0<\/h4><h4>Desde 72.995 \u20ac<\/h4><h4>Consulte precio final llave en mano<\/h4><\/div><\/div><\/div><\/div><\/div><div class=\"elementor-element elementor-element-267a39e e-flex e-con-boxed e-con e-parent\" data-id=\"267a39e\" data-element_type=\"container\" data-settings=\"{&quot;content_width&quot;:&quot;boxed&quot;}\" data-core-v316-plus=\"true\"><div class=\"e-con-inner\"><div class=\"elementor-element elementor-element-ece5b53 e-con-full e-flex e-con e-child\" data-id=\"ece5b53\" data-element_type=\"container\" data-settings=\"{&quot;content_width&quot;:&quot;full&quot;}\"><div class=\"elementor-element elementor-element-76375d8 elementor-widget elementor-widget-text-editor\" data-id=\"76375d8\" data-element_type=\"widget\" data-widget_type=\"text-editor.default\"><div class=\"elementor-widget-container\"><h1>Modelo D-168B<\/h1><div>Casa de Madera de 167,90 m2 en dos plantas<\/div><div>, compuesta de dos porches, hall de entrada,\u00a0<\/div><div>gran sal\u00f3n-comedor, cocina independiente,<\/div><div>\u00a0trastero, un aseo, dos ba\u00f1os, cuatro dormitorios<\/div><div>\u00a0y una terraza. Solic\u00edtenos sin compromiso los planos<\/div><div>\u00a0de este o cualquier otro de nuestros modelos<\/div><div>\u00a0y se lo enviaremos de inmediato.<\/div><div>\u00a0<\/div><h4>Desde 72.995 \u20ac<\/h4><h4>Consulte precio final llave en mano<\/h4><\/div><\/div><\/div><div class=\"elementor-element elementor-element-edc2de4 e-con-full e-flex e-con e-child\" data-id=\"edc2de4\" data-element_type=\"container\" data-settings=\"{&quot;content_width&quot;:&quot;full&quot;}\"><div class=\"elementor-element elementor-element-86514ad elementor-widget elementor-widget-image\" data-id=\"86514ad\" data-element_type=\"widget\" data-widget_type=\"image.default\"><div class=\"elementor-widget-container\"><img loading=\"lazy\" decoding=\"async\" class=\"attachment-large size-large wp-image-3492\" src=\"https:\/\/tuscasasdemadera.com\/wp-content\/uploads\/2024\/02\/d168b.jpg\" sizes=\"(max-width: 751px) 100vw, 751px\" srcset=\"https:\/\/tuscasasdemadera.com\/wp-content\/uploads\/2024\/02\/d168b.jpg 1000w, https:\/\/tuscasasdemadera.com\/wp-content\/uploads\/2024\/02\/d168b-300x104.jpg 300w, https:\/\/tuscasasdemadera.com\/wp-content\/uploads\/2024\/02\/d168b-768x266.jpg 768w, https:\/\/tuscasasdemadera.com\/wp-content\/uploads\/2024\/02\/d168b-600x208.jpg 600w\" alt=\"\" width=\"751\" height=\"260\" \/><\/div><\/div><\/div><\/div><\/div><div class=\"elementor-element elementor-element-3a818be e-flex e-con-boxed e-con e-parent\" data-id=\"3a818be\" data-element_type=\"container\" data-settings=\"{&quot;content_width&quot;:&quot;boxed&quot;}\" data-core-v316-plus=\"true\"><div class=\"e-con-inner\"><div class=\"elementor-element elementor-element-67eea0c e-con-full e-flex e-con e-child\" data-id=\"67eea0c\" data-element_type=\"container\" data-settings=\"{&quot;content_width&quot;:&quot;full&quot;}\"><div class=\"elementor-element elementor-element-553dd6d elementor-widget elementor-widget-image\" data-id=\"553dd6d\" data-element_type=\"widget\" data-widget_type=\"image.default\"><div class=\"elementor-widget-container\"><img loading=\"lazy\" decoding=\"async\" class=\"attachment-large size-large wp-image-3493\" src=\"https:\/\/tuscasasdemadera.com\/wp-content\/uploads\/2024\/02\/grupoc_d_180_01.jpg\" sizes=\"(max-width: 751px) 100vw, 751px\" srcset=\"https:\/\/tuscasasdemadera.com\/wp-content\/uploads\/2024\/02\/grupoc_d_180_01.jpg 1000w, https:\/\/tuscasasdemadera.com\/wp-content\/uploads\/2024\/02\/grupoc_d_180_01-300x104.jpg 300w, https:\/\/tuscasasdemadera.com\/wp-content\/uploads\/2024\/02\/grupoc_d_180_01-768x266.jpg 768w, https:\/\/tuscasasdemadera.com\/wp-content\/uploads\/2024\/02\/grupoc_d_180_01-600x208.jpg 600w\" alt=\"\" width=\"751\" height=\"260\" \/><\/div><\/div><\/div><div class=\"elementor-element elementor-element-f86f8d4 e-con-full e-flex e-con e-child\" data-id=\"f86f8d4\" data-element_type=\"container\" data-settings=\"{&quot;content_width&quot;:&quot;full&quot;}\"><div class=\"elementor-element elementor-element-4c6374a elementor-widget elementor-widget-text-editor\" data-id=\"4c6374a\" data-element_type=\"widget\" data-widget_type=\"text-editor.default\"><div class=\"elementor-widget-container\"><h1>Modelo D-180.<\/h1><div>Casa de Madera de 180,00 m2 en dos plantas,<\/div><div>\u00a0compuesta de dos porches, gran sal\u00f3n-comedor,<\/div><div>\u00a0cocina, un aseo, dos ba\u00f1os, tres dormitorios y dos<\/div><div>\u00a0terrazas. Solic\u00edtenos sin compromiso los planos\u00a0<\/div><div>de este o cualquier otro de nuestros modelos<\/div><div>\u00a0y se lo enviaremos de inmediato.<\/div><div>\u00a0<\/div><h4>Desde 79.495 \u20ac<\/h4><h4>Consulte precio final llave en mano<\/h4><div class=\"elementor-element elementor-element-b030ad2 e-flex e-con-boxed e-con e-parent\" data-id=\"b030ad2\" data-element_type=\"container\" data-settings=\"{&quot;content_width&quot;:&quot;boxed&quot;}\" data-core-v316-plus=\"true\"><div class=\"e-con-inner\"><div class=\"elementor-element elementor-element-ca9f432 e-con-full e-flex e-con e-child\" data-id=\"ca9f432\" data-element_type=\"container\" data-settings=\"{&quot;content_width&quot;:&quot;full&quot;}\"><div class=\"elementor-element elementor-element-14cb3de elementor-widget elementor-widget-text-editor\" data-id=\"14cb3de\" data-element_type=\"widget\" data-widget_type=\"text-editor.default\"><div class=\"elementor-widget-container\"><h1>Modelo Guadalete<\/h1><p>El modelo perfecto para la peque\u00f1a familia es Guadalete.Cuenta con espacios grandes y peque\u00f1os.\u00a0Los materiales que componen tan alta calidad y la estructura proporcionan acceso desde todas las partes de la casa.<\/p><p>.<\/p><\/div><\/div><\/div><div class=\"elementor-element elementor-element-dc50154 e-con-full e-flex e-con e-child\" data-id=\"dc50154\" data-element_type=\"container\" data-settings=\"{&quot;content_width&quot;:&quot;full&quot;}\"><div class=\"elementor-element elementor-element-cbd2cf0 elementor-widget elementor-widget-image\" data-id=\"cbd2cf0\" data-element_type=\"widget\" data-widget_type=\"image.default\"><div class=\"elementor-widget-container\"><img loading=\"lazy\" decoding=\"async\" class=\"attachment-large size-large wp-image-3041\" src=\"https:\/\/tuscasasdemadera.com\/wp-content\/uploads\/2024\/01\/guadalete.jpg\" sizes=\"(max-width: 600px) 100vw, 600px\" srcset=\"https:\/\/tuscasasdemadera.com\/wp-content\/uploads\/2024\/01\/guadalete.jpg 600w, https:\/\/tuscasasdemadera.com\/wp-content\/uploads\/2024\/01\/guadalete-300x195.jpg 300w\" alt=\"\" width=\"600\" height=\"390\" \/><\/div><\/div><\/div><\/div><\/div><div class=\"elementor-element elementor-element-caba364 e-flex e-con-boxed e-con e-parent\" data-id=\"caba364\" data-element_type=\"container\" data-settings=\"{&quot;content_width&quot;:&quot;boxed&quot;}\" data-core-v316-plus=\"true\"><div class=\"e-con-inner\"><div class=\"elementor-element elementor-element-1032b21 e-con-full e-flex e-con e-child\" data-id=\"1032b21\" data-element_type=\"container\" data-settings=\"{&quot;content_width&quot;:&quot;full&quot;}\"><div class=\"elementor-element elementor-element-a7c6886 elementor-widget elementor-widget-image\" data-id=\"a7c6886\" data-element_type=\"widget\" data-widget_type=\"image.default\"><div class=\"elementor-widget-container\"><img loading=\"lazy\" decoding=\"async\" class=\"attachment-large size-large wp-image-3042\" src=\"https:\/\/tuscasasdemadera.com\/wp-content\/uploads\/2024\/01\/jiloca.jpg\" sizes=\"(max-width: 600px) 100vw, 600px\" srcset=\"https:\/\/tuscasasdemadera.com\/wp-content\/uploads\/2024\/01\/jiloca.jpg 600w, https:\/\/tuscasasdemadera.com\/wp-content\/uploads\/2024\/01\/jiloca-300x195.jpg 300w, https:\/\/tuscasasdemadera.com\/wp-content\/uploads\/2024\/01\/jiloca-387x250.jpg 387w\" alt=\"\" width=\"600\" height=\"389\" \/><\/div><\/div><\/div><div class=\"elementor-element elementor-element-6fc3456 e-con-full e-flex e-con e-child\" data-id=\"6fc3456\" data-element_type=\"container\" data-settings=\"{&quot;content_width&quot;:&quot;full&quot;}\"><div class=\"elementor-element elementor-element-db42345 elementor-widget elementor-widget-text-editor\" data-id=\"db42345\" data-element_type=\"widget\" data-widget_type=\"text-editor.default\"><div class=\"elementor-widget-container\"><h1>Modelo Jiloca<\/h1><p>El atractivo de esta casa Jiloca en su mezcla de cl\u00e1sico y moderno.\u00a0Tambi\u00e9n tiene una gran terraza y muy buena iluminaci\u00f3n en cada espacio.<\/p><\/div><\/div><\/div><\/div><\/div><div class=\"elementor-element elementor-element-9b6c665 e-flex e-con-boxed e-con e-parent\" data-id=\"9b6c665\" data-element_type=\"container\" data-settings=\"{&quot;content_width&quot;:&quot;boxed&quot;}\" data-core-v316-plus=\"true\"><div class=\"e-con-inner\"><div class=\"elementor-element elementor-element-7a00c17 e-con-full e-flex e-con e-child\" data-id=\"7a00c17\" data-element_type=\"container\" data-settings=\"{&quot;content_width&quot;:&quot;full&quot;}\"><div class=\"elementor-element elementor-element-2c3630d elementor-widget elementor-widget-text-editor\" data-id=\"2c3630d\" data-element_type=\"widget\" data-widget_type=\"text-editor.default\"><div class=\"elementor-widget-container\"><h1>Modelo Girona<\/h1><p>El proyecto Girona tiene un amplio frente que se conecta a una mezcla con el medio ambiente del espacio natural.\u00a0Es un amplio y c\u00f3modo l\u00edneas construidas..<\/p><\/div><\/div><\/div><div class=\"elementor-element elementor-element-b7b014a e-con-full e-flex e-con e-child\" data-id=\"b7b014a\" data-element_type=\"container\" data-settings=\"{&quot;content_width&quot;:&quot;full&quot;}\"><div class=\"elementor-element elementor-element-4cfc12e elementor-widget elementor-widget-image\" data-id=\"4cfc12e\" data-element_type=\"widget\" data-widget_type=\"image.default\"><div class=\"elementor-widget-container\"><img loading=\"lazy\" decoding=\"async\" class=\"attachment-large size-large wp-image-3043\" src=\"https:\/\/tuscasasdemadera.com\/wp-content\/uploads\/2024\/01\/girona.jpg\" sizes=\"(max-width: 600px) 100vw, 600px\" srcset=\"https:\/\/tuscasasdemadera.com\/wp-content\/uploads\/2024\/01\/girona.jpg 600w, https:\/\/tuscasasdemadera.com\/wp-content\/uploads\/2024\/01\/girona-300x188.jpg 300w\" alt=\"\" width=\"600\" height=\"375\" \/><\/div><\/div><\/div><\/div><\/div><div class=\"elementor-element elementor-element-aa243ed e-flex e-con-boxed e-con e-parent\" data-id=\"aa243ed\" data-element_type=\"container\" data-settings=\"{&quot;content_width&quot;:&quot;boxed&quot;}\" data-core-v316-plus=\"true\"><div class=\"e-con-inner\"><div class=\"elementor-element elementor-element-2fcaf4a e-con-full e-flex e-con e-child\" data-id=\"2fcaf4a\" data-element_type=\"container\" data-settings=\"{&quot;content_width&quot;:&quot;full&quot;}\"><div class=\"elementor-element elementor-element-f444eab elementor-widget elementor-widget-image\" data-id=\"f444eab\" data-element_type=\"widget\" data-widget_type=\"image.default\"><div class=\"elementor-widget-container\"><img loading=\"lazy\" decoding=\"async\" class=\"attachment-large size-large wp-image-3044\" src=\"https:\/\/tuscasasdemadera.com\/wp-content\/uploads\/2024\/01\/modelo-Jalon.jpg\" sizes=\"(max-width: 600px) 100vw, 600px\" srcset=\"https:\/\/tuscasasdemadera.com\/wp-content\/uploads\/2024\/01\/modelo-Jalon.jpg 600w, https:\/\/tuscasasdemadera.com\/wp-content\/uploads\/2024\/01\/modelo-Jalon-300x194.jpg 300w, https:\/\/tuscasasdemadera.com\/wp-content\/uploads\/2024\/01\/modelo-Jalon-387x250.jpg 387w\" alt=\"\" width=\"600\" height=\"388\" \/><\/div><\/div><\/div><div class=\"elementor-element elementor-element-02d3e30 e-con-full e-flex e-con e-child\" data-id=\"02d3e30\" data-element_type=\"container\" data-settings=\"{&quot;content_width&quot;:&quot;full&quot;}\"><div class=\"elementor-element elementor-element-927158a elementor-widget elementor-widget-text-editor\" data-id=\"927158a\" data-element_type=\"widget\" data-widget_type=\"text-editor.default\"><div class=\"elementor-widget-container\"><h1>Modelo Jal\u00f3n<\/h1><p>Las l\u00edneas cl\u00e1sicas del modelo de Jalon, materiales de calidad de contactos para crear un proyecto c\u00f3modo con espacios amplios y luminosos.<\/p><\/div><\/div><\/div><\/div><\/div><div class=\"elementor-element elementor-element-23c4c08 e-flex e-con-boxed e-con e-parent\" data-id=\"23c4c08\" data-element_type=\"container\" data-settings=\"{&quot;content_width&quot;:&quot;boxed&quot;}\" data-core-v316-plus=\"true\"><div class=\"e-con-inner\"><div class=\"elementor-element elementor-element-a84a126 e-con-full e-flex e-con e-child\" data-id=\"a84a126\" data-element_type=\"container\" data-settings=\"{&quot;content_width&quot;:&quot;full&quot;}\"><div class=\"elementor-element elementor-element-e1be315 elementor-widget elementor-widget-text-editor\" data-id=\"e1be315\" data-element_type=\"widget\" data-widget_type=\"text-editor.default\"><div class=\"elementor-widget-container\"><h1>Modelo G\u00e9vora<\/h1><p>El modelo Gevora se define por su sencillez y sus amplios espacios abiertos.\u00a0Dise\u00f1ado con dos grandes balcones en ambos extremos de la casa, llega a descansar y<\/p><\/div><\/div><\/div><div class=\"elementor-element elementor-element-e7b31cd e-con-full e-flex e-con e-child\" data-id=\"e7b31cd\" data-element_type=\"container\" data-settings=\"{&quot;content_width&quot;:&quot;full&quot;}\"><div class=\"elementor-element elementor-element-6eab7a4 elementor-widget elementor-widget-image\" data-id=\"6eab7a4\" data-element_type=\"widget\" data-widget_type=\"image.default\"><div class=\"elementor-widget-container\"><img loading=\"lazy\" decoding=\"async\" class=\"attachment-large size-large wp-image-3045\" src=\"https:\/\/tuscasasdemadera.com\/wp-content\/uploads\/2024\/01\/gevora.jpg\" sizes=\"(max-width: 600px) 100vw, 600px\" srcset=\"https:\/\/tuscasasdemadera.com\/wp-content\/uploads\/2024\/01\/gevora.jpg 600w, https:\/\/tuscasasdemadera.com\/wp-content\/uploads\/2024\/01\/gevora-300x192.jpg 300w\" alt=\"\" width=\"600\" height=\"383\" \/><\/div><\/div><\/div><\/div><\/div><div class=\"elementor-element elementor-element-e68352e e-flex e-con-boxed e-con e-parent\" data-id=\"e68352e\" data-element_type=\"container\" data-settings=\"{&quot;content_width&quot;:&quot;boxed&quot;}\" data-core-v316-plus=\"true\"><div class=\"e-con-inner\"><div class=\"elementor-element elementor-element-1b83d1f e-con-full e-flex e-con e-child\" data-id=\"1b83d1f\" data-element_type=\"container\" data-settings=\"{&quot;content_width&quot;:&quot;full&quot;}\"><div class=\"elementor-element elementor-element-ae93a0b elementor-widget elementor-widget-image\" data-id=\"ae93a0b\" data-element_type=\"widget\" data-widget_type=\"image.default\"><div class=\"elementor-widget-container\"><img loading=\"lazy\" decoding=\"async\" class=\"attachment-large size-large wp-image-3046\" src=\"https:\/\/tuscasasdemadera.com\/wp-content\/uploads\/2024\/01\/insua.jpg\" sizes=\"(max-width: 600px) 100vw, 600px\" srcset=\"https:\/\/tuscasasdemadera.com\/wp-content\/uploads\/2024\/01\/insua.jpg 600w, https:\/\/tuscasasdemadera.com\/wp-content\/uploads\/2024\/01\/insua-300x193.jpg 300w, https:\/\/tuscasasdemadera.com\/wp-content\/uploads\/2024\/01\/insua-387x250.jpg 387w\" alt=\"\" width=\"600\" height=\"386\" \/><\/div><\/div><\/div><div class=\"elementor-element elementor-element-d5d3d02 e-con-full e-flex e-con e-child\" data-id=\"d5d3d02\" data-element_type=\"container\" data-settings=\"{&quot;content_width&quot;:&quot;full&quot;}\"><div class=\"elementor-element elementor-element-47587a4 elementor-widget elementor-widget-text-editor\" data-id=\"47587a4\" data-element_type=\"widget\" data-widget_type=\"text-editor.default\"><div class=\"elementor-widget-container\"><h1>Modelo Ins\u00faa<\/h1><p>Una casa familiar de grandes dimensiones.\u00a0Especialmente para aquellas familias numerosas.\u00a0El dise\u00f1o es perfecto para compartir con una piscina o un patio.<\/p><\/div><\/div><\/div><\/div><\/div><div class=\"elementor-element elementor-element-d88e0ec e-flex e-con-boxed e-con e-parent\" data-id=\"d88e0ec\" data-element_type=\"container\" data-settings=\"{&quot;content_width&quot;:&quot;boxed&quot;}\" data-core-v316-plus=\"true\"><div class=\"e-con-inner\"><div class=\"elementor-element elementor-element-47b0ca8 e-con-full e-flex e-con e-child\" data-id=\"47b0ca8\" data-element_type=\"container\" data-settings=\"{&quot;content_width&quot;:&quot;full&quot;}\"><div class=\"elementor-element elementor-element-823abe2 elementor-widget elementor-widget-text-editor\" data-id=\"823abe2\" data-element_type=\"widget\" data-widget_type=\"text-editor.default\"><div class=\"elementor-widget-container\"><h1>Modelo Drave<\/h1><p>Casa de estilo urbano moderno y contempor\u00e1neo en medio de la naturaleza.\u00a0Su b\u00fasqueda ha contrastes, en \u00e1ngulo recto con su entorno natural.<\/p><\/div><\/div><\/div><div class=\"elementor-element elementor-element-6158d1f e-con-full e-flex e-con e-child\" data-id=\"6158d1f\" data-element_type=\"container\" data-settings=\"{&quot;content_width&quot;:&quot;full&quot;}\"><div class=\"elementor-element elementor-element-5d4fece elementor-widget elementor-widget-image\" data-id=\"5d4fece\" data-element_type=\"widget\" data-widget_type=\"image.default\"><div class=\"elementor-widget-container\"><img loading=\"lazy\" decoding=\"async\" class=\"attachment-large size-large wp-image-3047\" src=\"https:\/\/tuscasasdemadera.com\/wp-content\/uploads\/2024\/01\/drave.jpg\" sizes=\"(max-width: 600px) 100vw, 600px\" srcset=\"https:\/\/tuscasasdemadera.com\/wp-content\/uploads\/2024\/01\/drave.jpg 600w, https:\/\/tuscasasdemadera.com\/wp-content\/uploads\/2024\/01\/drave-300x194.jpg 300w, https:\/\/tuscasasdemadera.com\/wp-content\/uploads\/2024\/01\/drave-387x250.jpg 387w\" alt=\"\" width=\"600\" height=\"387\" \/><\/div><\/div><\/div><\/div><\/div><div class=\"elementor-element elementor-element-56bf965 e-flex e-con-boxed e-con e-parent\" data-id=\"56bf965\" data-element_type=\"container\" data-settings=\"{&quot;content_width&quot;:&quot;boxed&quot;}\" data-core-v316-plus=\"true\"><div class=\"e-con-inner\"><div class=\"elementor-element elementor-element-5e42606 e-con-full e-flex e-con e-child\" data-id=\"5e42606\" data-element_type=\"container\" data-settings=\"{&quot;content_width&quot;:&quot;full&quot;}\"><div class=\"elementor-element elementor-element-c6ce297 elementor-widget elementor-widget-image\" data-id=\"c6ce297\" data-element_type=\"widget\" data-widget_type=\"image.default\"><div class=\"elementor-widget-container\"><img loading=\"lazy\" decoding=\"async\" class=\"attachment-large size-large wp-image-3048\" src=\"https:\/\/tuscasasdemadera.com\/wp-content\/uploads\/2024\/01\/erges.jpg\" sizes=\"(max-width: 600px) 100vw, 600px\" srcset=\"https:\/\/tuscasasdemadera.com\/wp-content\/uploads\/2024\/01\/erges.jpg 600w, https:\/\/tuscasasdemadera.com\/wp-content\/uploads\/2024\/01\/erges-300x194.jpg 300w, https:\/\/tuscasasdemadera.com\/wp-content\/uploads\/2024\/01\/erges-387x250.jpg 387w\" alt=\"\" width=\"600\" height=\"388\" \/><\/div><\/div><\/div><div class=\"elementor-element elementor-element-523a4cb e-con-full e-flex e-con e-child\" data-id=\"523a4cb\" data-element_type=\"container\" data-settings=\"{&quot;content_width&quot;:&quot;full&quot;}\"><div class=\"elementor-element elementor-element-a9976b3 elementor-widget elementor-widget-text-editor\" data-id=\"a9976b3\" data-element_type=\"widget\" data-widget_type=\"text-editor.default\"><div class=\"elementor-widget-container\"><h1>Modelo Erges<\/h1><p>La mezcla de lo natural y lo urbano, el modelo Erges es un amplio y bien dise\u00f1adas como una casa de campo o casa de familia.<\/p><\/div><\/div><\/div><\/div><\/div><div class=\"elementor-element elementor-element-268c6d6 e-flex e-con-boxed e-con e-parent\" data-id=\"268c6d6\" data-element_type=\"container\" data-settings=\"{&quot;content_width&quot;:&quot;boxed&quot;}\" data-core-v316-plus=\"true\"><div class=\"e-con-inner\"><div class=\"elementor-element elementor-element-a89d2c1 e-con-full e-flex e-con e-child\" data-id=\"a89d2c1\" data-element_type=\"container\" data-settings=\"{&quot;content_width&quot;:&quot;full&quot;}\"><div class=\"elementor-element elementor-element-2dea7c0 elementor-widget elementor-widget-text-editor\" data-id=\"2dea7c0\" data-element_type=\"widget\" data-widget_type=\"text-editor.default\"><div class=\"elementor-widget-container\"><h1>Modelo Castell\u00f3n<\/h1><p>Castell\u00f3n proyecto es un modelo muy elegante, muy contempor\u00e1neo.\u00a0Es bordes de la carta proporcionan espacios organizados.<\/p><\/div><\/div><\/div><div class=\"elementor-element elementor-element-64360dd e-con-full e-flex e-con e-child\" data-id=\"64360dd\" data-element_type=\"container\" data-settings=\"{&quot;content_width&quot;:&quot;full&quot;}\"><div class=\"elementor-element elementor-element-91d17a9 elementor-widget elementor-widget-image\" data-id=\"91d17a9\" data-element_type=\"widget\" data-widget_type=\"image.default\"><div class=\"elementor-widget-container\"><img loading=\"lazy\" decoding=\"async\" class=\"attachment-large size-large wp-image-3049\" src=\"https:\/\/tuscasasdemadera.com\/wp-content\/uploads\/2024\/01\/castellon.jpg\" sizes=\"(max-width: 600px) 100vw, 600px\" srcset=\"https:\/\/tuscasasdemadera.com\/wp-content\/uploads\/2024\/01\/castellon.jpg 600w, https:\/\/tuscasasdemadera.com\/wp-content\/uploads\/2024\/01\/castellon-300x137.jpg 300w\" alt=\"\" width=\"600\" height=\"274\" \/><\/div><\/div><\/div><\/div><\/div><div class=\"elementor-element elementor-element-2bd2cd2 e-flex e-con-boxed e-con e-parent\" data-id=\"2bd2cd2\" data-element_type=\"container\" data-settings=\"{&quot;content_width&quot;:&quot;boxed&quot;}\" data-core-v316-plus=\"true\"><div class=\"e-con-inner\"><div class=\"elementor-element elementor-element-fa9acf9 e-con-full e-flex e-con e-child\" data-id=\"fa9acf9\" data-element_type=\"container\" data-settings=\"{&quot;content_width&quot;:&quot;full&quot;}\"><div class=\"elementor-element elementor-element-8925b97 elementor-widget elementor-widget-image\" data-id=\"8925b97\" data-element_type=\"widget\" data-widget_type=\"image.default\"><div class=\"elementor-widget-container\"><img loading=\"lazy\" decoding=\"async\" class=\"attachment-large size-large wp-image-3050\" src=\"https:\/\/tuscasasdemadera.com\/wp-content\/uploads\/2024\/01\/ceira.jpg\" sizes=\"(max-width: 600px) 100vw, 600px\" srcset=\"https:\/\/tuscasasdemadera.com\/wp-content\/uploads\/2024\/01\/ceira.jpg 600w, https:\/\/tuscasasdemadera.com\/wp-content\/uploads\/2024\/01\/ceira-300x194.jpg 300w, https:\/\/tuscasasdemadera.com\/wp-content\/uploads\/2024\/01\/ceira-387x250.jpg 387w\" alt=\"\" width=\"600\" height=\"388\" \/><\/div><\/div><\/div><div class=\"elementor-element elementor-element-57d4af0 e-con-full e-flex e-con e-child\" data-id=\"57d4af0\" data-element_type=\"container\" data-settings=\"{&quot;content_width&quot;:&quot;full&quot;}\"><div class=\"elementor-element elementor-element-9540288 elementor-widget elementor-widget-text-editor\" data-id=\"9540288\" data-element_type=\"widget\" data-widget_type=\"text-editor.default\"><div class=\"elementor-widget-container\"><h1>Modelo Ceira<\/h1><p>Ceira ofrece un dise\u00f1o muy limpio, optimizando el espacio como m\u00e1ximo, por lo que es cossy y ordenada.\u00a0Es perfecto para las peque\u00f1as necesidades de la familia.<\/p><\/div><\/div><\/div><\/div><\/div><div class=\"elementor-element elementor-element-f446b80 e-flex e-con-boxed e-con e-parent\" data-id=\"f446b80\" data-element_type=\"container\" data-settings=\"{&quot;content_width&quot;:&quot;boxed&quot;}\" data-core-v316-plus=\"true\"><div class=\"e-con-inner\"><div class=\"elementor-element elementor-element-7a49a85 e-con-full e-flex e-con e-child\" data-id=\"7a49a85\" data-element_type=\"container\" data-settings=\"{&quot;content_width&quot;:&quot;full&quot;}\"><div class=\"elementor-element elementor-element-cab6904 elementor-widget elementor-widget-text-editor\" data-id=\"cab6904\" data-element_type=\"widget\" data-widget_type=\"text-editor.default\"><div class=\"elementor-widget-container\"><h1>Modelo Badajoz<\/h1><p>Badajoz modelo presenta un dise\u00f1o muy elegante y contempor\u00e1neo.\u00a0La mezcla con materiales como la madera y la piedra se integra perfectamente en un entorno r\u00fastico.\u00a0Es una casa muy espaciosa, con una gran terraza.<\/p><\/div><\/div><\/div><div class=\"elementor-element elementor-element-c8bdfe8 e-con-full e-flex e-con e-child\" data-id=\"c8bdfe8\" data-element_type=\"container\" data-settings=\"{&quot;content_width&quot;:&quot;full&quot;}\"><div class=\"elementor-element elementor-element-33eda7d elementor-widget elementor-widget-image\" data-id=\"33eda7d\" data-element_type=\"widget\" data-widget_type=\"image.default\"><div class=\"elementor-widget-container\"><img loading=\"lazy\" decoding=\"async\" class=\"attachment-large size-large wp-image-3051\" src=\"https:\/\/tuscasasdemadera.com\/wp-content\/uploads\/2024\/01\/modelo-badajoz.jpg\" sizes=\"(max-width: 600px) 100vw, 600px\" srcset=\"https:\/\/tuscasasdemadera.com\/wp-content\/uploads\/2024\/01\/modelo-badajoz.jpg 600w, https:\/\/tuscasasdemadera.com\/wp-content\/uploads\/2024\/01\/modelo-badajoz-300x191.jpg 300w\" alt=\"\" width=\"600\" height=\"382\" \/><\/div><\/div><\/div><\/div><\/div><div class=\"elementor-element elementor-element-ed5e7f4 e-flex e-con-boxed e-con e-parent\" data-id=\"ed5e7f4\" data-element_type=\"container\" data-settings=\"{&quot;content_width&quot;:&quot;boxed&quot;}\" data-core-v316-plus=\"true\"><div class=\"e-con-inner\"><div class=\"elementor-element elementor-element-1aadb2e e-con-full e-flex e-con e-child\" data-id=\"1aadb2e\" data-element_type=\"container\" data-settings=\"{&quot;content_width&quot;:&quot;full&quot;}\"><div class=\"elementor-element elementor-element-5adbaa7 elementor-widget elementor-widget-image\" data-id=\"5adbaa7\" data-element_type=\"widget\" data-widget_type=\"image.default\"><div class=\"elementor-widget-container\"><img loading=\"lazy\" decoding=\"async\" class=\"attachment-large size-large wp-image-3055\" src=\"https:\/\/tuscasasdemadera.com\/wp-content\/uploads\/2024\/01\/avila.jpg\" sizes=\"(max-width: 600px) 100vw, 600px\" srcset=\"https:\/\/tuscasasdemadera.com\/wp-content\/uploads\/2024\/01\/avila.jpg 600w, https:\/\/tuscasasdemadera.com\/wp-content\/uploads\/2024\/01\/avila-300x191.jpg 300w\" alt=\"\" width=\"600\" height=\"382\" \/><\/div><\/div><\/div><div class=\"elementor-element elementor-element-0e4251f e-con-full e-flex e-con e-child\" data-id=\"0e4251f\" data-element_type=\"container\" data-settings=\"{&quot;content_width&quot;:&quot;full&quot;}\"><div class=\"elementor-element elementor-element-f047079 elementor-widget elementor-widget-text-editor\" data-id=\"f047079\" data-element_type=\"widget\" data-widget_type=\"text-editor.default\"><div class=\"elementor-widget-container\"><h1>Modelo Avila<\/h1><p>\u00c1vila Modelo es un proyectos contempor\u00e1neos con un poco de estilo r\u00fastico.\u00a0El exterior de piedra natural es mezclado con las l\u00edneas contempor\u00e1neas de su interior.\u00a0Un gran dise\u00f1o para una casa de campo.<\/p><\/div><\/div><\/div><\/div><\/div><div class=\"elementor-element elementor-element-09b043b e-flex e-con-boxed e-con e-parent\" data-id=\"09b043b\" data-element_type=\"container\" data-settings=\"{&quot;content_width&quot;:&quot;boxed&quot;}\" data-core-v316-plus=\"true\"><div class=\"e-con-inner\"><div class=\"elementor-element elementor-element-9abf981 e-con-full e-flex e-con e-child\" data-id=\"9abf981\" data-element_type=\"container\" data-settings=\"{&quot;content_width&quot;:&quot;full&quot;}\"><div class=\"elementor-element elementor-element-f19ef99 elementor-widget elementor-widget-text-editor\" data-id=\"f19ef99\" data-element_type=\"widget\" data-widget_type=\"text-editor.default\"><div class=\"elementor-widget-container\"><h1>Modelo Bidasoa<\/h1><p>modelo Bidasoa tiene un estilo cl\u00e1sico y elegante, sus l\u00edneas est\u00e1n uniformados trayendo un espacio muy ordenada.\u00a0Tiene una terraza abierta en el segundo piso.<\/p><\/div><\/div><\/div><div class=\"elementor-element elementor-element-6d929df e-con-full e-flex e-con e-child\" data-id=\"6d929df\" data-element_type=\"container\" data-settings=\"{&quot;content_width&quot;:&quot;full&quot;}\"><div class=\"elementor-element elementor-element-f3952cd elementor-widget elementor-widget-image\" data-id=\"f3952cd\" data-element_type=\"widget\" data-widget_type=\"image.default\"><div class=\"elementor-widget-container\"><img loading=\"lazy\" decoding=\"async\" class=\"attachment-large size-large wp-image-3056\" src=\"https:\/\/tuscasasdemadera.com\/wp-content\/uploads\/2024\/01\/bidasoa.jpg\" sizes=\"(max-width: 600px) 100vw, 600px\" srcset=\"https:\/\/tuscasasdemadera.com\/wp-content\/uploads\/2024\/01\/bidasoa.jpg 600w, https:\/\/tuscasasdemadera.com\/wp-content\/uploads\/2024\/01\/bidasoa-300x192.jpg 300w\" alt=\"\" width=\"600\" height=\"383\" \/><\/div><\/div><\/div><\/div><\/div><div class=\"elementor-element elementor-element-99ba144 e-flex e-con-boxed e-con e-parent\" data-id=\"99ba144\" data-element_type=\"container\" data-settings=\"{&quot;content_width&quot;:&quot;boxed&quot;}\" data-core-v316-plus=\"true\"><div class=\"e-con-inner\"><div class=\"elementor-element elementor-element-3358bc5 e-con-full e-flex e-con e-child\" data-id=\"3358bc5\" data-element_type=\"container\" data-settings=\"{&quot;content_width&quot;:&quot;full&quot;}\"><div class=\"elementor-element elementor-element-9137bb8 elementor-widget elementor-widget-image\" data-id=\"9137bb8\" data-element_type=\"widget\" data-widget_type=\"image.default\"><div class=\"elementor-widget-container\"><img loading=\"lazy\" decoding=\"async\" class=\"attachment-large size-large wp-image-3060\" src=\"https:\/\/tuscasasdemadera.com\/wp-content\/uploads\/2024\/01\/arlanzon.jpg\" sizes=\"(max-width: 600px) 100vw, 600px\" srcset=\"https:\/\/tuscasasdemadera.com\/wp-content\/uploads\/2024\/01\/arlanzon.jpg 600w, https:\/\/tuscasasdemadera.com\/wp-content\/uploads\/2024\/01\/arlanzon-300x195.jpg 300w\" alt=\"\" width=\"600\" height=\"390\" \/><\/div><\/div><\/div><div class=\"elementor-element elementor-element-14044b7 e-con-full e-flex e-con e-child\" data-id=\"14044b7\" data-element_type=\"container\" data-settings=\"{&quot;content_width&quot;:&quot;full&quot;}\"><div class=\"elementor-element elementor-element-bcf21d0 elementor-widget elementor-widget-text-editor\" data-id=\"bcf21d0\" data-element_type=\"widget\" data-widget_type=\"text-editor.default\"><div class=\"elementor-widget-container\"><h1>Modelo Arlanz\u00f3n<\/h1><p>Arlazon modelo se basa en un dise\u00f1o m\u00e1s cl\u00e1sico, con una gran terraza en el segundo piso ofrece un ambiente muy amplio y fresco.<\/p><\/div><\/div><\/div><\/div><\/div><div class=\"elementor-element elementor-element-a8f9e23 e-flex e-con-boxed e-con e-parent\" data-id=\"a8f9e23\" data-element_type=\"container\" data-settings=\"{&quot;content_width&quot;:&quot;boxed&quot;}\" data-core-v316-plus=\"true\"><div class=\"e-con-inner\"><div class=\"elementor-element elementor-element-bf5c346 e-con-full e-flex e-con e-child\" data-id=\"bf5c346\" data-element_type=\"container\" data-settings=\"{&quot;content_width&quot;:&quot;full&quot;}\"><div class=\"elementor-element elementor-element-0c2ac04 elementor-widget elementor-widget-text-editor\" data-id=\"0c2ac04\" data-element_type=\"widget\" data-widget_type=\"text-editor.default\"><div class=\"elementor-widget-container\"><h1>Modelo Arganda<\/h1><p>Arganda es un dise\u00f1o muy contempor\u00e1neo, cuenta con 2 plantas y garaje grande.\u00a0La casa se refina en sus l\u00edneas y estilo.<\/p><\/div><\/div><\/div><div class=\"elementor-element elementor-element-c1140fa e-con-full e-flex e-con e-child\" data-id=\"c1140fa\" data-element_type=\"container\" data-settings=\"{&quot;content_width&quot;:&quot;full&quot;}\"><div class=\"elementor-element elementor-element-fda0d8e elementor-widget elementor-widget-image\" data-id=\"fda0d8e\" data-element_type=\"widget\" data-widget_type=\"image.default\"><div class=\"elementor-widget-container\"><img loading=\"lazy\" decoding=\"async\" class=\"attachment-large size-large wp-image-3061\" src=\"https:\/\/tuscasasdemadera.com\/wp-content\/uploads\/2024\/01\/arganda.jpg\" sizes=\"(max-width: 600px) 100vw, 600px\" srcset=\"https:\/\/tuscasasdemadera.com\/wp-content\/uploads\/2024\/01\/arganda.jpg 600w, https:\/\/tuscasasdemadera.com\/wp-content\/uploads\/2024\/01\/arganda-300x191.jpg 300w\" alt=\"\" width=\"600\" height=\"382\" \/><\/div><\/div><\/div><\/div><\/div><div class=\"elementor-element elementor-element-940dc8f e-flex e-con-boxed e-con e-parent\" data-id=\"940dc8f\" data-element_type=\"container\" data-settings=\"{&quot;content_width&quot;:&quot;boxed&quot;}\" data-core-v316-plus=\"true\"><div class=\"e-con-inner\"><div class=\"elementor-element elementor-element-db6eda7 e-con-full e-flex e-con e-child\" data-id=\"db6eda7\" data-element_type=\"container\" data-settings=\"{&quot;content_width&quot;:&quot;full&quot;}\"><div class=\"elementor-element elementor-element-6ab2f95 elementor-widget elementor-widget-image\" data-id=\"6ab2f95\" data-element_type=\"widget\" data-widget_type=\"image.default\"><div class=\"elementor-widget-container\"><img loading=\"lazy\" decoding=\"async\" class=\"attachment-large size-large wp-image-3062\" src=\"https:\/\/tuscasasdemadera.com\/wp-content\/uploads\/2024\/01\/aneto.jpg\" sizes=\"(max-width: 600px) 100vw, 600px\" srcset=\"https:\/\/tuscasasdemadera.com\/wp-content\/uploads\/2024\/01\/aneto.jpg 600w, https:\/\/tuscasasdemadera.com\/wp-content\/uploads\/2024\/01\/aneto-300x197.jpg 300w\" alt=\"\" width=\"600\" height=\"393\" \/><\/div><\/div><\/div><div class=\"elementor-element elementor-element-03a5169 e-con-full e-flex e-con e-child\" data-id=\"03a5169\" data-element_type=\"container\" data-settings=\"{&quot;content_width&quot;:&quot;full&quot;}\"><div class=\"elementor-element elementor-element-ed82a8d elementor-widget elementor-widget-text-editor\" data-id=\"ed82a8d\" data-element_type=\"widget\" data-widget_type=\"text-editor.default\"><div class=\"elementor-widget-container\"><h1>Modelo Aneto<\/h1><p>Aneto proyecto es un gran ejemplo de una casa familiar, tiene habitaciones muy amplias y sala de estar, y que cuenta con una gran terraza que surronds todos los pisos de segundos.<\/p><\/div><\/div><\/div><\/div><\/div><div class=\"elementor-element elementor-element-c416613 e-flex e-con-boxed e-con e-parent\" data-id=\"c416613\" data-element_type=\"container\" data-settings=\"{&quot;content_width&quot;:&quot;boxed&quot;}\" data-core-v316-plus=\"true\"><div class=\"e-con-inner\"><div class=\"elementor-element elementor-element-49a17d6 e-con-full e-flex e-con e-child\" data-id=\"49a17d6\" data-element_type=\"container\" data-settings=\"{&quot;content_width&quot;:&quot;full&quot;}\"><div class=\"elementor-element elementor-element-47d8b2b elementor-widget elementor-widget-text-editor\" data-id=\"47d8b2b\" data-element_type=\"widget\" data-widget_type=\"text-editor.default\"><div class=\"elementor-widget-container\"><h1>Modelo Aranjuez<\/h1><p>Aranjuez es b\u00e1sicamente un dise\u00f1o de estilo contempor\u00e1neo, en busca de optimazing los espacios y encontrar el mejor uso del espacio en una sola planta.<\/p><\/div><\/div><\/div><div class=\"elementor-element elementor-element-5a69c5a e-con-full e-flex e-con e-child\" data-id=\"5a69c5a\" data-element_type=\"container\" data-settings=\"{&quot;content_width&quot;:&quot;full&quot;}\"><div class=\"elementor-element elementor-element-fd125ac elementor-widget elementor-widget-image\" data-id=\"fd125ac\" data-element_type=\"widget\" data-widget_type=\"image.default\"><div class=\"elementor-widget-container\"><img loading=\"lazy\" decoding=\"async\" class=\"attachment-large size-large wp-image-3063\" src=\"https:\/\/tuscasasdemadera.com\/wp-content\/uploads\/2024\/01\/aranjuez.jpg\" sizes=\"(max-width: 600px) 100vw, 600px\" srcset=\"https:\/\/tuscasasdemadera.com\/wp-content\/uploads\/2024\/01\/aranjuez.jpg 600w, https:\/\/tuscasasdemadera.com\/wp-content\/uploads\/2024\/01\/aranjuez-300x191.jpg 300w\" alt=\"\" width=\"600\" height=\"381\" \/><\/div><\/div><\/div><\/div><\/div><div class=\"elementor-element elementor-element-7e1be80 e-flex e-con-boxed e-con e-parent\" data-id=\"7e1be80\" data-element_type=\"container\" data-settings=\"{&quot;content_width&quot;:&quot;boxed&quot;}\" data-core-v316-plus=\"true\"><div class=\"e-con-inner\"><div class=\"elementor-element elementor-element-4d9ffc8 e-con-full e-flex e-con e-child\" data-id=\"4d9ffc8\" data-element_type=\"container\" data-settings=\"{&quot;content_width&quot;:&quot;full&quot;}\"><div class=\"elementor-element elementor-element-a1dd51f elementor-widget elementor-widget-image\" data-id=\"a1dd51f\" data-element_type=\"widget\" data-widget_type=\"image.default\"><div class=\"elementor-widget-container\"><img loading=\"lazy\" decoding=\"async\" class=\"attachment-large size-large wp-image-3067\" src=\"https:\/\/tuscasasdemadera.com\/wp-content\/uploads\/2024\/01\/almanzora.jpg\" sizes=\"(max-width: 600px) 100vw, 600px\" srcset=\"https:\/\/tuscasasdemadera.com\/wp-content\/uploads\/2024\/01\/almanzora.jpg 600w, https:\/\/tuscasasdemadera.com\/wp-content\/uploads\/2024\/01\/almanzora-300x195.jpg 300w, https:\/\/tuscasasdemadera.com\/wp-content\/uploads\/2024\/01\/almanzora-387x250.jpg 387w\" alt=\"\" width=\"600\" height=\"389\" \/><\/div><\/div><\/div><div class=\"elementor-element elementor-element-fff40d9 e-con-full e-flex e-con e-child\" data-id=\"fff40d9\" data-element_type=\"container\" data-settings=\"{&quot;content_width&quot;:&quot;full&quot;}\"><div class=\"elementor-element elementor-element-5d84e03 elementor-widget elementor-widget-text-editor\" data-id=\"5d84e03\" data-element_type=\"widget\" data-widget_type=\"text-editor.default\"><div class=\"elementor-widget-container\"><h1>Modelo Almanzora<\/h1><p>Almanzora est\u00e1 inspirado en las construcciones en el campo, es un dise\u00f1o cl\u00e1sico mezclado con l\u00edneas contempor\u00e1neas.<\/p><\/div><\/div><\/div><\/div><\/div><div class=\"elementor-element elementor-element-0ed51a7 e-flex e-con-boxed e-con e-parent\" data-id=\"0ed51a7\" data-element_type=\"container\" data-settings=\"{&quot;content_width&quot;:&quot;boxed&quot;}\" data-core-v316-plus=\"true\"><div class=\"e-con-inner\"><div class=\"elementor-element elementor-element-f2cc005 e-con-full e-flex e-con e-child\" data-id=\"f2cc005\" data-element_type=\"container\" data-settings=\"{&quot;content_width&quot;:&quot;full&quot;}\"><div class=\"elementor-element elementor-element-8066c5d elementor-widget elementor-widget-text-editor\" data-id=\"8066c5d\" data-element_type=\"widget\" data-widget_type=\"text-editor.default\"><div class=\"elementor-widget-container\"><h1>Modelo Adra<\/h1><p>Modelo Adra es un proyecto de la casa contempor\u00e1nea, que tiene un equilibrio perfecto de piedra y acero y que est\u00e1 basado en materiales de alta calidad.<\/p><\/div><\/div><\/div><div class=\"elementor-element elementor-element-c382207 e-con-full e-flex e-con e-child\" data-id=\"c382207\" data-element_type=\"container\" data-settings=\"{&quot;content_width&quot;:&quot;full&quot;}\"><div class=\"elementor-element elementor-element-7fe57a7 elementor-widget elementor-widget-image\" data-id=\"7fe57a7\" data-element_type=\"widget\" data-widget_type=\"image.default\"><div class=\"elementor-widget-container\"><img loading=\"lazy\" decoding=\"async\" class=\"attachment-large size-large wp-image-3074\" src=\"https:\/\/tuscasasdemadera.com\/wp-content\/uploads\/2024\/01\/adra.jpg\" sizes=\"(max-width: 600px) 100vw, 600px\" srcset=\"https:\/\/tuscasasdemadera.com\/wp-content\/uploads\/2024\/01\/adra.jpg 600w, https:\/\/tuscasasdemadera.com\/wp-content\/uploads\/2024\/01\/adra-300x194.jpg 300w, https:\/\/tuscasasdemadera.com\/wp-content\/uploads\/2024\/01\/adra-387x250.jpg 387w\" alt=\"\" width=\"600\" height=\"388\" \/><\/div><\/div><\/div><\/div><\/div><div class=\"elementor-element elementor-element-9518e1b e-flex e-con-boxed e-con e-parent\" data-id=\"9518e1b\" data-element_type=\"container\" data-settings=\"{&quot;content_width&quot;:&quot;boxed&quot;}\" data-core-v316-plus=\"true\"><div class=\"e-con-inner\"><div class=\"elementor-element elementor-element-98482a2 e-con-full e-flex e-con e-child\" data-id=\"98482a2\" data-element_type=\"container\" data-settings=\"{&quot;content_width&quot;:&quot;full&quot;}\"><div class=\"elementor-element elementor-element-e7b8159 elementor-widget elementor-widget-image\" data-id=\"e7b8159\" data-element_type=\"widget\" data-widget_type=\"image.default\"><div class=\"elementor-widget-container\"><img loading=\"lazy\" decoding=\"async\" class=\"attachment-large size-large wp-image-3075\" src=\"https:\/\/tuscasasdemadera.com\/wp-content\/uploads\/2024\/01\/sanabria.jpg\" sizes=\"(max-width: 600px) 100vw, 600px\" srcset=\"https:\/\/tuscasasdemadera.com\/wp-content\/uploads\/2024\/01\/sanabria.jpg 600w, https:\/\/tuscasasdemadera.com\/wp-content\/uploads\/2024\/01\/sanabria-300x196.jpg 300w\" alt=\"\" width=\"600\" height=\"392\" \/><\/div><\/div><\/div><div class=\"elementor-element elementor-element-290a044 e-con-full e-flex e-con e-child\" data-id=\"290a044\" data-element_type=\"container\" data-settings=\"{&quot;content_width&quot;:&quot;full&quot;}\"><div class=\"elementor-element elementor-element-549dcd7 elementor-widget elementor-widget-text-editor\" data-id=\"549dcd7\" data-element_type=\"widget\" data-widget_type=\"text-editor.default\"><div class=\"elementor-widget-container\"><h1>Modelo Sanabria<\/h1><p>modelo de Sanabria es un proyecto de la casa adosada.\u00a0Los materiales de construcci\u00f3n son de los estandares de calidad muy ligeros y altas<\/p><\/div><\/div><\/div><\/div><\/div><div class=\"elementor-element elementor-element-a589e44 e-flex e-con-boxed e-con e-parent\" data-id=\"a589e44\" data-element_type=\"container\" data-settings=\"{&quot;content_width&quot;:&quot;boxed&quot;}\" data-core-v316-plus=\"true\"><div class=\"e-con-inner\"><div class=\"elementor-element elementor-element-a8eac62 e-con-full e-flex e-con e-child\" data-id=\"a8eac62\" data-element_type=\"container\" data-settings=\"{&quot;content_width&quot;:&quot;full&quot;}\"><div class=\"elementor-element elementor-element-10fcdf5 elementor-widget elementor-widget-text-editor\" data-id=\"10fcdf5\" data-element_type=\"widget\" data-widget_type=\"text-editor.default\"><div class=\"elementor-widget-container\"><h1>Modelo C-171-B<\/h1><p>Chalet de\u00a0Steel Framing (estructura de acero) de 171,00 m2, compuesto de hall, sal\u00f3n-comedor con cocina americana, despensa, cuarto de lavadora-secadora, trastero, un aseo, un ba\u00f1o completo, tres dormitorios y garaje.\u00a0<\/p><h4>Desde 89.375 \u20ac\u00a0<\/h4><h4>Consulte precio final Llave en mano<\/h4><\/div><\/div><\/div><div class=\"elementor-element elementor-element-1b16bc2 e-con-full e-flex e-con e-child\" data-id=\"1b16bc2\" data-element_type=\"container\" data-settings=\"{&quot;content_width&quot;:&quot;full&quot;}\"><div class=\"elementor-element elementor-element-91788cb elementor-widget elementor-widget-image\" data-id=\"91788cb\" data-element_type=\"widget\" data-widget_type=\"image.default\"><div class=\"elementor-widget-container\"><img loading=\"lazy\" decoding=\"async\" class=\"attachment-large size-large wp-image-3082\" src=\"https:\/\/tuscasasdemadera.com\/wp-content\/uploads\/2024\/01\/c-171-b.jpg\" sizes=\"(max-width: 400px) 100vw, 400px\" srcset=\"https:\/\/tuscasasdemadera.com\/wp-content\/uploads\/2024\/01\/c-171-b.jpg 400w, https:\/\/tuscasasdemadera.com\/wp-content\/uploads\/2024\/01\/c-171-b-300x189.jpg 300w\" alt=\"\" width=\"400\" height=\"252\" \/><\/div><\/div><\/div><\/div><\/div><div class=\"elementor-element elementor-element-336f9e9 e-flex e-con-boxed e-con e-parent\" data-id=\"336f9e9\" data-element_type=\"container\" data-settings=\"{&quot;content_width&quot;:&quot;boxed&quot;}\" data-core-v316-plus=\"true\"><div class=\"e-con-inner\"><div class=\"elementor-element elementor-element-5fd511b e-con-full e-flex e-con e-child\" data-id=\"5fd511b\" data-element_type=\"container\" data-settings=\"{&quot;content_width&quot;:&quot;full&quot;}\"><div class=\"elementor-element elementor-element-8983f65 elementor-widget elementor-widget-image\" data-id=\"8983f65\" data-element_type=\"widget\" data-widget_type=\"image.default\"><div class=\"elementor-widget-container\"><img loading=\"lazy\" decoding=\"async\" class=\"attachment-large size-large wp-image-3089\" src=\"https:\/\/tuscasasdemadera.com\/wp-content\/uploads\/2024\/01\/modelo-c-148.jpg\" sizes=\"(max-width: 400px) 100vw, 400px\" srcset=\"https:\/\/tuscasasdemadera.com\/wp-content\/uploads\/2024\/01\/modelo-c-148.jpg 400w, https:\/\/tuscasasdemadera.com\/wp-content\/uploads\/2024\/01\/modelo-c-148-300x189.jpg 300w\" alt=\"\" width=\"400\" height=\"252\" \/><\/div><\/div><\/div><div class=\"elementor-element elementor-element-42aa1e5 e-con-full e-flex e-con e-child\" data-id=\"42aa1e5\" data-element_type=\"container\" data-settings=\"{&quot;content_width&quot;:&quot;full&quot;}\"><div class=\"elementor-element elementor-element-007c674 elementor-widget elementor-widget-text-editor\" data-id=\"007c674\" data-element_type=\"widget\" data-widget_type=\"text-editor.default\"><div class=\"elementor-widget-container\"><h1>Modelo C-148<\/h1><p>Chalet de Steel Framing (estructura de acero) de 148,20 m2, compuesto de hall, sal\u00f3n-comedor con cocina americana, despensa, trastero, un aseo, un ba\u00f1o completo, dos dormitorios, dos porches y garaje.<\/p><h4>Desde 71.115 \u20ac\u00a0<\/h4><h4>Consulte precio final Llave en mano<\/h4><\/div><\/div><\/div><\/div><\/div><div class=\"elementor-element elementor-element-125d80d e-flex e-con-boxed e-con e-parent\" data-id=\"125d80d\" data-element_type=\"container\" data-settings=\"{&quot;content_width&quot;:&quot;boxed&quot;}\" data-core-v316-plus=\"true\"><div class=\"e-con-inner\"><div class=\"elementor-element elementor-element-8b706cb e-con-full e-flex e-con e-child\" data-id=\"8b706cb\" data-element_type=\"container\" data-settings=\"{&quot;content_width&quot;:&quot;full&quot;}\"><div class=\"elementor-element elementor-element-24ffea6 elementor-widget elementor-widget-text-editor\" data-id=\"24ffea6\" data-element_type=\"widget\" data-widget_type=\"text-editor.default\"><div class=\"elementor-widget-container\"><h1>Modelo C-87<\/h1><p>Chalet de\u00a0Steel Framing (estructura de acero) de 87,40 m2, compuesto de hall, sal\u00f3n-comedor con cocina americana, trastero, un aseo, un ba\u00f1o completo y dos dormitorios.\u00a0<\/p><h4>Desde 45.705 \u20ac\u00a0<\/h4><h4>Consulte precio final llave en mano<\/h4><p>.<\/p><\/div><\/div><\/div><div class=\"elementor-element elementor-element-08c7dd2 e-con-full e-flex e-con e-child\" data-id=\"08c7dd2\" data-element_type=\"container\" data-settings=\"{&quot;content_width&quot;:&quot;full&quot;}\"><div class=\"elementor-element elementor-element-eb1450b elementor-widget elementor-widget-image\" data-id=\"eb1450b\" data-element_type=\"widget\" data-widget_type=\"image.default\"><div class=\"elementor-widget-container\"><img loading=\"lazy\" decoding=\"async\" class=\"attachment-large size-large wp-image-3090\" src=\"https:\/\/tuscasasdemadera.com\/wp-content\/uploads\/2024\/01\/c-87.jpg\" sizes=\"(max-width: 400px) 100vw, 400px\" srcset=\"https:\/\/tuscasasdemadera.com\/wp-content\/uploads\/2024\/01\/c-87.jpg 400w, https:\/\/tuscasasdemadera.com\/wp-content\/uploads\/2024\/01\/c-87-300x189.jpg 300w\" alt=\"\" width=\"400\" height=\"252\" \/><\/div><\/div><\/div><\/div><\/div><div class=\"elementor-element elementor-element-676ebd5 e-flex e-con-boxed e-con e-parent\" data-id=\"676ebd5\" data-element_type=\"container\" data-settings=\"{&quot;content_width&quot;:&quot;boxed&quot;}\" data-core-v316-plus=\"true\"><div class=\"e-con-inner\"><div class=\"elementor-element elementor-element-74513d2 e-con-full e-flex e-con e-child\" data-id=\"74513d2\" data-element_type=\"container\" data-settings=\"{&quot;content_width&quot;:&quot;full&quot;}\"><div class=\"elementor-element elementor-element-d473c2c elementor-widget elementor-widget-image\" data-id=\"d473c2c\" data-element_type=\"widget\" data-widget_type=\"image.default\"><div class=\"elementor-widget-container\"><img loading=\"lazy\" decoding=\"async\" class=\"attachment-large size-large wp-image-3094\" src=\"https:\/\/tuscasasdemadera.com\/wp-content\/uploads\/2024\/01\/c-141.jpg\" sizes=\"(max-width: 400px) 100vw, 400px\" srcset=\"https:\/\/tuscasasdemadera.com\/wp-content\/uploads\/2024\/01\/c-141.jpg 400w, https:\/\/tuscasasdemadera.com\/wp-content\/uploads\/2024\/01\/c-141-300x189.jpg 300w\" alt=\"\" width=\"400\" height=\"252\" \/><\/div><\/div><\/div><div class=\"elementor-element elementor-element-b7c1bb4 e-con-full e-flex e-con e-child\" data-id=\"b7c1bb4\" data-element_type=\"container\" data-settings=\"{&quot;content_width&quot;:&quot;full&quot;}\"><div class=\"elementor-element elementor-element-d6ad169 elementor-widget elementor-widget-text-editor\" data-id=\"d6ad169\" data-element_type=\"widget\" data-widget_type=\"text-editor.default\"><div class=\"elementor-widget-container\"><h1>Modelo C-141<\/h1><p>Chalet de\u00a0Steel Framing (estructura de acero) de 140,50 m2, compuesto de hall, sal\u00f3n-comedor con cocina americana, despensa, trastero, un aseo, un ba\u00f1o completo, dos dormitorios, dos porches, garaje y barbacoa.\u00a0<\/p><h4 class=\"title\">Desde 64.894,50 \u20ac<\/h4><h4>Consulte precio final llave en mano<\/h4><\/div><\/div><\/div><\/div><\/div><div class=\"elementor-element elementor-element-e29be97 e-flex e-con-boxed e-con e-parent\" data-id=\"e29be97\" data-element_type=\"container\" data-settings=\"{&quot;content_width&quot;:&quot;boxed&quot;}\" data-core-v316-plus=\"true\"><div class=\"e-con-inner\"><div class=\"elementor-element elementor-element-5a8058a e-con-full e-flex e-con e-child\" data-id=\"5a8058a\" data-element_type=\"container\" data-settings=\"{&quot;content_width&quot;:&quot;full&quot;}\"><div class=\"elementor-element elementor-element-bc09db9 elementor-widget elementor-widget-text-editor\" data-id=\"bc09db9\" data-element_type=\"widget\" data-widget_type=\"text-editor.default\"><div class=\"elementor-widget-container\"><h1>Modelo C-185<\/h1><p>Chalet de\u00a0Steel Framing (estructura de acero) de 184,70 m2, compuesto de hall, sal\u00f3n-comedor con cocina americana, despensa, cuarto de plancha, un aseo, un ba\u00f1o completo, tres dormitorios, garaje y dos porches.\u00a0<\/p><h4>Desde 82.494,50 \u20ac<\/h4><h4>Consulte precio final llave en mano<\/h4><\/div><\/div><\/div><div class=\"elementor-element elementor-element-4f7005e e-con-full e-flex e-con e-child\" data-id=\"4f7005e\" data-element_type=\"container\" data-settings=\"{&quot;content_width&quot;:&quot;full&quot;}\"><div class=\"elementor-element elementor-element-38655ea elementor-widget elementor-widget-image\" data-id=\"38655ea\" data-element_type=\"widget\" data-widget_type=\"image.default\"><div class=\"elementor-widget-container\"><img loading=\"lazy\" decoding=\"async\" class=\"attachment-large size-large wp-image-3098\" src=\"https:\/\/tuscasasdemadera.com\/wp-content\/uploads\/2024\/01\/c-184.jpg\" sizes=\"(max-width: 400px) 100vw, 400px\" srcset=\"https:\/\/tuscasasdemadera.com\/wp-content\/uploads\/2024\/01\/c-184.jpg 400w, https:\/\/tuscasasdemadera.com\/wp-content\/uploads\/2024\/01\/c-184-300x189.jpg 300w\" alt=\"\" width=\"400\" height=\"252\" \/><\/div><\/div><\/div><\/div><\/div><div class=\"elementor-element elementor-element-8b6c6e1 e-flex e-con-boxed e-con e-parent\" data-id=\"8b6c6e1\" data-element_type=\"container\" data-settings=\"{&quot;content_width&quot;:&quot;boxed&quot;}\" data-core-v316-plus=\"true\"><div class=\"e-con-inner\"><div class=\"elementor-element elementor-element-e36bfd2 e-con-full e-flex e-con e-child\" data-id=\"e36bfd2\" data-element_type=\"container\" data-settings=\"{&quot;content_width&quot;:&quot;full&quot;}\"><div class=\"elementor-element elementor-element-a9ce0fe elementor-widget elementor-widget-image\" data-id=\"a9ce0fe\" data-element_type=\"widget\" data-widget_type=\"image.default\"><div class=\"elementor-widget-container\"><img loading=\"lazy\" decoding=\"async\" class=\"attachment-large size-large wp-image-3099\" src=\"https:\/\/tuscasasdemadera.com\/wp-content\/uploads\/2024\/01\/c-143.jpg\" sizes=\"(max-width: 400px) 100vw, 400px\" srcset=\"https:\/\/tuscasasdemadera.com\/wp-content\/uploads\/2024\/01\/c-143.jpg 400w, https:\/\/tuscasasdemadera.com\/wp-content\/uploads\/2024\/01\/c-143-300x189.jpg 300w\" alt=\"\" width=\"400\" height=\"252\" \/><\/div><\/div><\/div><div class=\"elementor-element elementor-element-ea5a070 e-con-full e-flex e-con e-child\" data-id=\"ea5a070\" data-element_type=\"container\" data-settings=\"{&quot;content_width&quot;:&quot;full&quot;}\"><div class=\"elementor-element elementor-element-26b58a5 elementor-widget elementor-widget-text-editor\" data-id=\"26b58a5\" data-element_type=\"widget\" data-widget_type=\"text-editor.default\"><div class=\"elementor-widget-container\"><h1>Modelo C-143<\/h1><p>Chalet de\u00a0Steel Framing (estructura de acero) de 143,30 m2, compuesto de hall, sal\u00f3n-comedor con cocina independiente o americana, un aseo, un ba\u00f1o completo, dos dormitorios, dos porches, trastero y cenador.<\/p><h4 class=\"title\">Desde 73.694,50 \u20ac<\/h4><h4>Consulte precio final llave en mano<\/h4><\/div><\/div><\/div><\/div><\/div><div class=\"elementor-element elementor-element-102b0a6 e-flex e-con-boxed e-con e-parent\" data-id=\"102b0a6\" data-element_type=\"container\" data-settings=\"{&quot;content_width&quot;:&quot;boxed&quot;}\" data-core-v316-plus=\"true\"><div class=\"e-con-inner\"><div class=\"elementor-element elementor-element-95780a1 e-con-full e-flex e-con e-child\" data-id=\"95780a1\" data-element_type=\"container\" data-settings=\"{&quot;content_width&quot;:&quot;full&quot;}\"><div class=\"elementor-element elementor-element-6d85a9c elementor-widget elementor-widget-text-editor\" data-id=\"6d85a9c\" data-element_type=\"widget\" data-widget_type=\"text-editor.default\"><div class=\"elementor-widget-container\"><h1>Modelo C-177<\/h1><p>Chalet de\u00a0Steel Framing (estructura de acero) de 176,90 m2, compuesto de hall, sal\u00f3n-comedor con cocina americana, cuarto de lavadora-secadora, un aseo, un ba\u00f1o completo, tres dormitorios, dos porches y garaje.<\/p><h4>Dede 75.625 euros<\/h4><h4>Consulte precio final llave en mano<\/h4><\/div><\/div><\/div><div class=\"elementor-element elementor-element-cfca629 e-con-full e-flex e-con e-child\" data-id=\"cfca629\" data-element_type=\"container\" data-settings=\"{&quot;content_width&quot;:&quot;full&quot;}\"><div class=\"elementor-element elementor-element-44a57b7 elementor-widget elementor-widget-image\" data-id=\"44a57b7\" data-element_type=\"widget\" data-widget_type=\"image.default\"><div class=\"elementor-widget-container\"><img loading=\"lazy\" decoding=\"async\" class=\"attachment-large size-large wp-image-3100\" src=\"https:\/\/tuscasasdemadera.com\/wp-content\/uploads\/2024\/01\/c-177.jpg\" sizes=\"(max-width: 400px) 100vw, 400px\" srcset=\"https:\/\/tuscasasdemadera.com\/wp-content\/uploads\/2024\/01\/c-177.jpg 400w, https:\/\/tuscasasdemadera.com\/wp-content\/uploads\/2024\/01\/c-177-300x189.jpg 300w\" alt=\"\" width=\"400\" height=\"252\" \/><\/div><\/div><\/div><\/div><\/div><div class=\"elementor-element elementor-element-d3ef729 e-flex e-con-boxed e-con e-parent\" data-id=\"d3ef729\" data-element_type=\"container\" data-settings=\"{&quot;content_width&quot;:&quot;boxed&quot;}\" data-core-v316-plus=\"true\"><div class=\"e-con-inner\"><div class=\"elementor-element elementor-element-693fd14 e-con-full e-flex e-con e-child\" data-id=\"693fd14\" data-element_type=\"container\" data-settings=\"{&quot;content_width&quot;:&quot;full&quot;}\"><div class=\"elementor-element elementor-element-7affe57 elementor-widget elementor-widget-image\" data-id=\"7affe57\" data-element_type=\"widget\" data-widget_type=\"image.default\"><div class=\"elementor-widget-container\"><img loading=\"lazy\" decoding=\"async\" class=\"attachment-large size-large wp-image-3101\" src=\"https:\/\/tuscasasdemadera.com\/wp-content\/uploads\/2024\/01\/c-162.jpg\" sizes=\"(max-width: 400px) 100vw, 400px\" srcset=\"https:\/\/tuscasasdemadera.com\/wp-content\/uploads\/2024\/01\/c-162.jpg 400w, https:\/\/tuscasasdemadera.com\/wp-content\/uploads\/2024\/01\/c-162-300x189.jpg 300w\" alt=\"\" width=\"400\" height=\"252\" \/><\/div><\/div><\/div><div class=\"elementor-element elementor-element-4d023fe e-con-full e-flex e-con e-child\" data-id=\"4d023fe\" data-element_type=\"container\" data-settings=\"{&quot;content_width&quot;:&quot;full&quot;}\"><div class=\"elementor-element elementor-element-72db682 elementor-widget elementor-widget-text-editor\" data-id=\"72db682\" data-element_type=\"widget\" data-widget_type=\"text-editor.default\"><div class=\"elementor-widget-container\"><h1>Modelo C-162<\/h1><p>Chalet de Steel Framing (estructura de acero) de 162,25 m2, compuesto de hall, sal\u00f3n-comedor con cocina americana de casi 40 m2, cuarto de lavadora-secadora, un aseo, un ba\u00f1o completo, tres dormitorios, garaje y porche.<\/p><h4>Desde\u00a0 76.175 \u20ac<\/h4><h4>Consulte precio final llave en mano<\/h4><\/div><\/div><\/div><\/div><\/div><div class=\"elementor-element elementor-element-878e779 e-flex e-con-boxed e-con e-parent\" data-id=\"878e779\" data-element_type=\"container\" data-settings=\"{&quot;content_width&quot;:&quot;boxed&quot;}\" data-core-v316-plus=\"true\"><div class=\"e-con-inner\"><div class=\"elementor-element elementor-element-aa25d8f e-con-full e-flex e-con e-child\" data-id=\"aa25d8f\" data-element_type=\"container\" data-settings=\"{&quot;content_width&quot;:&quot;full&quot;}\"><div class=\"elementor-element elementor-element-6384e7e elementor-widget elementor-widget-text-editor\" data-id=\"6384e7e\" data-element_type=\"widget\" data-widget_type=\"text-editor.default\"><div class=\"elementor-widget-container\"><h1>Modelo C-132A<\/h1><p>Chalet de\u00a0Steel Framing (estructura de acero) de 131,55 m2, compuesto de hall, sal\u00f3n-comedor con cocina americana, despensa, cuarto de lavadora-secadora, un aseo, un ba\u00f1o completo, tres dormitorios y porche.<\/p><h4 class=\"title\">Desde 63.794,50 \u20ac<\/h4><h4>Consulte precio final llave en mano<\/h4><\/div><\/div><\/div><div class=\"elementor-element elementor-element-a90cbf0 e-con-full e-flex e-con e-child\" data-id=\"a90cbf0\" data-element_type=\"container\" data-settings=\"{&quot;content_width&quot;:&quot;full&quot;}\"><div class=\"elementor-element elementor-element-14329a1 elementor-widget elementor-widget-image\" data-id=\"14329a1\" data-element_type=\"widget\" data-widget_type=\"image.default\"><div class=\"elementor-widget-container\"><img loading=\"lazy\" decoding=\"async\" class=\"attachment-large size-large wp-image-3102\" src=\"https:\/\/tuscasasdemadera.com\/wp-content\/uploads\/2024\/01\/c-132a.jpg\" sizes=\"(max-width: 400px) 100vw, 400px\" srcset=\"https:\/\/tuscasasdemadera.com\/wp-content\/uploads\/2024\/01\/c-132a.jpg 400w, https:\/\/tuscasasdemadera.com\/wp-content\/uploads\/2024\/01\/c-132a-300x189.jpg 300w\" alt=\"\" width=\"400\" height=\"252\" \/><\/div><\/div><\/div><\/div><\/div><div class=\"elementor-element elementor-element-2533fd9 e-flex e-con-boxed e-con e-parent\" data-id=\"2533fd9\" data-element_type=\"container\" data-settings=\"{&quot;content_width&quot;:&quot;boxed&quot;}\" data-core-v316-plus=\"true\"><div class=\"e-con-inner\"><div class=\"elementor-element elementor-element-d030053 e-con-full e-flex e-con e-child\" data-id=\"d030053\" data-element_type=\"container\" data-settings=\"{&quot;content_width&quot;:&quot;full&quot;}\"><div class=\"elementor-element elementor-element-ff808ae elementor-widget elementor-widget-image\" data-id=\"ff808ae\" data-element_type=\"widget\" data-widget_type=\"image.default\"><div class=\"elementor-widget-container\"><img loading=\"lazy\" decoding=\"async\" class=\"attachment-large size-large wp-image-3103\" src=\"https:\/\/tuscasasdemadera.com\/wp-content\/uploads\/2024\/01\/c-84.jpg\" sizes=\"(max-width: 400px) 100vw, 400px\" srcset=\"https:\/\/tuscasasdemadera.com\/wp-content\/uploads\/2024\/01\/c-84.jpg 400w, https:\/\/tuscasasdemadera.com\/wp-content\/uploads\/2024\/01\/c-84-300x189.jpg 300w\" alt=\"\" width=\"400\" height=\"252\" \/><\/div><\/div><\/div><div class=\"elementor-element elementor-element-1eed1bd e-con-full e-flex e-con e-child\" data-id=\"1eed1bd\" data-element_type=\"container\" data-settings=\"{&quot;content_width&quot;:&quot;full&quot;}\"><div class=\"elementor-element elementor-element-8c8183d elementor-widget elementor-widget-text-editor\" data-id=\"8c8183d\" data-element_type=\"widget\" data-widget_type=\"text-editor.default\"><div class=\"elementor-widget-container\"><h1>Modelo C-84<\/h1><p>Chalet de\u00a0Steel Framing (estructura de acero) de 83,76 m2, compuesto de hall, sal\u00f3n-comedor con cocina americana, un ba\u00f1o completo y dos dormitorios.<\/p><h4>Desde 42.735 \u20ac<\/h4><h4>Consulte precio final llave en mano<\/h4><\/div><\/div><\/div><\/div><\/div><div class=\"elementor-element elementor-element-40fd23b e-flex e-con-boxed e-con e-parent\" data-id=\"40fd23b\" data-element_type=\"container\" data-settings=\"{&quot;content_width&quot;:&quot;boxed&quot;}\" data-core-v316-plus=\"true\"><div class=\"e-con-inner\"><div class=\"elementor-element elementor-element-c3ca6b3 e-con-full e-flex e-con e-child\" data-id=\"c3ca6b3\" data-element_type=\"container\" data-settings=\"{&quot;content_width&quot;:&quot;full&quot;}\"><div class=\"elementor-element elementor-element-5091e1d elementor-widget elementor-widget-text-editor\" data-id=\"5091e1d\" data-element_type=\"widget\" data-widget_type=\"text-editor.default\"><div class=\"elementor-widget-container\"><h1>Modelo C-131<\/h1><p>Chalet de\u00a0Steel Framing (estructura de acero) de 130,56 m2, compuesto de hall, sal\u00f3n-comedor con cocina americana, despensa, trastero, cuarto de lavadora-secadora, un aseo, un ba\u00f1o completo y tres dormitorios.<\/p><h4>Desde 68.475 \u20ac<\/h4><h4>Consulte precio final llave en mano<\/h4><\/div><\/div><\/div><div class=\"elementor-element elementor-element-01824f0 e-con-full e-flex e-con e-child\" data-id=\"01824f0\" data-element_type=\"container\" data-settings=\"{&quot;content_width&quot;:&quot;full&quot;}\"><div class=\"elementor-element elementor-element-4725f0d elementor-widget elementor-widget-image\" data-id=\"4725f0d\" data-element_type=\"widget\" data-widget_type=\"image.default\"><div class=\"elementor-widget-container\"><img loading=\"lazy\" decoding=\"async\" class=\"attachment-large size-large wp-image-3107\" src=\"https:\/\/tuscasasdemadera.com\/wp-content\/uploads\/2024\/01\/c-131.jpg\" sizes=\"(max-width: 400px) 100vw, 400px\" srcset=\"https:\/\/tuscasasdemadera.com\/wp-content\/uploads\/2024\/01\/c-131.jpg 400w, https:\/\/tuscasasdemadera.com\/wp-content\/uploads\/2024\/01\/c-131-300x189.jpg 300w\" alt=\"\" width=\"400\" height=\"252\" \/><\/div><\/div><\/div><\/div><\/div><div class=\"elementor-element elementor-element-39a0829 e-flex e-con-boxed e-con e-parent\" data-id=\"39a0829\" data-element_type=\"container\" data-settings=\"{&quot;content_width&quot;:&quot;boxed&quot;}\" data-core-v316-plus=\"true\"><div class=\"e-con-inner\"><div class=\"elementor-element elementor-element-7609385 e-con-full e-flex e-con e-child\" data-id=\"7609385\" data-element_type=\"container\" data-settings=\"{&quot;content_width&quot;:&quot;full&quot;}\"><div class=\"elementor-element elementor-element-f57d5c9 elementor-widget elementor-widget-image\" data-id=\"f57d5c9\" data-element_type=\"widget\" data-widget_type=\"image.default\"><div class=\"elementor-widget-container\"><img loading=\"lazy\" decoding=\"async\" class=\"attachment-large size-large wp-image-3111\" src=\"https:\/\/tuscasasdemadera.com\/wp-content\/uploads\/2024\/01\/c-181-a.jpg\" sizes=\"(max-width: 400px) 100vw, 400px\" srcset=\"https:\/\/tuscasasdemadera.com\/wp-content\/uploads\/2024\/01\/c-181-a.jpg 400w, https:\/\/tuscasasdemadera.com\/wp-content\/uploads\/2024\/01\/c-181-a-300x189.jpg 300w\" alt=\"\" width=\"400\" height=\"252\" \/><\/div><\/div><\/div><div class=\"elementor-element elementor-element-637d7a5 e-con-full e-flex e-con e-child\" data-id=\"637d7a5\" data-element_type=\"container\" data-settings=\"{&quot;content_width&quot;:&quot;full&quot;}\"><div class=\"elementor-element elementor-element-83804cb elementor-widget elementor-widget-text-editor\" data-id=\"83804cb\" data-element_type=\"widget\" data-widget_type=\"text-editor.default\"><div class=\"elementor-widget-container\"><h1>Modelo C-181<\/h1><p>Chalet de Steel Framing (estructura de acero) de 181,10 m2, compuesto de hall, sal\u00f3n-comedor con cocina americana o independiente, cuarto de lavadora-secadora, trastero, dos aseos, dos ba\u00f1os completos, cuatro dormitorios (uno de ellos en suite, con ba\u00f1o y vestidor), garaje y dos porches.<\/p><h4>Desde 93.164,50 \u20ac<\/h4><h4>Consulte precio final llave en mano<\/h4><\/div><\/div><\/div><\/div><\/div><div class=\"elementor-element elementor-element-c522b00 e-flex e-con-boxed e-con e-parent\" data-id=\"c522b00\" data-element_type=\"container\" data-settings=\"{&quot;content_width&quot;:&quot;boxed&quot;}\" data-core-v316-plus=\"true\"><div class=\"e-con-inner\"><div class=\"elementor-element elementor-element-3eae18c e-con-full e-flex e-con e-child\" data-id=\"3eae18c\" data-element_type=\"container\" data-settings=\"{&quot;content_width&quot;:&quot;full&quot;}\"><div class=\"elementor-element elementor-element-e5f5730 elementor-widget elementor-widget-text-editor\" data-id=\"e5f5730\" data-element_type=\"widget\" data-widget_type=\"text-editor.default\"><div class=\"elementor-widget-container\"><h1>Modelo C-86B<\/h1><p>Chalet de\u00a0Steel Framing (estructura de acero) de 86,25 m2, compuesto de hall, sal\u00f3n-comedor con cocina americana, despensa, trastero, un ba\u00f1o completo y dos dormitorios.<\/p><h4>Desde 46.475 \u20ac<\/h4><h4>Consulte precio final llave en mano<\/h4><\/div><\/div><\/div><div class=\"elementor-element elementor-element-f1171e1 e-con-full e-flex e-con e-child\" data-id=\"f1171e1\" data-element_type=\"container\" data-settings=\"{&quot;content_width&quot;:&quot;full&quot;}\"><div class=\"elementor-element elementor-element-123125b elementor-widget elementor-widget-image\" data-id=\"123125b\" data-element_type=\"widget\" data-widget_type=\"image.default\"><div class=\"elementor-widget-container\"><img loading=\"lazy\" decoding=\"async\" class=\"attachment-large size-large wp-image-3115\" src=\"https:\/\/tuscasasdemadera.com\/wp-content\/uploads\/2024\/01\/c-86b.jpg\" sizes=\"(max-width: 400px) 100vw, 400px\" srcset=\"https:\/\/tuscasasdemadera.com\/wp-content\/uploads\/2024\/01\/c-86b.jpg 400w, https:\/\/tuscasasdemadera.com\/wp-content\/uploads\/2024\/01\/c-86b-300x189.jpg 300w\" alt=\"\" width=\"400\" height=\"252\" \/><\/div><\/div><\/div><\/div><\/div><div class=\"elementor-element elementor-element-702b4fc e-flex e-con-boxed e-con e-parent\" data-id=\"702b4fc\" data-element_type=\"container\" data-settings=\"{&quot;content_width&quot;:&quot;boxed&quot;}\" data-core-v316-plus=\"true\"><div class=\"e-con-inner\"><div class=\"elementor-element elementor-element-f65ac8b e-con-full e-flex e-con e-child\" data-id=\"f65ac8b\" data-element_type=\"container\" data-settings=\"{&quot;content_width&quot;:&quot;full&quot;}\"><div class=\"elementor-element elementor-element-a4810d4 elementor-widget elementor-widget-image\" data-id=\"a4810d4\" data-element_type=\"widget\" data-widget_type=\"image.default\"><div class=\"elementor-widget-container\"><img loading=\"lazy\" decoding=\"async\" class=\"attachment-large size-large wp-image-3119\" src=\"https:\/\/tuscasasdemadera.com\/wp-content\/uploads\/2024\/01\/b-152.jpg\" sizes=\"(max-width: 400px) 100vw, 400px\" srcset=\"https:\/\/tuscasasdemadera.com\/wp-content\/uploads\/2024\/01\/b-152.jpg 400w, https:\/\/tuscasasdemadera.com\/wp-content\/uploads\/2024\/01\/b-152-300x155.jpg 300w\" alt=\"\" width=\"400\" height=\"206\" \/><\/div><\/div><\/div><div class=\"elementor-element elementor-element-d1afaea e-con-full e-flex e-con e-child\" data-id=\"d1afaea\" data-element_type=\"container\" data-settings=\"{&quot;content_width&quot;:&quot;full&quot;}\"><div class=\"elementor-element elementor-element-aa54256 elementor-widget elementor-widget-text-editor\" data-id=\"aa54256\" data-element_type=\"widget\" data-widget_type=\"text-editor.default\"><div class=\"elementor-widget-container\"><h1>Modelo B-152<\/h1><p>Chalet de construcci\u00f3n de hormig\u00f3n prefabricado de 152,00 m2, compuesto de hall, sal\u00f3n-comedor con cocina independiente o americana (a elegir), despensa, estudio, dos ba\u00f1os completos, dos dormitorios (uno de ellos en suite con vestidor y ba\u00f1o) garaje y dos porches.\u00a0<\/p><h4>Desde 78.094,50 \u20ac<\/h4><h4>Consulte precio final llave en mano<\/h4><\/div><\/div><\/div><\/div><\/div><div class=\"elementor-element elementor-element-94b9c34 e-flex e-con-boxed e-con e-parent\" data-id=\"94b9c34\" data-element_type=\"container\" data-settings=\"{&quot;content_width&quot;:&quot;boxed&quot;}\" data-core-v316-plus=\"true\"><div class=\"e-con-inner\"><div class=\"elementor-element elementor-element-5184d0d e-con-full e-flex e-con e-child\" data-id=\"5184d0d\" data-element_type=\"container\" data-settings=\"{&quot;content_width&quot;:&quot;full&quot;}\"><div class=\"elementor-element elementor-element-4f4345b elementor-widget elementor-widget-text-editor\" data-id=\"4f4345b\" data-element_type=\"widget\" data-widget_type=\"text-editor.default\"><div class=\"elementor-widget-container\"><h1>Modelo C-98<\/h1><p>Chalet de\u00a0Steel Framing (estructura de acero) de 97,50 m2, compuesto de hall, sal\u00f3n-comedor con cocina americana, un ba\u00f1o completo y tres dormitorios<\/p><h4>Desde 50.985 \u20ac<\/h4><h4>Consulte precio final llave en mano<\/h4><\/div><\/div><\/div><div class=\"elementor-element elementor-element-b12134e e-con-full e-flex e-con e-child\" data-id=\"b12134e\" data-element_type=\"container\" data-settings=\"{&quot;content_width&quot;:&quot;full&quot;}\"><div class=\"elementor-element elementor-element-758f71b elementor-widget elementor-widget-image\" data-id=\"758f71b\" data-element_type=\"widget\" data-widget_type=\"image.default\"><div class=\"elementor-widget-container\"><img loading=\"lazy\" decoding=\"async\" class=\"attachment-large size-large wp-image-3123\" src=\"https:\/\/tuscasasdemadera.com\/wp-content\/uploads\/2024\/01\/c-98.jpg\" sizes=\"(max-width: 400px) 100vw, 400px\" srcset=\"https:\/\/tuscasasdemadera.com\/wp-content\/uploads\/2024\/01\/c-98.jpg 400w, https:\/\/tuscasasdemadera.com\/wp-content\/uploads\/2024\/01\/c-98-300x189.jpg 300w\" alt=\"\" width=\"400\" height=\"252\" \/><\/div><\/div><\/div><\/div><\/div><div class=\"elementor-element elementor-element-ee85e98 e-flex e-con-boxed e-con e-parent\" data-id=\"ee85e98\" data-element_type=\"container\" data-settings=\"{&quot;content_width&quot;:&quot;boxed&quot;}\" data-core-v316-plus=\"true\"><div class=\"e-con-inner\"><div class=\"elementor-element elementor-element-b9d24c4 e-con-full e-flex e-con e-child\" data-id=\"b9d24c4\" data-element_type=\"container\" data-settings=\"{&quot;content_width&quot;:&quot;full&quot;}\"><div class=\"elementor-element elementor-element-e5190d7 elementor-widget elementor-widget-image\" data-id=\"e5190d7\" data-element_type=\"widget\" data-widget_type=\"image.default\"><div class=\"elementor-widget-container\"><img loading=\"lazy\" decoding=\"async\" class=\"attachment-large size-large wp-image-3127\" src=\"https:\/\/tuscasasdemadera.com\/wp-content\/uploads\/2024\/01\/modelo-c-135b.jpg\" sizes=\"(max-width: 400px) 100vw, 400px\" srcset=\"https:\/\/tuscasasdemadera.com\/wp-content\/uploads\/2024\/01\/modelo-c-135b.jpg 400w, https:\/\/tuscasasdemadera.com\/wp-content\/uploads\/2024\/01\/modelo-c-135b-300x189.jpg 300w\" alt=\"\" width=\"400\" height=\"252\" \/><\/div><\/div><\/div><div class=\"elementor-element elementor-element-19a43c9 e-con-full e-flex e-con e-child\" data-id=\"19a43c9\" data-element_type=\"container\" data-settings=\"{&quot;content_width&quot;:&quot;full&quot;}\"><div class=\"elementor-element elementor-element-19cc09a elementor-widget elementor-widget-text-editor\" data-id=\"19cc09a\" data-element_type=\"widget\" data-widget_type=\"text-editor.default\"><div class=\"elementor-widget-container\"><h1>Modelo C-135B<\/h1><p>Chalet de\u00a0Steel Framing (estructura de acero) de 135,40 m2, compuesto de hall, sal\u00f3n-comedor con cocina americana, trastero, cuarto de lavadora-secadora, un aseo, un ba\u00f1o completo, tres dormitorios y porche.<\/p><h4 class=\"title\">Desde 70.394,50 \u20ac<\/h4><h4>Consulte precio final llave en mano<\/h4><p>.<\/p><\/div><\/div><\/div><\/div><\/div><div class=\"elementor-element elementor-element-0aa094b e-flex e-con-boxed e-con e-parent\" data-id=\"0aa094b\" data-element_type=\"container\" data-settings=\"{&quot;content_width&quot;:&quot;boxed&quot;}\" data-core-v316-plus=\"true\"><div class=\"e-con-inner\"><div class=\"elementor-element elementor-element-5e2d730 e-con-full e-flex e-con e-child\" data-id=\"5e2d730\" data-element_type=\"container\" data-settings=\"{&quot;content_width&quot;:&quot;full&quot;}\"><div class=\"elementor-element elementor-element-0ff156a elementor-widget elementor-widget-text-editor\" data-id=\"0ff156a\" data-element_type=\"widget\" data-widget_type=\"text-editor.default\"><div class=\"elementor-widget-container\"><h1>Modelo B-172<\/h1><p>Chalet de construcci\u00f3n de hormig\u00f3n prefabricado de 172,00 m2, compuesto de hall, sal\u00f3n-comedor con cocina independiente o americana (a elegir), cuarto de lavadora-secadora, dos ba\u00f1os completos, tres dormitorios (uno de ellos en suite con vestidor y ba\u00f1o) garaje y dos porches.<\/p><h4 class=\"title\">Desde 85.525 \u20ac<\/h4><h4 class=\"title\">Consulte precio final llave en mano\u00a0<\/h4><\/div><\/div><\/div><div class=\"elementor-element elementor-element-7c87505 e-con-full e-flex e-con e-child\" data-id=\"7c87505\" data-element_type=\"container\" data-settings=\"{&quot;content_width&quot;:&quot;full&quot;}\"><div class=\"elementor-element elementor-element-908d33f elementor-widget elementor-widget-image\" data-id=\"908d33f\" data-element_type=\"widget\" data-widget_type=\"image.default\"><div class=\"elementor-widget-container\"><img loading=\"lazy\" decoding=\"async\" class=\"attachment-large size-large wp-image-3131\" src=\"https:\/\/tuscasasdemadera.com\/wp-content\/uploads\/2024\/01\/modelo-b-172.jpg\" sizes=\"(max-width: 400px) 100vw, 400px\" srcset=\"https:\/\/tuscasasdemadera.com\/wp-content\/uploads\/2024\/01\/modelo-b-172.jpg 400w, https:\/\/tuscasasdemadera.com\/wp-content\/uploads\/2024\/01\/modelo-b-172-300x193.jpg 300w, https:\/\/tuscasasdemadera.com\/wp-content\/uploads\/2024\/01\/modelo-b-172-387x250.jpg 387w\" alt=\"\" width=\"400\" height=\"257\" \/><\/div><\/div><\/div><\/div><\/div><div class=\"elementor-element elementor-element-916e35f e-flex e-con-boxed e-con e-parent\" data-id=\"916e35f\" data-element_type=\"container\" data-settings=\"{&quot;content_width&quot;:&quot;boxed&quot;}\" data-core-v316-plus=\"true\"><div class=\"e-con-inner\"><div class=\"elementor-element elementor-element-e34eaca e-con-full e-flex e-con e-child\" data-id=\"e34eaca\" data-element_type=\"container\" data-settings=\"{&quot;content_width&quot;:&quot;full&quot;}\"><div class=\"elementor-element elementor-element-1cbb8e3 elementor-widget elementor-widget-image\" data-id=\"1cbb8e3\" data-element_type=\"widget\" data-widget_type=\"image.default\"><div class=\"elementor-widget-container\"><img loading=\"lazy\" decoding=\"async\" class=\"attachment-large size-large wp-image-3135\" src=\"https:\/\/tuscasasdemadera.com\/wp-content\/uploads\/2024\/01\/c-119.jpg\" sizes=\"(max-width: 400px) 100vw, 400px\" srcset=\"https:\/\/tuscasasdemadera.com\/wp-content\/uploads\/2024\/01\/c-119.jpg 400w, https:\/\/tuscasasdemadera.com\/wp-content\/uploads\/2024\/01\/c-119-300x189.jpg 300w\" alt=\"\" width=\"400\" height=\"252\" \/><\/div><\/div><\/div><div class=\"elementor-element elementor-element-959c33c e-con-full e-flex e-con e-child\" data-id=\"959c33c\" data-element_type=\"container\" data-settings=\"{&quot;content_width&quot;:&quot;full&quot;}\"><div class=\"elementor-element elementor-element-c9cbd30 elementor-widget elementor-widget-text-editor\" data-id=\"c9cbd30\" data-element_type=\"widget\" data-widget_type=\"text-editor.default\"><div class=\"elementor-widget-container\"><h1>Modelo C-119.<\/h1><p>Chalet de\u00a0Steel Framing (estructura de acero) de 119,38 m2, compuesto de hall, sal\u00f3n-comedor con cocina americana, despensa, cuarto de lavadora-secadora, un aseo, un ba\u00f1o completo, dos dormitorios y dos porches.\u00a0<\/p><h4>Desde 56.094,50 \u20ac<\/h4><h4>Consulte precio final llave en mano<\/h4><\/div><\/div><\/div><\/div><\/div><div class=\"elementor-element elementor-element-587a9b8 e-flex e-con-boxed e-con e-parent\" data-id=\"587a9b8\" data-element_type=\"container\" data-settings=\"{&quot;content_width&quot;:&quot;boxed&quot;}\" data-core-v316-plus=\"true\"><div class=\"e-con-inner\"><div class=\"elementor-element elementor-element-0f5db36 e-con-full e-flex e-con e-child\" data-id=\"0f5db36\" data-element_type=\"container\" data-settings=\"{&quot;content_width&quot;:&quot;full&quot;}\"><div class=\"elementor-element elementor-element-f07c870 elementor-widget elementor-widget-text-editor\" data-id=\"f07c870\" data-element_type=\"widget\" data-widget_type=\"text-editor.default\"><div class=\"elementor-widget-container\"><h1>Modelo C-110<\/h1><p class=\"title\">Chalet de\u00a0Steel Framing (estructura de acero) de 110,00 m2, compuesto de hall, sal\u00f3n-comedor con cocina independiente, dos ba\u00f1os completos y dos dormitorios.<\/p><h4 class=\"title\">Desde 57.475 \u20ac<\/h4><h4>Consulte precio final llave en mano<\/h4><\/div><\/div><\/div><div class=\"elementor-element elementor-element-519bda0 e-con-full e-flex e-con e-child\" data-id=\"519bda0\" data-element_type=\"container\" data-settings=\"{&quot;content_width&quot;:&quot;full&quot;}\"><div class=\"elementor-element elementor-element-0ea0b62 elementor-widget elementor-widget-image\" data-id=\"0ea0b62\" data-element_type=\"widget\" data-widget_type=\"image.default\"><div class=\"elementor-widget-container\"><img loading=\"lazy\" decoding=\"async\" class=\"attachment-large size-large wp-image-3139\" src=\"https:\/\/tuscasasdemadera.com\/wp-content\/uploads\/2024\/01\/c-110.jpg\" sizes=\"(max-width: 400px) 100vw, 400px\" srcset=\"https:\/\/tuscasasdemadera.com\/wp-content\/uploads\/2024\/01\/c-110.jpg 400w, https:\/\/tuscasasdemadera.com\/wp-content\/uploads\/2024\/01\/c-110-300x189.jpg 300w\" alt=\"\" width=\"400\" height=\"252\" \/><\/div><\/div><\/div><\/div><\/div><div class=\"elementor-element elementor-element-ec11913 e-flex e-con-boxed e-con e-parent\" data-id=\"ec11913\" data-element_type=\"container\" data-settings=\"{&quot;content_width&quot;:&quot;boxed&quot;}\" data-core-v316-plus=\"true\"><div class=\"e-con-inner\"><div class=\"elementor-element elementor-element-9936f9a e-con-full e-flex e-con e-child\" data-id=\"9936f9a\" data-element_type=\"container\" data-settings=\"{&quot;content_width&quot;:&quot;full&quot;}\"><div class=\"elementor-element elementor-element-af50fe1 elementor-widget elementor-widget-image\" data-id=\"af50fe1\" data-element_type=\"widget\" data-widget_type=\"image.default\"><div class=\"elementor-widget-container\"><img loading=\"lazy\" decoding=\"async\" class=\"attachment-large size-large wp-image-3143\" src=\"https:\/\/tuscasasdemadera.com\/wp-content\/uploads\/2024\/01\/c-130.jpg\" sizes=\"(max-width: 400px) 100vw, 400px\" srcset=\"https:\/\/tuscasasdemadera.com\/wp-content\/uploads\/2024\/01\/c-130.jpg 400w, https:\/\/tuscasasdemadera.com\/wp-content\/uploads\/2024\/01\/c-130-300x189.jpg 300w\" alt=\"\" width=\"400\" height=\"252\" \/><\/div><\/div><\/div><div class=\"elementor-element elementor-element-0573bee e-con-full e-flex e-con e-child\" data-id=\"0573bee\" data-element_type=\"container\" data-settings=\"{&quot;content_width&quot;:&quot;full&quot;}\"><div class=\"elementor-element elementor-element-30ff91e elementor-widget elementor-widget-text-editor\" data-id=\"30ff91e\" data-element_type=\"widget\" data-widget_type=\"text-editor.default\"><div class=\"elementor-widget-container\"><h1>Modelo C-130<\/h1><p>Chalet de\u00a0Steel Framing (estructura de acero) de 129,77 m2, compuesto de hall, sal\u00f3n-comedor con cocina americana, despensa, cuarto de lavadora-secadora, un aseo, un ba\u00f1o completo, dos dormitorios, dos porches y garaje.\u00a0<\/p><h4>Desde 56.430 \u20ac<\/h4><h4>Consulte precio final llave en mano<\/h4><\/div><\/div><\/div><\/div><\/div><div class=\"elementor-element elementor-element-bd989a3 e-flex e-con-boxed e-con e-parent\" data-id=\"bd989a3\" data-element_type=\"container\" data-settings=\"{&quot;content_width&quot;:&quot;boxed&quot;}\" data-core-v316-plus=\"true\"><div class=\"e-con-inner\"><div class=\"elementor-element elementor-element-07176ea e-con-full e-flex e-con e-child\" data-id=\"07176ea\" data-element_type=\"container\" data-settings=\"{&quot;content_width&quot;:&quot;full&quot;}\"><div class=\"elementor-element elementor-element-d3c7058 elementor-widget elementor-widget-text-editor\" data-id=\"d3c7058\" data-element_type=\"widget\" data-widget_type=\"text-editor.default\"><div class=\"elementor-widget-container\"><h1>Modelo B-179<\/h1><p>Chalet de construcci\u00f3n de hormig\u00f3n prefabricado de 179,00 m2, compuesto de sal\u00f3n-comedor con cocina americana, cuarto de lavadora-secadora, un aseo, dos ba\u00f1os completos, tres dormitorios (uno de ellos en suite con vestidor y ba\u00f1o) garaje y porche.\u00a0<\/p><h4>Desde 94.594,50 \u20ac\u00a0<\/h4><h4>Consulte precio final llave en mano<\/h4><\/div><\/div><\/div><div class=\"elementor-element elementor-element-598179c e-con-full e-flex e-con e-child\" data-id=\"598179c\" data-element_type=\"container\" data-settings=\"{&quot;content_width&quot;:&quot;full&quot;}\"><div class=\"elementor-element elementor-element-5dbbe7a elementor-widget elementor-widget-image\" data-id=\"5dbbe7a\" data-element_type=\"widget\" data-widget_type=\"image.default\"><div class=\"elementor-widget-container\"><img loading=\"lazy\" decoding=\"async\" class=\"attachment-large size-large wp-image-3147\" src=\"https:\/\/tuscasasdemadera.com\/wp-content\/uploads\/2024\/01\/modelo-b-179.jpg\" sizes=\"(max-width: 400px) 100vw, 400px\" srcset=\"https:\/\/tuscasasdemadera.com\/wp-content\/uploads\/2024\/01\/modelo-b-179.jpg 400w, https:\/\/tuscasasdemadera.com\/wp-content\/uploads\/2024\/01\/modelo-b-179-300x164.jpg 300w\" alt=\"\" width=\"400\" height=\"219\" \/><\/div><\/div><\/div><\/div><\/div><div class=\"elementor-element elementor-element-90c6320 e-flex e-con-boxed e-con e-parent\" data-id=\"90c6320\" data-element_type=\"container\" data-settings=\"{&quot;content_width&quot;:&quot;boxed&quot;}\" data-core-v316-plus=\"true\"><div class=\"e-con-inner\"><div class=\"elementor-element elementor-element-c6b2155 e-con-full e-flex e-con e-child\" data-id=\"c6b2155\" data-element_type=\"container\" data-settings=\"{&quot;content_width&quot;:&quot;full&quot;}\"><div class=\"elementor-element elementor-element-f2adb09 elementor-widget elementor-widget-image\" data-id=\"f2adb09\" data-element_type=\"widget\" data-widget_type=\"image.default\"><div class=\"elementor-widget-container\"><img loading=\"lazy\" decoding=\"async\" class=\"attachment-large size-large wp-image-3151\" src=\"https:\/\/tuscasasdemadera.com\/wp-content\/uploads\/2024\/01\/c-168.jpg\" sizes=\"(max-width: 400px) 100vw, 400px\" srcset=\"https:\/\/tuscasasdemadera.com\/wp-content\/uploads\/2024\/01\/c-168.jpg 400w, https:\/\/tuscasasdemadera.com\/wp-content\/uploads\/2024\/01\/c-168-300x189.jpg 300w\" alt=\"\" width=\"400\" height=\"252\" \/><\/div><\/div><\/div><div class=\"elementor-element elementor-element-5585c00 e-con-full e-flex e-con e-child\" data-id=\"5585c00\" data-element_type=\"container\" data-settings=\"{&quot;content_width&quot;:&quot;full&quot;}\"><div class=\"elementor-element elementor-element-fe92ba2 elementor-widget elementor-widget-text-editor\" data-id=\"fe92ba2\" data-element_type=\"widget\" data-widget_type=\"text-editor.default\"><div class=\"elementor-widget-container\"><h1>Modelo C-168<\/h1><p>Chalet de Steel Framing (estructura de acero) de 168,00 m2, compuesto de hall, sal\u00f3n-comedor, cocina independiente, cuarto de lavadora-secadora, un aseo, un ba\u00f1o completo, tres dormitorios, garaje y porche.\u00a0<\/p><h4>Desde 76.994,50 \u20ac<\/h4><h4>Consulte precio llave en mano<\/h4><\/div><\/div><\/div><\/div><\/div><div class=\"elementor-element elementor-element-2e1ae77 e-flex e-con-boxed e-con e-parent\" data-id=\"2e1ae77\" data-element_type=\"container\" data-settings=\"{&quot;content_width&quot;:&quot;boxed&quot;}\" data-core-v316-plus=\"true\"><div class=\"e-con-inner\"><div class=\"elementor-element elementor-element-14450af e-con-full e-flex e-con e-child\" data-id=\"14450af\" data-element_type=\"container\" data-settings=\"{&quot;content_width&quot;:&quot;full&quot;}\"><div class=\"elementor-element elementor-element-610d5fc elementor-widget elementor-widget-text-editor\" data-id=\"610d5fc\" data-element_type=\"widget\" data-widget_type=\"text-editor.default\"><div class=\"elementor-widget-container\"><h1>Modelo C-95<\/h1><p>Chalet de Steel Framing (estructura de acero) de 95,40 m2, compuesto de hall, sal\u00f3n-comedor con cocina americana o independiente, trastero, un aseo, un ba\u00f1o completo y dos dormitorios.<\/p><h4>Desde 49.775 \u20ac<\/h4><h4>Consulte precio llave en mano<\/h4><\/div><\/div><\/div><div class=\"elementor-element elementor-element-1c5ae84 e-con-full e-flex e-con e-child\" data-id=\"1c5ae84\" data-element_type=\"container\" data-settings=\"{&quot;content_width&quot;:&quot;full&quot;}\"><div class=\"elementor-element elementor-element-47fb50d elementor-widget elementor-widget-image\" data-id=\"47fb50d\" data-element_type=\"widget\" data-widget_type=\"image.default\"><div class=\"elementor-widget-container\"><img loading=\"lazy\" decoding=\"async\" class=\"attachment-large size-large wp-image-3155\" src=\"https:\/\/tuscasasdemadera.com\/wp-content\/uploads\/2024\/01\/modelo-c-95.jpg\" sizes=\"(max-width: 400px) 100vw, 400px\" srcset=\"https:\/\/tuscasasdemadera.com\/wp-content\/uploads\/2024\/01\/modelo-c-95.jpg 400w, https:\/\/tuscasasdemadera.com\/wp-content\/uploads\/2024\/01\/modelo-c-95-300x189.jpg 300w\" alt=\"\" width=\"400\" height=\"252\" \/><\/div><\/div><\/div><\/div><\/div><div class=\"elementor-element elementor-element-abd3232 e-flex e-con-boxed e-con e-parent\" data-id=\"abd3232\" data-element_type=\"container\" data-settings=\"{&quot;content_width&quot;:&quot;boxed&quot;}\" data-core-v316-plus=\"true\"><div class=\"e-con-inner\"><div class=\"elementor-element elementor-element-9da4694 e-con-full e-flex e-con e-child\" data-id=\"9da4694\" data-element_type=\"container\" data-settings=\"{&quot;content_width&quot;:&quot;full&quot;}\"><div class=\"elementor-element elementor-element-008e24e elementor-widget elementor-widget-image\" data-id=\"008e24e\" data-element_type=\"widget\" data-widget_type=\"image.default\"><div class=\"elementor-widget-container\"><img loading=\"lazy\" decoding=\"async\" class=\"attachment-large size-large wp-image-3159\" src=\"https:\/\/tuscasasdemadera.com\/wp-content\/uploads\/2024\/01\/c82b.jpg\" sizes=\"(max-width: 400px) 100vw, 400px\" srcset=\"https:\/\/tuscasasdemadera.com\/wp-content\/uploads\/2024\/01\/c82b.jpg 400w, https:\/\/tuscasasdemadera.com\/wp-content\/uploads\/2024\/01\/c82b-300x189.jpg 300w\" alt=\"\" width=\"400\" height=\"252\" \/><\/div><\/div><\/div><div class=\"elementor-element elementor-element-460bc4e e-con-full e-flex e-con e-child\" data-id=\"460bc4e\" data-element_type=\"container\" data-settings=\"{&quot;content_width&quot;:&quot;full&quot;}\"><div class=\"elementor-element elementor-element-350aa2f elementor-widget elementor-widget-text-editor\" data-id=\"350aa2f\" data-element_type=\"widget\" data-widget_type=\"text-editor.default\"><div class=\"elementor-widget-container\"><h1>Modelo C-82B<\/h1><p>Chalet de\u00a0Steel Framing (estructura de acero) de 82,00 m2, compuesto de hall, sal\u00f3n-comedor con cocina americana, un ba\u00f1o completo y dos dormitorios.\u00a0<\/p><h4>Desde 42.845 \u20ac\u00a0<\/h4><h4>Consulte precio llave en mano<\/h4><\/div><\/div><\/div><\/div><\/div><div class=\"elementor-element elementor-element-7a15ab9 e-flex e-con-boxed e-con e-parent\" data-id=\"7a15ab9\" data-element_type=\"container\" data-settings=\"{&quot;content_width&quot;:&quot;boxed&quot;}\" data-core-v316-plus=\"true\"><div class=\"e-con-inner\"><div class=\"elementor-element elementor-element-1697702 e-con-full e-flex e-con e-child\" data-id=\"1697702\" data-element_type=\"container\" data-settings=\"{&quot;content_width&quot;:&quot;full&quot;}\"><div class=\"elementor-element elementor-element-25c564e elementor-widget elementor-widget-text-editor\" data-id=\"25c564e\" data-element_type=\"widget\" data-widget_type=\"text-editor.default\"><div class=\"elementor-widget-container\"><h1>Modelo C-112<\/h1><p>Chalet de\u00a0Steel Framing (estructura de acero) de 112,38 m2, compuesto de hall, sal\u00f3n-comedor con cocina americana, despensa, trastero, un aseo, un ba\u00f1o completo, dos dormitorios, porche y garaje. \u00a0<\/p><h4>Desde\u00a0 51.205 \u20ac\u00a0<\/h4><h4>Consulte precio llave en mano<\/h4><\/div><\/div><\/div><div class=\"elementor-element elementor-element-7a42c82 e-con-full e-flex e-con e-child\" data-id=\"7a42c82\" data-element_type=\"container\" data-settings=\"{&quot;content_width&quot;:&quot;full&quot;}\"><div class=\"elementor-element elementor-element-9bdc7ef elementor-widget elementor-widget-image\" data-id=\"9bdc7ef\" data-element_type=\"widget\" data-widget_type=\"image.default\"><div class=\"elementor-widget-container\"><img loading=\"lazy\" decoding=\"async\" class=\"attachment-large size-large wp-image-3163\" src=\"https:\/\/tuscasasdemadera.com\/wp-content\/uploads\/2024\/01\/c-112.jpg\" sizes=\"(max-width: 400px) 100vw, 400px\" srcset=\"https:\/\/tuscasasdemadera.com\/wp-content\/uploads\/2024\/01\/c-112.jpg 400w, https:\/\/tuscasasdemadera.com\/wp-content\/uploads\/2024\/01\/c-112-300x189.jpg 300w\" alt=\"\" width=\"400\" height=\"252\" \/><\/div><\/div><\/div><\/div><\/div><div class=\"elementor-element elementor-element-0c1a73b e-flex e-con-boxed e-con e-parent\" data-id=\"0c1a73b\" data-element_type=\"container\" data-settings=\"{&quot;content_width&quot;:&quot;boxed&quot;}\" data-core-v316-plus=\"true\"><div class=\"e-con-inner\"><div class=\"elementor-element elementor-element-f1498a6 e-con-full e-flex e-con e-child\" data-id=\"f1498a6\" data-element_type=\"container\" data-settings=\"{&quot;content_width&quot;:&quot;full&quot;}\"><div class=\"elementor-element elementor-element-e63eeb2 elementor-widget elementor-widget-image\" data-id=\"e63eeb2\" data-element_type=\"widget\" data-widget_type=\"image.default\"><div class=\"elementor-widget-container\"><img loading=\"lazy\" decoding=\"async\" class=\"attachment-large size-large wp-image-3167\" src=\"https:\/\/tuscasasdemadera.com\/wp-content\/uploads\/2024\/01\/a-205.jpg\" sizes=\"(max-width: 400px) 100vw, 400px\" srcset=\"https:\/\/tuscasasdemadera.com\/wp-content\/uploads\/2024\/01\/a-205.jpg 400w, https:\/\/tuscasasdemadera.com\/wp-content\/uploads\/2024\/01\/a-205-300x189.jpg 300w\" alt=\"\" width=\"400\" height=\"252\" \/><\/div><\/div><\/div><div class=\"elementor-element elementor-element-082503e e-con-full e-flex e-con e-child\" data-id=\"082503e\" data-element_type=\"container\" data-settings=\"{&quot;content_width&quot;:&quot;full&quot;}\"><div class=\"elementor-element elementor-element-0820ace elementor-widget elementor-widget-text-editor\" data-id=\"0820ace\" data-element_type=\"widget\" data-widget_type=\"text-editor.default\"><div class=\"elementor-widget-container\"><h1>Modelo A-205<\/h1><p>Chalet de construcci\u00f3n tradicional\u00a0(ladrillo) de 204,66 m2, compuesto de hall, sal\u00f3n-comedor de 39,00 m2, cocina independiente, cuarto de plancha, dos trasteros, un aseo, un ba\u00f1o completo, tres dormitorios, garaje y dos porches.\u00a0<\/p><h4>Desde 113.844,50 \u20ac<\/h4><h4>Conulte precio llave en mano<\/h4><\/div><\/div><\/div><\/div><\/div><div class=\"elementor-element elementor-element-88c38ee e-flex e-con-boxed e-con e-parent\" data-id=\"88c38ee\" data-element_type=\"container\" data-settings=\"{&quot;content_width&quot;:&quot;boxed&quot;}\" data-core-v316-plus=\"true\"><div class=\"e-con-inner\"><div class=\"elementor-element elementor-element-ca485a2 e-con-full e-flex e-con e-child\" data-id=\"ca485a2\" data-element_type=\"container\" data-settings=\"{&quot;content_width&quot;:&quot;full&quot;}\"><div class=\"elementor-element elementor-element-0db72a1 elementor-widget elementor-widget-text-editor\" data-id=\"0db72a1\" data-element_type=\"widget\" data-widget_type=\"text-editor.default\"><div class=\"elementor-widget-container\"><h1>Modelo C-150B<\/h1><p>Chalet de Steel Framing (estructura de acero) de 149,60 m2, compuesto de hall, sal\u00f3n-comedor con cocina americana, cuarto de lavadora-secadora, un aseo, un ba\u00f1o completo, dos dormitorios y dos porches.<\/p><h4>Desde 67.705 \u20ac\u00a0<\/h4><h4>Consulte precio llave en mano<\/h4><\/div><\/div><\/div><div class=\"elementor-element elementor-element-2f8844d e-con-full e-flex e-con e-child\" data-id=\"2f8844d\" data-element_type=\"container\" data-settings=\"{&quot;content_width&quot;:&quot;full&quot;}\"><div class=\"elementor-element elementor-element-276b522 elementor-widget elementor-widget-image\" data-id=\"276b522\" data-element_type=\"widget\" data-widget_type=\"image.default\"><div class=\"elementor-widget-container\"><img loading=\"lazy\" decoding=\"async\" class=\"attachment-large size-large wp-image-3177\" src=\"https:\/\/tuscasasdemadera.com\/wp-content\/uploads\/2024\/01\/c-150b-2.jpg\" sizes=\"(max-width: 400px) 100vw, 400px\" srcset=\"https:\/\/tuscasasdemadera.com\/wp-content\/uploads\/2024\/01\/c-150b-2.jpg 400w, https:\/\/tuscasasdemadera.com\/wp-content\/uploads\/2024\/01\/c-150b-2-300x189.jpg 300w\" alt=\"\" width=\"400\" height=\"252\" \/><\/div><\/div><\/div><\/div><\/div><div class=\"elementor-element elementor-element-7656f13 e-flex e-con-boxed e-con e-parent\" data-id=\"7656f13\" data-element_type=\"container\" data-settings=\"{&quot;content_width&quot;:&quot;boxed&quot;}\" data-core-v316-plus=\"true\"><div class=\"e-con-inner\"><div class=\"elementor-element elementor-element-46b50bf e-con-full e-flex e-con e-child\" data-id=\"46b50bf\" data-element_type=\"container\" data-settings=\"{&quot;content_width&quot;:&quot;full&quot;}\"><div class=\"elementor-element elementor-element-0c9890a elementor-widget elementor-widget-image\" data-id=\"0c9890a\" data-element_type=\"widget\" data-widget_type=\"image.default\"><div class=\"elementor-widget-container\"><img loading=\"lazy\" decoding=\"async\" class=\"attachment-large size-large wp-image-3181\" src=\"https:\/\/tuscasasdemadera.com\/wp-content\/uploads\/2024\/01\/c105.jpg\" sizes=\"(max-width: 400px) 100vw, 400px\" srcset=\"https:\/\/tuscasasdemadera.com\/wp-content\/uploads\/2024\/01\/c105.jpg 400w, https:\/\/tuscasasdemadera.com\/wp-content\/uploads\/2024\/01\/c105-300x189.jpg 300w\" alt=\"\" width=\"400\" height=\"252\" \/><\/div><\/div><\/div><div class=\"elementor-element elementor-element-28fa9c3 e-con-full e-flex e-con e-child\" data-id=\"28fa9c3\" data-element_type=\"container\" data-settings=\"{&quot;content_width&quot;:&quot;full&quot;}\"><div class=\"elementor-element elementor-element-67798c7 elementor-widget elementor-widget-text-editor\" data-id=\"67798c7\" data-element_type=\"widget\" data-widget_type=\"text-editor.default\"><div class=\"elementor-widget-container\"><h1>Modelo C-105<\/h1><p>Chalet de\u00a0Steel Framing (estructura de acero) de 149,60 m2, compuesto de hall, sal\u00f3n-comedor con cocina americana, cuarto de lavadora-secadora, un aseo, un ba\u00f1o completo, dos dormitorios y dos porches.\u00a0<\/p><h4>Desde 67.705 \u20ac\u00a0<\/h4><h4>Consulte Precio llave en mano<\/h4><\/div><\/div><\/div><\/div><\/div><div class=\"elementor-element elementor-element-ce21f9a e-flex e-con-boxed e-con e-parent\" data-id=\"ce21f9a\" data-element_type=\"container\" data-settings=\"{&quot;content_width&quot;:&quot;boxed&quot;}\" data-core-v316-plus=\"true\"><div class=\"e-con-inner\"><div class=\"elementor-element elementor-element-47f8f76 e-con-full e-flex e-con e-child\" data-id=\"47f8f76\" data-element_type=\"container\" data-settings=\"{&quot;content_width&quot;:&quot;full&quot;}\"><div class=\"elementor-element elementor-element-e75cdb6 elementor-widget elementor-widget-text-editor\" data-id=\"e75cdb6\" data-element_type=\"widget\" data-widget_type=\"text-editor.default\"><div class=\"elementor-widget-container\"><h1>Modelo C-171A<\/h1><p>Chalet de\u00a0Steel Framing (estructura de acero) de 170,80 m2, compuesto de hall, guardarropa, sal\u00f3n-comedor con cocina americana, despensa, dos aseos, dos ba\u00f1os completos, tres dormitorios (uno de ellos en suite con vestidor y ba\u00f1o) y garaje<\/p><h4>Desde\u00a0 83.759,50 \u20ac<\/h4><h4>Consulte precio llave en mano<\/h4><\/div><\/div><\/div><div class=\"elementor-element elementor-element-2528d15 e-con-full e-flex e-con e-child\" data-id=\"2528d15\" data-element_type=\"container\" data-settings=\"{&quot;content_width&quot;:&quot;full&quot;}\"><div class=\"elementor-element elementor-element-09da326 elementor-widget elementor-widget-image\" data-id=\"09da326\" data-element_type=\"widget\" data-widget_type=\"image.default\"><div class=\"elementor-widget-container\"><img loading=\"lazy\" decoding=\"async\" class=\"attachment-large size-large wp-image-3188\" src=\"https:\/\/tuscasasdemadera.com\/wp-content\/uploads\/2024\/01\/c171a.jpg\" sizes=\"(max-width: 400px) 100vw, 400px\" srcset=\"https:\/\/tuscasasdemadera.com\/wp-content\/uploads\/2024\/01\/c171a.jpg 400w, https:\/\/tuscasasdemadera.com\/wp-content\/uploads\/2024\/01\/c171a-300x189.jpg 300w\" alt=\"\" width=\"400\" height=\"252\" \/><\/div><\/div><\/div><\/div><\/div><div class=\"elementor-element elementor-element-1f84b0e e-flex e-con-boxed e-con e-parent\" data-id=\"1f84b0e\" data-element_type=\"container\" data-settings=\"{&quot;content_width&quot;:&quot;boxed&quot;}\" data-core-v316-plus=\"true\"><div class=\"e-con-inner\"><div class=\"elementor-element elementor-element-66048d4 e-con-full e-flex e-con e-child\" data-id=\"66048d4\" data-element_type=\"container\" data-settings=\"{&quot;content_width&quot;:&quot;full&quot;}\"><div class=\"elementor-element elementor-element-0d11a2e elementor-widget elementor-widget-image\" data-id=\"0d11a2e\" data-element_type=\"widget\" data-widget_type=\"image.default\"><div class=\"elementor-widget-container\"><img loading=\"lazy\" decoding=\"async\" class=\"attachment-large size-large wp-image-3192\" src=\"https:\/\/tuscasasdemadera.com\/wp-content\/uploads\/2024\/01\/c-49a.jpg\" sizes=\"(max-width: 400px) 100vw, 400px\" srcset=\"https:\/\/tuscasasdemadera.com\/wp-content\/uploads\/2024\/01\/c-49a.jpg 400w, https:\/\/tuscasasdemadera.com\/wp-content\/uploads\/2024\/01\/c-49a-300x189.jpg 300w\" alt=\"\" width=\"400\" height=\"252\" \/><\/div><\/div><\/div><div class=\"elementor-element elementor-element-5bd8569 e-con-full e-flex e-con e-child\" data-id=\"5bd8569\" data-element_type=\"container\" data-settings=\"{&quot;content_width&quot;:&quot;full&quot;}\"><div class=\"elementor-element elementor-element-ddbd2c7 elementor-widget elementor-widget-text-editor\" data-id=\"ddbd2c7\" data-element_type=\"widget\" data-widget_type=\"text-editor.default\"><div class=\"elementor-widget-container\"><h1>Modelo C-49A<\/h1><p>Chalet de\u00a0Steel Framing (estructura de acero) de 48,75 m2,compuesto de hall, sal\u00f3n-comedor con cocina americana,un ba\u00f1o completo y un dormitorio.<\/p><h4>Desde 26.394,50 \u20ac\u00a0<\/h4><h4>Consulte precio llave en mano<\/h4><\/div><\/div><\/div><\/div><\/div><div class=\"elementor-element elementor-element-71bef68 e-flex e-con-boxed e-con e-parent\" data-id=\"71bef68\" data-element_type=\"container\" data-settings=\"{&quot;content_width&quot;:&quot;boxed&quot;}\" data-core-v316-plus=\"true\"><div class=\"e-con-inner\"><div class=\"elementor-element elementor-element-926edf4 e-con-full e-flex e-con e-child\" data-id=\"926edf4\" data-element_type=\"container\" data-settings=\"{&quot;content_width&quot;:&quot;full&quot;}\"><div class=\"elementor-element elementor-element-161e0eb elementor-widget elementor-widget-text-editor\" data-id=\"161e0eb\" data-element_type=\"widget\" data-widget_type=\"text-editor.default\"><div class=\"elementor-widget-container\"><h1>Modelo C-199<\/h1><p>Chalet de Steel Framing (estructura de acero) de 199,00 m2, compuesto de hall, sal\u00f3n-comedor con cocina americana o independiente, cuarto de plancha, dos aseos, un ba\u00f1o completo, tres dormitorios, garaje y dos porches.\u00a0<\/p><h4>Desde 94.594,50 \u20ac\u00a0<\/h4><h4>Consulte precio llave en mano<\/h4><\/div><\/div><\/div><div class=\"elementor-element elementor-element-377709a e-con-full e-flex e-con e-child\" data-id=\"377709a\" data-element_type=\"container\" data-settings=\"{&quot;content_width&quot;:&quot;full&quot;}\"><div class=\"elementor-element elementor-element-5026958 elementor-widget elementor-widget-image\" data-id=\"5026958\" data-element_type=\"widget\" data-widget_type=\"image.default\"><div class=\"elementor-widget-container\"><img loading=\"lazy\" decoding=\"async\" class=\"attachment-large size-large wp-image-3196\" src=\"https:\/\/tuscasasdemadera.com\/wp-content\/uploads\/2024\/01\/a306.jpg\" sizes=\"(max-width: 400px) 100vw, 400px\" srcset=\"https:\/\/tuscasasdemadera.com\/wp-content\/uploads\/2024\/01\/a306.jpg 400w, https:\/\/tuscasasdemadera.com\/wp-content\/uploads\/2024\/01\/a306-300x189.jpg 300w\" alt=\"\" width=\"400\" height=\"252\" \/><\/div><\/div><\/div><\/div><\/div><div class=\"elementor-element elementor-element-e7c8504 e-flex e-con-boxed e-con e-parent\" data-id=\"e7c8504\" data-element_type=\"container\" data-settings=\"{&quot;content_width&quot;:&quot;boxed&quot;}\" data-core-v316-plus=\"true\"><div class=\"e-con-inner\"><div class=\"elementor-element elementor-element-66e15d2 e-con-full e-flex e-con e-child\" data-id=\"66e15d2\" data-element_type=\"container\" data-settings=\"{&quot;content_width&quot;:&quot;full&quot;}\"><div class=\"elementor-element elementor-element-ce934fc elementor-widget elementor-widget-image\" data-id=\"ce934fc\" data-element_type=\"widget\" data-widget_type=\"image.default\"><div class=\"elementor-widget-container\"><img loading=\"lazy\" decoding=\"async\" class=\"attachment-large size-large wp-image-3200\" src=\"https:\/\/tuscasasdemadera.com\/wp-content\/uploads\/2024\/01\/c-81.jpg\" sizes=\"(max-width: 400px) 100vw, 400px\" srcset=\"https:\/\/tuscasasdemadera.com\/wp-content\/uploads\/2024\/01\/c-81.jpg 400w, https:\/\/tuscasasdemadera.com\/wp-content\/uploads\/2024\/01\/c-81-300x189.jpg 300w\" alt=\"\" width=\"400\" height=\"252\" \/><\/div><\/div><\/div><div class=\"elementor-element elementor-element-b537526 e-con-full e-flex e-con e-child\" data-id=\"b537526\" data-element_type=\"container\" data-settings=\"{&quot;content_width&quot;:&quot;full&quot;}\"><div class=\"elementor-element elementor-element-5d28ed6 elementor-widget elementor-widget-text-editor\" data-id=\"5d28ed6\" data-element_type=\"widget\" data-widget_type=\"text-editor.default\"><div class=\"elementor-widget-container\"><h1>Modelo C-81.<\/h1><p>Chalet de Steel Framing (estructura de acero) de 80,50 m2, compuesto de hall, sal\u00f3n-comedor con cocina americana, cuarto de lavadora-secadora, un ba\u00f1o completo y dos dormitorios<\/p><h4>Desde 41.794,50 \u20ac<\/h4><h4>Consulte precio llave en mano<\/h4><\/div><\/div><\/div><\/div><\/div><div class=\"elementor-element elementor-element-069bfd9 e-flex e-con-boxed e-con e-parent\" data-id=\"069bfd9\" data-element_type=\"container\" data-settings=\"{&quot;content_width&quot;:&quot;boxed&quot;}\" data-core-v316-plus=\"true\"><div class=\"e-con-inner\"><div class=\"elementor-element elementor-element-dbcd2a1 e-con-full e-flex e-con e-child\" data-id=\"dbcd2a1\" data-element_type=\"container\" data-settings=\"{&quot;content_width&quot;:&quot;full&quot;}\"><div class=\"elementor-element elementor-element-f1b64f1 elementor-widget elementor-widget-text-editor\" data-id=\"f1b64f1\" data-element_type=\"widget\" data-widget_type=\"text-editor.default\"><div class=\"elementor-widget-container\"><h1>Modelo C-133<\/h1><p>Chalet de\u00a0Steel Framing (estructura de acero) de 133,30 m2, compuesto de hall, sal\u00f3n-comedor con cocina americana, cuarto de lavadora-secadora, un aseo, un ba\u00f1o completo, tres dormitorios y dos porches.\u00a0<\/p><h4>Desde 63.794,50 \u20ac<\/h4><h4>Consulte precio llave en mano<\/h4><\/div><\/div><\/div><div class=\"elementor-element elementor-element-cba36c2 e-con-full e-flex e-con e-child\" data-id=\"cba36c2\" data-element_type=\"container\" data-settings=\"{&quot;content_width&quot;:&quot;full&quot;}\"><div class=\"elementor-element elementor-element-81219f0 elementor-widget elementor-widget-image\" data-id=\"81219f0\" data-element_type=\"widget\" data-widget_type=\"image.default\">\u00a0<\/div><\/div><\/div><\/div><\/div><\/div><\/div><\/div><\/div>\t\t\t\t\t\t<\/div>\n\t\t\t\t<\/div>\n\t\t\t\t\t<\/div>\n\t\t\t\t<\/div>\n\t\t\t\t\t\t\t<\/div>\n\t\t","protected":false},"excerpt":{"rendered":"<p>Fabricante de Casas de Madera Vendemos en todo el territorio Nacional Fabricamos a medida al mejor precio del mercado, Solicite presupuesto sin compromiso Ver Cat\u00e1logoVen a VernosFabricante de Casas de Madera Fabricamos a medida al mejor precio del mercado Fabricamos a medida al mejor precio del mercado, Solicite presupuesto sin compromiso Ver Cat\u00e1logoVen a VernosFabricante&#8230;<\/p>\n","protected":false},"author":1,"featured_media":0,"parent":0,"menu_order":0,"comment_status":"closed","ping_status":"closed","template":"template-builder.php","meta":{"footnotes":""},"class_list":["post-19","page","type-page","status-publish","hentry"],"jetpack_sharing_enabled":true,"_links":{"self":[{"href":"https:\/\/tuscasasdemadera.com\/index.php?rest_route=\/wp\/v2\/pages\/19","targetHints":{"allow":["GET"]}}],"collection":[{"href":"https:\/\/tuscasasdemadera.com\/index.php?rest_route=\/wp\/v2\/pages"}],"about":[{"href":"https:\/\/tuscasasdemadera.com\/index.php?rest_route=\/wp\/v2\/types\/page"}],"author":[{"embeddable":true,"href":"https:\/\/tuscasasdemadera.com\/index.php?rest_route=\/wp\/v2\/users\/1"}],"replies":[{"embeddable":true,"href":"https:\/\/tuscasasdemadera.com\/index.php?rest_route=%2Fwp%2Fv2%2Fcomments&post=19"}],"version-history":[{"count":104,"href":"https:\/\/tuscasasdemadera.com\/index.php?rest_route=\/wp\/v2\/pages\/19\/revisions"}],"predecessor-version":[{"id":3502,"href":"https:\/\/tuscasasdemadera.com\/index.php?rest_route=\/wp\/v2\/pages\/19\/revisions\/3502"}],"wp:attachment":[{"href":"https:\/\/tuscasasdemadera.com\/index.php?rest_route=%2Fwp%2Fv2%2Fmedia&parent=19"}],"curies":[{"name":"wp","href":"https:\/\/api.w.org\/{rel}","templated":true}]}}